{"id":15448,"date":"2025-07-22T15:46:23","date_gmt":"2025-07-22T18:46:23","guid":{"rendered":"http:\/\/localhost\/site-cepa\/?page_id=15448"},"modified":"2025-09-02T15:51:56","modified_gmt":"2025-09-02T18:51:56","slug":"artigos-cientificos","status":"publish","type":"page","link":"https:\/\/cepa.epagri.sc.gov.br\/index.php\/artigos-cientificos\/","title":{"rendered":"Artigos Cient\u00edficos"},"content":{"rendered":"\t\t<div data-elementor-type=\"wp-page\" data-elementor-id=\"15448\" class=\"elementor elementor-15448\">\n\t\t\t\t\t\t<section class=\"elementor-section elementor-top-section elementor-element elementor-element-437fe3f5 elementor-section-full_width elementor-section-height-default elementor-section-height-default wpr-particle-no wpr-jarallax-no wpr-parallax-no wpr-sticky-section-no wpr-equal-height-no\" data-id=\"437fe3f5\" data-element_type=\"section\" data-e-type=\"section\">\n\t\t\t\t\t\t<div class=\"elementor-container elementor-column-gap-no\">\n\t\t\t\t\t<div class=\"elementor-column elementor-col-100 elementor-top-column elementor-element elementor-element-57facfd7\" data-id=\"57facfd7\" data-element_type=\"column\" data-e-type=\"column\">\n\t\t\t<div class=\"elementor-widget-wrap elementor-element-populated\">\n\t\t\t\t\t\t<div class=\"elementor-element elementor-element-51c527a2 elementor-widget elementor-widget-shortcode\" data-id=\"51c527a2\" data-element_type=\"widget\" data-e-type=\"widget\" data-widget_type=\"shortcode.default\">\n\t\t\t\t<div class=\"elementor-widget-container\">\n\t\t\t\t\t\t\t<div class=\"elementor-shortcode\">\t\t<div data-elementor-type=\"wp-post\" data-elementor-id=\"14164\" class=\"elementor elementor-14164\">\n\t\t\t\t\t\t<section class=\"elementor-section elementor-top-section elementor-element elementor-element-533d02a4 elementor-section-stretched elementor-section-content-bottom elementor-hidden-tablet elementor-hidden-mobile elementor-section-boxed elementor-section-height-default elementor-section-height-default wpr-particle-no wpr-jarallax-no wpr-parallax-no wpr-sticky-section-no wpr-equal-height-no\" data-id=\"533d02a4\" data-element_type=\"section\" data-e-type=\"section\" id=\"stickmenu\" data-settings=\"{&quot;stretch_section&quot;:&quot;section-stretched&quot;,&quot;background_background&quot;:&quot;classic&quot;}\">\n\t\t\t\t\t\t<div class=\"elementor-container elementor-column-gap-default\">\n\t\t\t\t\t<div class=\"elementor-column elementor-col-25 elementor-top-column elementor-element elementor-element-2f741113 elementor-hidden-tablet elementor-hidden-phone\" data-id=\"2f741113\" data-element_type=\"column\" data-e-type=\"column\">\n\t\t\t<div class=\"elementor-widget-wrap elementor-element-populated\">\n\t\t\t\t\t\t<div class=\"elementor-element elementor-element-253b9511 elementor-widget__width-initial elementor-widget elementor-widget-site-logo\" data-id=\"253b9511\" data-element_type=\"widget\" data-e-type=\"widget\" data-settings=\"{&quot;width&quot;:{&quot;unit&quot;:&quot;%&quot;,&quot;size&quot;:100,&quot;sizes&quot;:[]},&quot;space&quot;:{&quot;unit&quot;:&quot;%&quot;,&quot;size&quot;:100,&quot;sizes&quot;:[]},&quot;align&quot;:&quot;center&quot;,&quot;width_tablet&quot;:{&quot;unit&quot;:&quot;%&quot;,&quot;size&quot;:&quot;&quot;,&quot;sizes&quot;:[]},&quot;width_mobile&quot;:{&quot;unit&quot;:&quot;%&quot;,&quot;size&quot;:&quot;&quot;,&quot;sizes&quot;:[]},&quot;space_tablet&quot;:{&quot;unit&quot;:&quot;%&quot;,&quot;size&quot;:&quot;&quot;,&quot;sizes&quot;:[]},&quot;space_mobile&quot;:{&quot;unit&quot;:&quot;%&quot;,&quot;size&quot;:&quot;&quot;,&quot;sizes&quot;:[]},&quot;image_border_radius&quot;:{&quot;unit&quot;:&quot;px&quot;,&quot;top&quot;:&quot;&quot;,&quot;right&quot;:&quot;&quot;,&quot;bottom&quot;:&quot;&quot;,&quot;left&quot;:&quot;&quot;,&quot;isLinked&quot;:true},&quot;image_border_radius_tablet&quot;:{&quot;unit&quot;:&quot;px&quot;,&quot;top&quot;:&quot;&quot;,&quot;right&quot;:&quot;&quot;,&quot;bottom&quot;:&quot;&quot;,&quot;left&quot;:&quot;&quot;,&quot;isLinked&quot;:true},&quot;image_border_radius_mobile&quot;:{&quot;unit&quot;:&quot;px&quot;,&quot;top&quot;:&quot;&quot;,&quot;right&quot;:&quot;&quot;,&quot;bottom&quot;:&quot;&quot;,&quot;left&quot;:&quot;&quot;,&quot;isLinked&quot;:true},&quot;caption_padding&quot;:{&quot;unit&quot;:&quot;px&quot;,&quot;top&quot;:&quot;&quot;,&quot;right&quot;:&quot;&quot;,&quot;bottom&quot;:&quot;&quot;,&quot;left&quot;:&quot;&quot;,&quot;isLinked&quot;:true},&quot;caption_padding_tablet&quot;:{&quot;unit&quot;:&quot;px&quot;,&quot;top&quot;:&quot;&quot;,&quot;right&quot;:&quot;&quot;,&quot;bottom&quot;:&quot;&quot;,&quot;left&quot;:&quot;&quot;,&quot;isLinked&quot;:true},&quot;caption_padding_mobile&quot;:{&quot;unit&quot;:&quot;px&quot;,&quot;top&quot;:&quot;&quot;,&quot;right&quot;:&quot;&quot;,&quot;bottom&quot;:&quot;&quot;,&quot;left&quot;:&quot;&quot;,&quot;isLinked&quot;:true},&quot;caption_space&quot;:{&quot;unit&quot;:&quot;px&quot;,&quot;size&quot;:0,&quot;sizes&quot;:[]},&quot;caption_space_tablet&quot;:{&quot;unit&quot;:&quot;px&quot;,&quot;size&quot;:&quot;&quot;,&quot;sizes&quot;:[]},&quot;caption_space_mobile&quot;:{&quot;unit&quot;:&quot;px&quot;,&quot;size&quot;:&quot;&quot;,&quot;sizes&quot;:[]}}\" data-widget_type=\"site-logo.default\">\n\t\t\t\t<div class=\"elementor-widget-container\">\n\t\t\t\t\t\t\t<div class=\"hfe-site-logo\">\n\t\t\t\t\t\t\t\t\t\t\t\t\t<a data-elementor-open-lightbox=\"\"  class='elementor-clickable' href=\"https:\/\/cepa.epagri.sc.gov.br\/\">\n\t\t\t\t\t\t\t<div class=\"hfe-site-logo-set\">           \n\t\t\t\t<div class=\"hfe-site-logo-container\">\n\t\t\t\t\t\t\t\t\t<img decoding=\"async\" class=\"hfe-site-logo-img elementor-animation-\"  src=\"https:\/\/cepa.epagri.sc.gov.br\/wp-content\/uploads\/2026\/03\/CEPA-1.png\" alt=\"CEPA\"\/>\n\t\t\t\t<\/div>\n\t\t\t<\/div>\n\t\t\t\t\t\t\t<\/a>\n\t\t\t\t\t\t<\/div>  \n\t\t\t\t\t\t\t<\/div>\n\t\t\t\t<\/div>\n\t\t\t\t\t<\/div>\n\t\t<\/div>\n\t\t\t\t<div class=\"elementor-column elementor-col-25 elementor-top-column elementor-element elementor-element-65dca8a6 elementor-hidden-tablet elementor-hidden-phone\" data-id=\"65dca8a6\" data-element_type=\"column\" data-e-type=\"column\">\n\t\t\t<div class=\"elementor-widget-wrap elementor-element-populated\">\n\t\t\t\t\t\t<div class=\"elementor-element elementor-element-6d4fc5a9 hfe-nav-menu__breakpoint-mobile hfe-nav-menu__align-left hfe-submenu-icon-arrow hfe-submenu-animation-none hfe-link-redirect-child elementor-widget elementor-widget-navigation-menu\" data-id=\"6d4fc5a9\" data-element_type=\"widget\" data-e-type=\"widget\" data-settings=\"{&quot;padding_horizontal_menu_item&quot;:{&quot;unit&quot;:&quot;px&quot;,&quot;size&quot;:&quot;&quot;,&quot;sizes&quot;:[]},&quot;menu_space_between&quot;:{&quot;unit&quot;:&quot;px&quot;,&quot;size&quot;:19,&quot;sizes&quot;:[]},&quot;width_dropdown_item&quot;:{&quot;unit&quot;:&quot;px&quot;,&quot;size&quot;:300,&quot;sizes&quot;:[]},&quot;padding_vertical_dropdown_item&quot;:{&quot;unit&quot;:&quot;px&quot;,&quot;size&quot;:12,&quot;sizes&quot;:[]},&quot;padding_vertical_menu_item&quot;:{&quot;unit&quot;:&quot;px&quot;,&quot;size&quot;:13,&quot;sizes&quot;:[]},&quot;distance_from_menu&quot;:{&quot;unit&quot;:&quot;px&quot;,&quot;size&quot;:3,&quot;sizes&quot;:[]},&quot;padding_horizontal_dropdown_item&quot;:{&quot;unit&quot;:&quot;px&quot;,&quot;size&quot;:11,&quot;sizes&quot;:[]},&quot;padding_horizontal_menu_item_tablet&quot;:{&quot;unit&quot;:&quot;px&quot;,&quot;size&quot;:&quot;&quot;,&quot;sizes&quot;:[]},&quot;padding_horizontal_menu_item_mobile&quot;:{&quot;unit&quot;:&quot;px&quot;,&quot;size&quot;:&quot;&quot;,&quot;sizes&quot;:[]},&quot;padding_vertical_menu_item_tablet&quot;:{&quot;unit&quot;:&quot;px&quot;,&quot;size&quot;:&quot;&quot;,&quot;sizes&quot;:[]},&quot;padding_vertical_menu_item_mobile&quot;:{&quot;unit&quot;:&quot;px&quot;,&quot;size&quot;:&quot;&quot;,&quot;sizes&quot;:[]},&quot;menu_space_between_tablet&quot;:{&quot;unit&quot;:&quot;px&quot;,&quot;size&quot;:&quot;&quot;,&quot;sizes&quot;:[]},&quot;menu_space_between_mobile&quot;:{&quot;unit&quot;:&quot;px&quot;,&quot;size&quot;:&quot;&quot;,&quot;sizes&quot;:[]},&quot;menu_row_space&quot;:{&quot;unit&quot;:&quot;px&quot;,&quot;size&quot;:&quot;&quot;,&quot;sizes&quot;:[]},&quot;menu_row_space_tablet&quot;:{&quot;unit&quot;:&quot;px&quot;,&quot;size&quot;:&quot;&quot;,&quot;sizes&quot;:[]},&quot;menu_row_space_mobile&quot;:{&quot;unit&quot;:&quot;px&quot;,&quot;size&quot;:&quot;&quot;,&quot;sizes&quot;:[]},&quot;dropdown_border_radius&quot;:{&quot;unit&quot;:&quot;px&quot;,&quot;top&quot;:&quot;&quot;,&quot;right&quot;:&quot;&quot;,&quot;bottom&quot;:&quot;&quot;,&quot;left&quot;:&quot;&quot;,&quot;isLinked&quot;:true},&quot;dropdown_border_radius_tablet&quot;:{&quot;unit&quot;:&quot;px&quot;,&quot;top&quot;:&quot;&quot;,&quot;right&quot;:&quot;&quot;,&quot;bottom&quot;:&quot;&quot;,&quot;left&quot;:&quot;&quot;,&quot;isLinked&quot;:true},&quot;dropdown_border_radius_mobile&quot;:{&quot;unit&quot;:&quot;px&quot;,&quot;top&quot;:&quot;&quot;,&quot;right&quot;:&quot;&quot;,&quot;bottom&quot;:&quot;&quot;,&quot;left&quot;:&quot;&quot;,&quot;isLinked&quot;:true},&quot;width_dropdown_item_tablet&quot;:{&quot;unit&quot;:&quot;px&quot;,&quot;size&quot;:&quot;&quot;,&quot;sizes&quot;:[]},&quot;width_dropdown_item_mobile&quot;:{&quot;unit&quot;:&quot;px&quot;,&quot;size&quot;:&quot;&quot;,&quot;sizes&quot;:[]},&quot;padding_horizontal_dropdown_item_tablet&quot;:{&quot;unit&quot;:&quot;px&quot;,&quot;size&quot;:&quot;&quot;,&quot;sizes&quot;:[]},&quot;padding_horizontal_dropdown_item_mobile&quot;:{&quot;unit&quot;:&quot;px&quot;,&quot;size&quot;:&quot;&quot;,&quot;sizes&quot;:[]},&quot;padding_vertical_dropdown_item_tablet&quot;:{&quot;unit&quot;:&quot;px&quot;,&quot;size&quot;:&quot;&quot;,&quot;sizes&quot;:[]},&quot;padding_vertical_dropdown_item_mobile&quot;:{&quot;unit&quot;:&quot;px&quot;,&quot;size&quot;:&quot;&quot;,&quot;sizes&quot;:[]},&quot;distance_from_menu_tablet&quot;:{&quot;unit&quot;:&quot;px&quot;,&quot;size&quot;:&quot;&quot;,&quot;sizes&quot;:[]},&quot;distance_from_menu_mobile&quot;:{&quot;unit&quot;:&quot;px&quot;,&quot;size&quot;:&quot;&quot;,&quot;sizes&quot;:[]},&quot;toggle_size&quot;:{&quot;unit&quot;:&quot;px&quot;,&quot;size&quot;:&quot;&quot;,&quot;sizes&quot;:[]},&quot;toggle_size_tablet&quot;:{&quot;unit&quot;:&quot;px&quot;,&quot;size&quot;:&quot;&quot;,&quot;sizes&quot;:[]},&quot;toggle_size_mobile&quot;:{&quot;unit&quot;:&quot;px&quot;,&quot;size&quot;:&quot;&quot;,&quot;sizes&quot;:[]},&quot;toggle_border_width&quot;:{&quot;unit&quot;:&quot;px&quot;,&quot;size&quot;:&quot;&quot;,&quot;sizes&quot;:[]},&quot;toggle_border_width_tablet&quot;:{&quot;unit&quot;:&quot;px&quot;,&quot;size&quot;:&quot;&quot;,&quot;sizes&quot;:[]},&quot;toggle_border_width_mobile&quot;:{&quot;unit&quot;:&quot;px&quot;,&quot;size&quot;:&quot;&quot;,&quot;sizes&quot;:[]},&quot;toggle_border_radius&quot;:{&quot;unit&quot;:&quot;px&quot;,&quot;size&quot;:&quot;&quot;,&quot;sizes&quot;:[]},&quot;toggle_border_radius_tablet&quot;:{&quot;unit&quot;:&quot;px&quot;,&quot;size&quot;:&quot;&quot;,&quot;sizes&quot;:[]},&quot;toggle_border_radius_mobile&quot;:{&quot;unit&quot;:&quot;px&quot;,&quot;size&quot;:&quot;&quot;,&quot;sizes&quot;:[]}}\" data-widget_type=\"navigation-menu.default\">\n\t\t\t\t<div class=\"elementor-widget-container\">\n\t\t\t\t\t\t\t\t<div class=\"hfe-nav-menu hfe-layout-horizontal hfe-nav-menu-layout horizontal hfe-pointer__overline hfe-animation__slide\" data-layout=\"horizontal\">\n\t\t\t\t<div role=\"button\" class=\"hfe-nav-menu__toggle elementor-clickable\" tabindex=\"0\" aria-label=\"Menu Toggle\">\n\t\t\t\t\t<span class=\"screen-reader-text\">Menu<\/span>\n\t\t\t\t\t<div class=\"hfe-nav-menu-icon\">\n\t\t\t\t\t\t<i aria-hidden=\"true\"  class=\"fas fa-align-justify\"><\/i>\t\t\t\t\t<\/div>\n\t\t\t\t<\/div>\n\t\t\t\t<nav class=\"hfe-nav-menu__layout-horizontal hfe-nav-menu__submenu-arrow\" data-toggle-icon=\"&lt;i aria-hidden=&quot;true&quot; tabindex=&quot;0&quot; class=&quot;fas fa-align-justify&quot;&gt;&lt;\/i&gt;\" data-close-icon=\"&lt;i aria-hidden=&quot;true&quot; tabindex=&quot;0&quot; class=&quot;far fa-window-close&quot;&gt;&lt;\/i&gt;\" data-full-width=\"\">\n\t\t\t\t\t<ul id=\"menu-1-6d4fc5a9\" class=\"hfe-nav-menu\"><li id=\"menu-item-14405\" class=\"menu-item menu-item-type-post_type menu-item-object-page parent hfe-creative-menu\"><a href=\"https:\/\/cepa.epagri.sc.gov.br\/index.php\/2025-quem-somos\/\" class = \"hfe-menu-item\">Quem somos<\/a><\/li>\n<li id=\"menu-item-15276\" class=\"menu-item menu-item-type-custom menu-item-object-custom menu-item-has-children parent hfe-has-submenu hfe-creative-menu\"><div class=\"hfe-has-submenu-container\" tabindex=\"0\" role=\"button\" aria-haspopup=\"true\" aria-expanded=\"false\"><a href=\"#\" class = \"hfe-menu-item\">Portf\u00f3lio<span class='hfe-menu-toggle sub-arrow hfe-menu-child-0'><i class='fa'><\/i><\/span><\/a><\/div>\n<ul class=\"sub-menu\">\n\t<li id=\"menu-item-15160\" class=\"menu-item menu-item-type-post_type menu-item-object-page hfe-creative-menu\"><a href=\"https:\/\/cepa.epagri.sc.gov.br\/index.php\/tecnologias\/\" class = \"hfe-sub-menu-item\">Tecnologias<\/a><\/li>\n\t<li id=\"menu-item-14408\" class=\"menu-item menu-item-type-custom menu-item-object-custom menu-item-has-children hfe-has-submenu hfe-creative-menu\"><div class=\"hfe-has-submenu-container\" tabindex=\"0\" role=\"button\" aria-haspopup=\"true\" aria-expanded=\"false\"><a href=\"#\" class = \"hfe-sub-menu-item\">Publica\u00e7\u00f5es<span class='hfe-menu-toggle sub-arrow hfe-menu-child-1'><i class='fa'><\/i><\/span><\/a><\/div>\n\t<ul class=\"sub-menu\">\n\t\t<li id=\"menu-item-14412\" class=\"menu-item menu-item-type-post_type menu-item-object-page hfe-creative-menu\"><a href=\"https:\/\/cepa.epagri.sc.gov.br\/index.php\/boletim-agropecuario\/\" class = \"hfe-sub-menu-item\">Boletim Agropecu\u00e1rio<\/a><\/li>\n\t\t<li id=\"menu-item-14422\" class=\"menu-item menu-item-type-post_type menu-item-object-page hfe-creative-menu\"><a href=\"https:\/\/cepa.epagri.sc.gov.br\/index.php\/desempenho-da-agropecuaria-e-do-agronegocio-de-santa-catarina\/\" class = \"hfe-sub-menu-item\">Desempenho da Agropecu\u00e1ria e do Agroneg\u00f3cio de Santa Catarina<\/a><\/li>\n\t\t<li id=\"menu-item-14416\" class=\"menu-item menu-item-type-post_type menu-item-object-page hfe-creative-menu\"><a href=\"https:\/\/cepa.epagri.sc.gov.br\/index.php\/sintese-anual-da-agricultura\/\" class = \"hfe-sub-menu-item\">S\u00edntese Anual da Agricultura<\/a><\/li>\n\t\t<li id=\"menu-item-15453\" class=\"menu-item menu-item-type-post_type menu-item-object-page hfe-creative-menu\"><a href=\"https:\/\/cepa.epagri.sc.gov.br\/index.php\/artigos-cientificos\/\" class = \"hfe-sub-menu-item\">Artigos Cient\u00edficos<\/a><\/li>\n\t\t<li id=\"menu-item-15452\" class=\"menu-item menu-item-type-post_type menu-item-object-page hfe-creative-menu\"><a href=\"https:\/\/cepa.epagri.sc.gov.br\/index.php\/relatorios-tecnicos\/\" class = \"hfe-sub-menu-item\">Relat\u00f3rios T\u00e9cnicos<\/a><\/li>\n\t<\/ul>\n<\/li>\n\t<li id=\"menu-item-14438\" class=\"menu-item menu-item-type-custom menu-item-object-custom menu-item-has-children hfe-has-submenu hfe-creative-menu\"><div class=\"hfe-has-submenu-container\" tabindex=\"0\" role=\"button\" aria-haspopup=\"true\" aria-expanded=\"false\"><a href=\"#\" class = \"hfe-sub-menu-item\">Pain\u00e9is<span class='hfe-menu-toggle sub-arrow hfe-menu-child-1'><i class='fa'><\/i><\/span><\/a><\/div>\n\t<ul class=\"sub-menu\">\n\t\t<li id=\"menu-item-14787\" class=\"menu-item menu-item-type-post_type menu-item-object-page hfe-creative-menu\"><a href=\"https:\/\/cepa.epagri.sc.gov.br\/index.php\/precos-agricola\/\" class = \"hfe-sub-menu-item\">Pre\u00e7os Agr\u00edcolas<\/a><\/li>\n\t\t<li id=\"menu-item-15391\" class=\"menu-item menu-item-type-post_type menu-item-object-page hfe-creative-menu\"><a href=\"https:\/\/cepa.epagri.sc.gov.br\/index.php\/fruticultura\/\" class = \"hfe-sub-menu-item\">Fruticultura<\/a><\/li>\n\t\t<li id=\"menu-item-14554\" class=\"menu-item menu-item-type-post_type menu-item-object-page hfe-creative-menu\"><a href=\"https:\/\/cepa.epagri.sc.gov.br\/index.php\/diagnosticos\/\" class = \"hfe-sub-menu-item\">Agroind\u00fastria, Turismo e Artesanato<\/a><\/li>\n\t\t<li id=\"menu-item-14518\" class=\"menu-item menu-item-type-post_type menu-item-object-page hfe-creative-menu\"><a href=\"https:\/\/cepa.epagri.sc.gov.br\/index.php\/olericultura-grande-florianopolis\/\" class = \"hfe-sub-menu-item\">Olericultura \u2013 Grande Florian\u00f3polis\u200b<\/a><\/li>\n\t<\/ul>\n<\/li>\n\t<li id=\"menu-item-15631\" class=\"menu-item menu-item-type-custom menu-item-object-custom menu-item-has-children hfe-has-submenu hfe-creative-menu\"><div class=\"hfe-has-submenu-container\" tabindex=\"0\" role=\"button\" aria-haspopup=\"true\" aria-expanded=\"false\"><a href=\"#\" class = \"hfe-sub-menu-item\">Dados Abertos<span class='hfe-menu-toggle sub-arrow hfe-menu-child-1'><i class='fa'><\/i><\/span><\/a><\/div>\n\t<ul class=\"sub-menu\">\n\t\t<li id=\"menu-item-15634\" class=\"menu-item menu-item-type-post_type menu-item-object-page hfe-creative-menu\"><a href=\"https:\/\/cepa.epagri.sc.gov.br\/index.php\/mercado-agricola\/\" class = \"hfe-sub-menu-item\">Pre\u00e7os Agr\u00edcola\u200bs<\/a><\/li>\n\t\t<li id=\"menu-item-15633\" class=\"menu-item menu-item-type-post_type menu-item-object-page hfe-creative-menu\"><a href=\"https:\/\/cepa.epagri.sc.gov.br\/index.php\/custos-de-producao\/\" class = \"hfe-sub-menu-item\">Custos de produ\u00e7\u00e3o<\/a><\/li>\n\t<\/ul>\n<\/li>\n<\/ul>\n<\/li>\n<li id=\"menu-item-15638\" class=\"menu-item menu-item-type-custom menu-item-object-custom menu-item-has-children parent hfe-has-submenu hfe-creative-menu\"><div class=\"hfe-has-submenu-container\" tabindex=\"0\" role=\"button\" aria-haspopup=\"true\" aria-expanded=\"false\"><a href=\"#\" class = \"hfe-menu-item\">Projetos<span class='hfe-menu-toggle sub-arrow hfe-menu-child-0'><i class='fa'><\/i><\/span><\/a><\/div>\n<ul class=\"sub-menu\">\n\t<li id=\"menu-item-15639\" class=\"menu-item menu-item-type-post_type menu-item-object-page hfe-creative-menu\"><a href=\"https:\/\/cepa.epagri.sc.gov.br\/index.php\/projetos-em-andamento\/\" class = \"hfe-sub-menu-item\">Projetos em andamento<\/a><\/li>\n\t<li id=\"menu-item-15640\" class=\"menu-item menu-item-type-post_type menu-item-object-page hfe-creative-menu\"><a href=\"https:\/\/cepa.epagri.sc.gov.br\/index.php\/projetos-concluidos\/\" class = \"hfe-sub-menu-item\">Projetos conclu\u00eddos<\/a><\/li>\n<\/ul>\n<\/li>\n<li id=\"menu-item-15364\" class=\"menu-item menu-item-type-post_type menu-item-object-page parent hfe-creative-menu\"><a href=\"https:\/\/cepa.epagri.sc.gov.br\/index.php\/noticias\/\" class = \"hfe-menu-item\">Not\u00edcias<\/a><\/li>\n<\/ul> \n\t\t\t\t<\/nav>\n\t\t\t<\/div>\n\t\t\t\t\t\t\t<\/div>\n\t\t\t\t<\/div>\n\t\t\t\t\t<\/div>\n\t\t<\/div>\n\t\t\t\t<div class=\"elementor-column elementor-col-25 elementor-top-column elementor-element elementor-element-43451213 elementor-hidden-mobile\" data-id=\"43451213\" data-element_type=\"column\" data-e-type=\"column\">\n\t\t\t<div class=\"elementor-widget-wrap elementor-element-populated\">\n\t\t\t\t\t\t<div class=\"elementor-element elementor-element-3f8c831e elementor-widget elementor-widget-wp-widget-search\" data-id=\"3f8c831e\" data-element_type=\"widget\" data-e-type=\"widget\" data-widget_type=\"wp-widget-search.default\">\n\t\t\t\t<div class=\"elementor-widget-container\">\n\t\t\t\t\t\n<form aria-label=\"Pesquisar neste site\" role=\"search\" method=\"get\" class=\"searchform\" action=\"https:\/\/cepa.epagri.sc.gov.br\/\">\t\n\t<input aria-label=\"Inserir consulta de pesquisa\" type=\"search\" id=\"ocean-search-form-1\" class=\"field\" autocomplete=\"off\" placeholder=\"Pesquisar\" name=\"s\">\n\t\t<\/form>\n\t\t\t\t<\/div>\n\t\t\t\t<\/div>\n\t\t\t\t\t<\/div>\n\t\t<\/div>\n\t\t\t\t<div class=\"elementor-column elementor-col-25 elementor-top-column elementor-element elementor-element-6d92b779 elementor-hidden-mobile\" data-id=\"6d92b779\" data-element_type=\"column\" data-e-type=\"column\">\n\t\t\t<div class=\"elementor-widget-wrap elementor-element-populated\">\n\t\t\t\t\t\t<div class=\"elementor-element elementor-element-78e220cb elementor-widget elementor-widget-image\" data-id=\"78e220cb\" data-element_type=\"widget\" data-e-type=\"widget\" data-widget_type=\"image.default\">\n\t\t\t\t<div class=\"elementor-widget-container\">\n\t\t\t\t\t\t\t\t\t\t\t\t\t\t\t\t<a href=\"http:\/\/www.agricultura.sc.gov.br\/\" target=\"_blank\">\n\t\t\t\t\t\t\t<img decoding=\"async\" width=\"167\" height=\"59\" src=\"https:\/\/cepa.epagri.sc.gov.br\/wp-content\/uploads\/2020\/01\/Marca_SAR.png\" class=\"attachment-full size-full wp-image-13492\" alt=\"\" srcset=\"https:\/\/cepa.epagri.sc.gov.br\/wp-content\/uploads\/2020\/01\/Marca_SAR.png 167w, https:\/\/cepa.epagri.sc.gov.br\/wp-content\/uploads\/2020\/01\/elementor\/thumbs\/Marca_SAR-150x59.png 169w, https:\/\/cepa.epagri.sc.gov.br\/wp-content\/uploads\/2020\/01\/elementor\/thumbs\/Marca_SAR-150x59.png 166w, https:\/\/cepa.epagri.sc.gov.br\/wp-content\/uploads\/2020\/01\/elementor\/thumbs\/Marca_SAR-qi75gc6ixiewbmf7la9jjses4tejpo8fsnmxcatdfe.png 164w, https:\/\/cepa.epagri.sc.gov.br\/wp-content\/uploads\/2020\/01\/elementor\/thumbs\/Marca_SAR-qi75gc6ie7r15b9et0wfw6b7e03ndeoyrdm0tn3jc4.png 120w, https:\/\/cepa.epagri.sc.gov.br\/wp-content\/uploads\/2020\/01\/elementor\/thumbs\/Marca_SAR-qi75gc6iwmu6amms1o18sje447i5nhw1ayeefsvdm8.png 162w\" sizes=\"(max-width: 167px) 100vw, 167px\" \/>\t\t\t\t\t\t\t\t<\/a>\n\t\t\t\t\t\t\t\t\t\t\t\t\t\t\t<\/div>\n\t\t\t\t<\/div>\n\t\t\t\t\t<\/div>\n\t\t<\/div>\n\t\t\t\t\t<\/div>\n\t\t<\/section>\n\t\t\t\t<\/div>\n\t\t<\/div>\n\t\t\t\t\t\t<\/div>\n\t\t\t\t<\/div>\n\t\t\t\t\t<\/div>\n\t\t<\/div>\n\t\t\t\t\t<\/div>\n\t\t<\/section>\n\t\t\t\t<section class=\"elementor-section elementor-top-section elementor-element elementor-element-8dfd4bd elementor-section-boxed elementor-section-height-default elementor-section-height-default wpr-particle-no wpr-jarallax-no wpr-parallax-no wpr-sticky-section-no wpr-equal-height-no\" data-id=\"8dfd4bd\" data-element_type=\"section\" data-e-type=\"section\">\n\t\t\t\t\t\t<div class=\"elementor-container elementor-column-gap-default\">\n\t\t\t\t\t<div class=\"elementor-column elementor-col-100 elementor-top-column elementor-element elementor-element-a71fa33\" data-id=\"a71fa33\" data-element_type=\"column\" data-e-type=\"column\">\n\t\t\t<div class=\"elementor-widget-wrap elementor-element-populated\">\n\t\t\t\t\t\t<div class=\"elementor-element elementor-element-62534cb elementor-widget elementor-widget-menu-anchor\" data-id=\"62534cb\" data-element_type=\"widget\" data-e-type=\"widget\" data-widget_type=\"menu-anchor.default\">\n\t\t\t\t<div class=\"elementor-widget-container\">\n\t\t\t\t\t\t\t<div class=\"elementor-menu-anchor\" id=\"Analises\"><\/div>\n\t\t\t\t\t\t<\/div>\n\t\t\t\t<\/div>\n\t\t\t\t\t<\/div>\n\t\t<\/div>\n\t\t\t\t\t<\/div>\n\t\t<\/section>\n\t\t\t\t<section class=\"elementor-section elementor-top-section elementor-element elementor-element-ba9ceb elementor-section-height-min-height elementor-section-content-top elementor-section-boxed elementor-section-height-default elementor-section-items-middle wpr-particle-no wpr-jarallax-no wpr-parallax-no wpr-sticky-section-no wpr-equal-height-no\" data-id=\"ba9ceb\" data-element_type=\"section\" data-e-type=\"section\">\n\t\t\t\t\t\t<div class=\"elementor-container elementor-column-gap-default\">\n\t\t\t\t\t<div class=\"elementor-column elementor-col-50 elementor-top-column elementor-element elementor-element-1d183e88\" data-id=\"1d183e88\" data-element_type=\"column\" data-e-type=\"column\">\n\t\t\t<div class=\"elementor-widget-wrap elementor-element-populated\">\n\t\t\t\t\t\t<div class=\"elementor-element elementor-element-56b2e82a elementor-widget__width-initial elementor-widget elementor-widget-heading\" data-id=\"56b2e82a\" data-element_type=\"widget\" data-e-type=\"widget\" data-widget_type=\"heading.default\">\n\t\t\t\t<div class=\"elementor-widget-container\">\n\t\t\t\t\t<h1 class=\"elementor-heading-title elementor-size-xl\">Artigos Cient\u00edficos<\/h1>\t\t\t\t<\/div>\n\t\t\t\t<\/div>\n\t\t\t\t\t<\/div>\n\t\t<\/div>\n\t\t\t\t<div class=\"elementor-column elementor-col-50 elementor-top-column elementor-element elementor-element-48cb7fc5\" data-id=\"48cb7fc5\" data-element_type=\"column\" data-e-type=\"column\">\n\t\t\t<div class=\"elementor-widget-wrap elementor-element-populated\">\n\t\t\t\t\t\t<div class=\"elementor-element elementor-element-689c1d60 elementor-widget-divider--view-line elementor-widget elementor-widget-divider\" data-id=\"689c1d60\" data-element_type=\"widget\" data-e-type=\"widget\" data-widget_type=\"divider.default\">\n\t\t\t\t<div class=\"elementor-widget-container\">\n\t\t\t\t\t\t\t<div class=\"elementor-divider\">\n\t\t\t<span class=\"elementor-divider-separator\">\n\t\t\t\t\t\t<\/span>\n\t\t<\/div>\n\t\t\t\t\t\t<\/div>\n\t\t\t\t<\/div>\n\t\t\t\t\t<\/div>\n\t\t<\/div>\n\t\t\t\t\t<\/div>\n\t\t<\/section>\n\t\t\t\t<section class=\"elementor-section elementor-top-section elementor-element elementor-element-a7d928c elementor-section-boxed elementor-section-height-default elementor-section-height-default wpr-particle-no wpr-jarallax-no wpr-parallax-no wpr-sticky-section-no wpr-equal-height-no\" data-id=\"a7d928c\" data-element_type=\"section\" data-e-type=\"section\">\n\t\t\t\t\t\t<div class=\"elementor-container elementor-column-gap-default\">\n\t\t\t\t\t<div class=\"elementor-column elementor-col-100 elementor-top-column elementor-element elementor-element-a74f52b\" data-id=\"a74f52b\" data-element_type=\"column\" data-e-type=\"column\">\n\t\t\t<div class=\"elementor-widget-wrap elementor-element-populated\">\n\t\t\t\t\t\t<div class=\"elementor-element elementor-element-a9ae475 elementor-grid-eael-col-4 elementor-grid-tablet-eael-col-2 elementor-grid-mobile-eael-col-1 elementor-widget elementor-widget-eael-post-grid\" data-id=\"a9ae475\" data-element_type=\"widget\" data-e-type=\"widget\" data-settings=\"{&quot;eael_post_grid_columns&quot;:&quot;eael-col-4&quot;,&quot;eael_post_grid_columns_tablet&quot;:&quot;eael-col-2&quot;,&quot;eael_post_grid_columns_mobile&quot;:&quot;eael-col-1&quot;}\" data-widget_type=\"eael-post-grid.default\">\n\t\t\t\t<div class=\"elementor-widget-container\">\n\t\t\t\t\t<div id=\"eael-post-grid-a9ae475\" class=\"eael-post-grid-container\">\n            <div class=\"eael-post-grid eael-post-appender eael-post-appender-a9ae475 eael-post-grid-style-two\" data-layout-mode=\"grid\"><article class=\"eael-grid-post  eael-post-grid-column eael-pg-post-16793 category-artigos tags-pecuaria-emprego-rural-trabalho-modernizacao-agricultura-familiar\" data-id=\"16793\">\n    <div class=\"eael-grid-post-holder\">\n        <div class=\"eael-grid-post-holder-inner\"><div class=\"eael-entry-wrapper\"><header class=\"eael-entry-header\"><h1 class=\"eael-entry-title\"><a class=\"eael-grid-post-link\" href=\"https:\/\/cepa.epagri.sc.gov.br\/index.php\/dinamica-do-trabalho-e-emprego-na-pecuaria-catarinense-uma-analise-a-partir-dos-censos-agropecuarios\/\" title=\"Din\u00e2mica do trabalho e emprego na pecu\u00e1ria catarinense: uma an\u00e1lise a partir dos censos agropecu\u00e1rios\">Din\u00e2mica do trabalho e emprego na pecu\u00e1ria catarinense: uma an\u00e1lise a partir dos censos agropecu\u00e1rios<\/a><\/h1><\/header><div class=\"eael-entry-content\">\n                                <div class=\"eael-grid-post-excerpt\"><p>Este estudo analisa a din\u00e2mica do trabalho e emprego na pecu\u00e1ria catarinense entre...<\/p><a href=\"https:\/\/cepa.epagri.sc.gov.br\/index.php\/dinamica-do-trabalho-e-emprego-na-pecuaria-catarinense-uma-analise-a-partir-dos-censos-agropecuarios\/\" class=\"eael-post-elements-readmore-btn\">Leia mais<\/a><\/div>\n                            <\/div><div class=\"eael-entry-header-after style-two\"><div class=\"eael-entry-meta\"><span class=\"eael-meta-posted-on\"><i class=\"far fa-clock\"><\/i><time datetime=\"8 de abril de 2026\">8 de abril de 2026<\/time><\/span><\/div><\/div><\/div><\/div>\n    <\/div>\n<\/article><article class=\"eael-grid-post  eael-post-grid-column eael-pg-post-16633 category-artigos tags-economia-agricola-dinamica-economica-indice-de-herfindahl-hirschman-fruticultura\" data-id=\"16633\">\n    <div class=\"eael-grid-post-holder\">\n        <div class=\"eael-grid-post-holder-inner\"><div class=\"eael-entry-wrapper\"><header class=\"eael-entry-header\"><h1 class=\"eael-entry-title\"><a class=\"eael-grid-post-link\" href=\"https:\/\/cepa.epagri.sc.gov.br\/index.php\/fruticultura-brasileira-estudo-de-indicadores-da-dinamica-da-estrutura-produtiva-e-economica-entre-2002-e-2022\/\" title=\"Fruticultura brasileira: estudo de indicadores da din\u00e2mica da estrutura produtiva e econ\u00f4mica entre 2002 e 2022\">Fruticultura brasileira: estudo de indicadores da din\u00e2mica da estrutura produtiva e econ\u00f4mica entre 2002 e 2022<\/a><\/h1><\/header><div class=\"eael-entry-content\">\n                                <div class=\"eael-grid-post-excerpt\"><p>Entre 2002 e 2022, a fruticultura brasileira teve um crescimento m\u00e9dio anual de...<\/p><a href=\"https:\/\/cepa.epagri.sc.gov.br\/index.php\/fruticultura-brasileira-estudo-de-indicadores-da-dinamica-da-estrutura-produtiva-e-economica-entre-2002-e-2022\/\" class=\"eael-post-elements-readmore-btn\">Leia mais<\/a><\/div>\n                            <\/div><div class=\"eael-entry-header-after style-two\"><div class=\"eael-entry-meta\"><span class=\"eael-meta-posted-on\"><i class=\"far fa-clock\"><\/i><time datetime=\"25 de fevereiro de 2026\">25 de fevereiro de 2026<\/time><\/span><\/div><\/div><\/div><\/div>\n    <\/div>\n<\/article><article class=\"eael-grid-post  eael-post-grid-column eael-pg-post-16628 category-artigos tags-economia-agricola-abastecimento-mercado-atacadista-hortifrutis\" data-id=\"16628\">\n    <div class=\"eael-grid-post-holder\">\n        <div class=\"eael-grid-post-holder-inner\"><div class=\"eael-entry-wrapper\"><header class=\"eael-entry-header\"><h1 class=\"eael-entry-title\"><a class=\"eael-grid-post-link\" href=\"https:\/\/cepa.epagri.sc.gov.br\/index.php\/analise-da-producao-e-comercializacao-dos-subgrupos-de-hortalicas-folhosas-e-radiculares-participacao-no-mercado-atacadista-brasileiro\/\" title=\"An\u00e1lise da produ\u00e7\u00e3o e comercializa\u00e7\u00e3o dos subgrupos de hortali\u00e7as folhosas e radiculares: participa\u00e7\u00e3o no mercado atacadista brasileiro\">An\u00e1lise da produ\u00e7\u00e3o e comercializa\u00e7\u00e3o dos subgrupos de hortali\u00e7as folhosas e radiculares: participa\u00e7\u00e3o no mercado atacadista brasileiro<\/a><\/h1><\/header><div class=\"eael-entry-content\">\n                                <div class=\"eael-grid-post-excerpt\"><p>Este trabalho pretende analisar a produ\u00e7\u00e3o e a comercializa\u00e7\u00e3o de hortali\u00e7as folhosas e...<\/p><a href=\"https:\/\/cepa.epagri.sc.gov.br\/index.php\/analise-da-producao-e-comercializacao-dos-subgrupos-de-hortalicas-folhosas-e-radiculares-participacao-no-mercado-atacadista-brasileiro\/\" class=\"eael-post-elements-readmore-btn\">Leia mais<\/a><\/div>\n                            <\/div><div class=\"eael-entry-header-after style-two\"><div class=\"eael-entry-meta\"><span class=\"eael-meta-posted-on\"><i class=\"far fa-clock\"><\/i><time datetime=\"24 de fevereiro de 2026\">24 de fevereiro de 2026<\/time><\/span><\/div><\/div><\/div><\/div>\n    <\/div>\n<\/article><article class=\"eael-grid-post  eael-post-grid-column eael-pg-post-16621 category-artigos tags-agricultura-familiar-politicas-agricolas-desenvolvimento-rural\" data-id=\"16621\">\n    <div class=\"eael-grid-post-holder\">\n        <div class=\"eael-grid-post-holder-inner\"><div class=\"eael-entry-wrapper\"><header class=\"eael-entry-header\"><h1 class=\"eael-entry-title\"><a class=\"eael-grid-post-link\" href=\"https:\/\/cepa.epagri.sc.gov.br\/index.php\/politicas-publicas-estaduais-para-a-agricultura-familiar-em-santa-catarina-uma-analise-do-programa-terra-boa\/\" title=\"Pol\u00edticas p\u00fablicas estaduais para a agricultura familiar em Santa Catarina: uma an\u00e1lise do Programa Terra Boa\">Pol\u00edticas p\u00fablicas estaduais para a agricultura familiar em Santa Catarina: uma an\u00e1lise do Programa Terra Boa<\/a><\/h1><\/header><div class=\"eael-entry-content\">\n                                <div class=\"eael-grid-post-excerpt\"><p>A descentraliza\u00e7\u00e3o das pol\u00edticas agr\u00edcolas que ocorreu entre as d\u00e9cadas de 1980 e...<\/p><a href=\"https:\/\/cepa.epagri.sc.gov.br\/index.php\/politicas-publicas-estaduais-para-a-agricultura-familiar-em-santa-catarina-uma-analise-do-programa-terra-boa\/\" class=\"eael-post-elements-readmore-btn\">Leia mais<\/a><\/div>\n                            <\/div><div class=\"eael-entry-header-after style-two\"><div class=\"eael-entry-meta\"><span class=\"eael-meta-posted-on\"><i class=\"far fa-clock\"><\/i><time datetime=\"24 de fevereiro de 2026\">24 de fevereiro de 2026<\/time><\/span><\/div><\/div><\/div><\/div>\n    <\/div>\n<\/article><article class=\"eael-grid-post  eael-post-grid-column eael-pg-post-16577 category-artigos tags-carne-de-frango-comportamento-das-exportacoes-agronegocio-santa-catarina\" data-id=\"16577\">\n    <div class=\"eael-grid-post-holder\">\n        <div class=\"eael-grid-post-holder-inner\"><div class=\"eael-entry-wrapper\"><header class=\"eael-entry-header\"><h1 class=\"eael-entry-title\"><a class=\"eael-grid-post-link\" href=\"https:\/\/cepa.epagri.sc.gov.br\/index.php\/analise-sobre-o-comportamento-da-carne-de-frango-comercializada-por-santa-catarina-com-o-exterior\/\" title=\"An\u00e1lise sobre o comportamento da carne de frango comercializada por Santa Catarina com o exterior\">An\u00e1lise sobre o comportamento da carne de frango comercializada por Santa Catarina com o exterior<\/a><\/h1><\/header><div class=\"eael-entry-content\">\n                                <div class=\"eael-grid-post-excerpt\"><p>O mercado agropecu\u00e1rio \u00e9 um pilar fundamental da economia brasileira, com destaque para...<\/p><a href=\"https:\/\/cepa.epagri.sc.gov.br\/index.php\/analise-sobre-o-comportamento-da-carne-de-frango-comercializada-por-santa-catarina-com-o-exterior\/\" class=\"eael-post-elements-readmore-btn\">Leia mais<\/a><\/div>\n                            <\/div><div class=\"eael-entry-header-after style-two\"><div class=\"eael-entry-meta\"><span class=\"eael-meta-posted-on\"><i class=\"far fa-clock\"><\/i><time datetime=\"22 de janeiro de 2026\">22 de janeiro de 2026<\/time><\/span><\/div><\/div><\/div><\/div>\n    <\/div>\n<\/article><article class=\"eael-grid-post  eael-post-grid-column eael-pg-post-16537 category-artigos tags-economia-agricola-abastecimento-mercados-atacadistas-hortifrutis-santa-catarina\" data-id=\"16537\">\n    <div class=\"eael-grid-post-holder\">\n        <div class=\"eael-grid-post-holder-inner\"><div class=\"eael-entry-wrapper\"><header class=\"eael-entry-header\"><h1 class=\"eael-entry-title\"><a class=\"eael-grid-post-link\" href=\"https:\/\/cepa.epagri.sc.gov.br\/index.php\/analise-da-producao-comercializacao-e-sazonalidade-de-volume-e-preco-de-hortifrutis-no-brasil-a-participacao-de-santa-catarina-em-frutas-e-frutos\/\" title=\"An\u00e1lise da produ\u00e7\u00e3o, comercializa\u00e7\u00e3o e sazonalidade de volume e pre\u00e7o de hortifr\u00fatis no brasil: a participa\u00e7\u00e3o de Santa Catarina em frutas e frutos\">An\u00e1lise da produ\u00e7\u00e3o, comercializa\u00e7\u00e3o e sazonalidade de volume e pre\u00e7o de hortifr\u00fatis no brasil: a participa\u00e7\u00e3o de Santa Catarina em frutas e frutos<\/a><\/h1><\/header><div class=\"eael-entry-content\">\n                                <div class=\"eael-grid-post-excerpt\"><p>Este estudo investiga a comercializa\u00e7\u00e3o e sazonalidade de hortifr\u00fatis no Brasil, com foco...<\/p><a href=\"https:\/\/cepa.epagri.sc.gov.br\/index.php\/analise-da-producao-comercializacao-e-sazonalidade-de-volume-e-preco-de-hortifrutis-no-brasil-a-participacao-de-santa-catarina-em-frutas-e-frutos\/\" class=\"eael-post-elements-readmore-btn\">Leia mais<\/a><\/div>\n                            <\/div><div class=\"eael-entry-header-after style-two\"><div class=\"eael-entry-meta\"><span class=\"eael-meta-posted-on\"><i class=\"far fa-clock\"><\/i><time datetime=\"3 de dezembro de 2025\">3 de dezembro de 2025<\/time><\/span><\/div><\/div><\/div><\/div>\n    <\/div>\n<\/article><article class=\"eael-grid-post  eael-post-grid-column eael-pg-post-16519 category-artigos tags-compra-publica-de-alimentos-programa-de-aquisicao-de-alimentos-agricultura-familiar-santa-catarina\" data-id=\"16519\">\n    <div class=\"eael-grid-post-holder\">\n        <div class=\"eael-grid-post-holder-inner\"><div class=\"eael-entry-wrapper\"><header class=\"eael-entry-header\"><h1 class=\"eael-entry-title\"><a class=\"eael-grid-post-link\" href=\"https:\/\/cepa.epagri.sc.gov.br\/index.php\/compras-publicas-de-alimentos-da-agricultura-familiar-de-santa-catarina-o-potencial-das-compra-estaduais\/\" title=\"Compras p\u00fablicas de alimentos da agricultura familiar de Santa Catarina: O potencial das compras estaduais\">Compras p\u00fablicas de alimentos da agricultura familiar de Santa Catarina: O potencial das compras estaduais<\/a><\/h1><\/header><div class=\"eael-entry-content\">\n                                <div class=\"eael-grid-post-excerpt\"><p>As compras p\u00fablicas de alimentos se consolidaram nas \u00faltimas duas d\u00e9cadas como instrumento...<\/p><a href=\"https:\/\/cepa.epagri.sc.gov.br\/index.php\/compras-publicas-de-alimentos-da-agricultura-familiar-de-santa-catarina-o-potencial-das-compra-estaduais\/\" class=\"eael-post-elements-readmore-btn\">Leia mais<\/a><\/div>\n                            <\/div><div class=\"eael-entry-header-after style-two\"><div class=\"eael-entry-meta\"><span class=\"eael-meta-posted-on\"><i class=\"far fa-clock\"><\/i><time datetime=\"18 de novembro de 2025\">18 de novembro de 2025<\/time><\/span><\/div><\/div><\/div><\/div>\n    <\/div>\n<\/article><article class=\"eael-grid-post  eael-post-grid-column eael-pg-post-16435 category-artigos tags-agronegocio-carne-suina-exportacoes-santa-catarina\" data-id=\"16435\">\n    <div class=\"eael-grid-post-holder\">\n        <div class=\"eael-grid-post-holder-inner\"><div class=\"eael-entry-wrapper\"><header class=\"eael-entry-header\"><h1 class=\"eael-entry-title\"><a class=\"eael-grid-post-link\" href=\"https:\/\/cepa.epagri.sc.gov.br\/index.php\/analise-do-comportamento-das-exportacoes-catarinenses-de-carne-suina-no-periodo-2003-a-2023\/\" title=\"An\u00e1lise do comportamento das exporta\u00e7\u00f5es catarinenses de carne su\u00edna no per\u00edodo 2003 a 2023\">An\u00e1lise do comportamento das exporta\u00e7\u00f5es catarinenses de carne su\u00edna no per\u00edodo 2003 a 2023<\/a><\/h1><\/header><div class=\"eael-entry-content\">\n                                <div class=\"eael-grid-post-excerpt\"><p>O agroneg\u00f3cio brasileiro se consolidou como um dos pilares da economia brasileira, com...<\/p><a href=\"https:\/\/cepa.epagri.sc.gov.br\/index.php\/analise-do-comportamento-das-exportacoes-catarinenses-de-carne-suina-no-periodo-2003-a-2023\/\" class=\"eael-post-elements-readmore-btn\">Leia mais<\/a><\/div>\n                            <\/div><div class=\"eael-entry-header-after style-two\"><div class=\"eael-entry-meta\"><span class=\"eael-meta-posted-on\"><i class=\"far fa-clock\"><\/i><time datetime=\"1 de outubro de 2025\">1 de outubro de 2025<\/time><\/span><\/div><\/div><\/div><\/div>\n    <\/div>\n<\/article><article class=\"eael-grid-post  eael-post-grid-column eael-pg-post-16461 category-artigos tags-agricultura-familiar-compras-publicas-paa-pnae-seguranca-alimentar-e-nutricional\" data-id=\"16461\">\n    <div class=\"eael-grid-post-holder\">\n        <div class=\"eael-grid-post-holder-inner\"><div class=\"eael-entry-wrapper\"><header class=\"eael-entry-header\"><h1 class=\"eael-entry-title\"><a class=\"eael-grid-post-link\" href=\"https:\/\/cepa.epagri.sc.gov.br\/index.php\/construcao-de-sistemas-alimentares-saudaveis-sustentaveis-e-inclusivos-atraves-das-compras-publicas-de-alimentos-da-agricultura-familiar-uma-revisao-integrativa\/\" title=\"Constru\u00e7\u00e3o de sistemas alimentares saud\u00e1veis, sustent\u00e1veis e inclusivos atrav\u00e9s das compras p\u00fablicas de alimentos da agricultura familiar: uma revis\u00e3o integrativa\">Constru\u00e7\u00e3o de sistemas alimentares saud\u00e1veis, sustent\u00e1veis e inclusivos atrav\u00e9s das compras p\u00fablicas de alimentos da agricultura familiar: uma revis\u00e3o integrativa<\/a><\/h1><\/header><div class=\"eael-entry-content\">\n                                <div class=\"eael-grid-post-excerpt\"><p>As compras p\u00fablicas de alimentos adquirem itens provenientes da agricultura familiar enquanto estrat\u00e9gia...<\/p><a href=\"https:\/\/cepa.epagri.sc.gov.br\/index.php\/construcao-de-sistemas-alimentares-saudaveis-sustentaveis-e-inclusivos-atraves-das-compras-publicas-de-alimentos-da-agricultura-familiar-uma-revisao-integrativa\/\" class=\"eael-post-elements-readmore-btn\">Leia mais<\/a><\/div>\n                            <\/div><div class=\"eael-entry-header-after style-two\"><div class=\"eael-entry-meta\"><span class=\"eael-meta-posted-on\"><i class=\"far fa-clock\"><\/i><time datetime=\"2 de setembro de 2025\">2 de setembro de 2025<\/time><\/span><\/div><\/div><\/div><\/div>\n    <\/div>\n<\/article><article class=\"eael-grid-post  eael-post-grid-column eael-pg-post-16446 category-artigos tags-dinamica-graos-producao-santa-catarina\" data-id=\"16446\">\n    <div class=\"eael-grid-post-holder\">\n        <div class=\"eael-grid-post-holder-inner\"><div class=\"eael-entry-wrapper\"><header class=\"eael-entry-header\"><h1 class=\"eael-entry-title\"><a class=\"eael-grid-post-link\" href=\"https:\/\/cepa.epagri.sc.gov.br\/index.php\/dinamica-da-producao-de-graos-no-estado-de-santa-catarina-no-periodo-de-2014-a-2024\/\" title=\"Din\u00e2mica da produ\u00e7\u00e3o de gr\u00e3os no estado de Santa Catarina no per\u00edodo de 2014 a 2024\">Din\u00e2mica da produ\u00e7\u00e3o de gr\u00e3os no estado de Santa Catarina no per\u00edodo de 2014 a 2024<\/a><\/h1><\/header><div class=\"eael-entry-content\">\n                                <div class=\"eael-grid-post-excerpt\"><p>O setor agropecu\u00e1rio de Santa Catarina tem grande relev\u00e2ncia social e econ\u00f4mica, mesmo...<\/p><a href=\"https:\/\/cepa.epagri.sc.gov.br\/index.php\/dinamica-da-producao-de-graos-no-estado-de-santa-catarina-no-periodo-de-2014-a-2024\/\" class=\"eael-post-elements-readmore-btn\">Leia mais<\/a><\/div>\n                            <\/div><div class=\"eael-entry-header-after style-two\"><div class=\"eael-entry-meta\"><span class=\"eael-meta-posted-on\"><i class=\"far fa-clock\"><\/i><time datetime=\"2 de agosto de 2025\">2 de agosto de 2025<\/time><\/span><\/div><\/div><\/div><\/div>\n    <\/div>\n<\/article><article class=\"eael-grid-post  eael-post-grid-column eael-pg-post-16441 category-artigos tags-credito-rural-financiamento-pecuaria\" data-id=\"16441\">\n    <div class=\"eael-grid-post-holder\">\n        <div class=\"eael-grid-post-holder-inner\"><div class=\"eael-entry-wrapper\"><header class=\"eael-entry-header\"><h1 class=\"eael-entry-title\"><a class=\"eael-grid-post-link\" href=\"https:\/\/cepa.epagri.sc.gov.br\/index.php\/dinamica-do-credito-rural-em-santa-catarina-evolucao-e-tendencias-nas-principais-cadeias-produtivas-da-pecuaria-2013-2024\/\" title=\"Din\u00e2mica do cr\u00e9dito rural em Santa Catarina: evolu\u00e7\u00e3o e tend\u00eancias nas principais cadeias produtivas da pecu\u00e1ria (2013-2024)\">Din\u00e2mica do cr\u00e9dito rural em Santa Catarina: evolu\u00e7\u00e3o e tend\u00eancias nas principais cadeias produtivas da pecu\u00e1ria (2013-2024)<\/a><\/h1><\/header><div class=\"eael-entry-content\">\n                                <div class=\"eael-grid-post-excerpt\"><p>Entre 2013 e 2024, o cr\u00e9dito rural em Santa Catarina passou por transforma\u00e7\u00f5es...<\/p><a href=\"https:\/\/cepa.epagri.sc.gov.br\/index.php\/dinamica-do-credito-rural-em-santa-catarina-evolucao-e-tendencias-nas-principais-cadeias-produtivas-da-pecuaria-2013-2024\/\" class=\"eael-post-elements-readmore-btn\">Leia mais<\/a><\/div>\n                            <\/div><div class=\"eael-entry-header-after style-two\"><div class=\"eael-entry-meta\"><span class=\"eael-meta-posted-on\"><i class=\"far fa-clock\"><\/i><time datetime=\"2 de junho de 2025\">2 de junho de 2025<\/time><\/span><\/div><\/div><\/div><\/div>\n    <\/div>\n<\/article><article class=\"eael-grid-post  eael-post-grid-column eael-pg-post-14072 category-artigos\" data-id=\"14072\">\n    <div class=\"eael-grid-post-holder\">\n        <div class=\"eael-grid-post-holder-inner\"><div class=\"eael-entry-wrapper\"><header class=\"eael-entry-header\"><h1 class=\"eael-entry-title\"><a class=\"eael-grid-post-link\" href=\"https:\/\/cepa.epagri.sc.gov.br\/index.php\/idade-de-abate-de-bovinos-em-santa-catarina-panorama-estadual-e-mesorregional\/\" title=\"Idade de abate de bovinos em Santa Catarina: panorama estadual e mesorregional\">Idade de abate de bovinos em Santa Catarina: panorama estadual e mesorregional<\/a><\/h1><\/header><div class=\"eael-entry-content\">\n                                <div class=\"eael-grid-post-excerpt\"><p>Em raz\u00e3o de sua reduzida \u00e1rea geogr\u00e1fica e da posi\u00e7\u00e3o intermedi\u00e1ria no ranking...<\/p><a href=\"https:\/\/cepa.epagri.sc.gov.br\/index.php\/idade-de-abate-de-bovinos-em-santa-catarina-panorama-estadual-e-mesorregional\/\" class=\"eael-post-elements-readmore-btn\">Leia mais<\/a><\/div>\n                            <\/div><div class=\"eael-entry-header-after style-two\"><div class=\"eael-entry-meta\"><span class=\"eael-meta-posted-on\"><i class=\"far fa-clock\"><\/i><time datetime=\"11 de fevereiro de 2025\">11 de fevereiro de 2025<\/time><\/span><\/div><\/div><\/div><\/div>\n    <\/div>\n<\/article><article class=\"eael-grid-post  eael-post-grid-column eael-pg-post-14001 category-artigos tags-bovinocultura-extensao-rural-pecuaria-pesquisa\" data-id=\"14001\">\n    <div class=\"eael-grid-post-holder\">\n        <div class=\"eael-grid-post-holder-inner\"><div class=\"eael-entry-wrapper\"><header class=\"eael-entry-header\"><h1 class=\"eael-entry-title\"><a class=\"eael-grid-post-link\" href=\"https:\/\/cepa.epagri.sc.gov.br\/index.php\/anais-do-3o-workshop-de-ciencia-e-inovacao-em-pecuaria\/\" title=\"Cr\u00e9dito rural para a suinocultura em Santa Catarina: an\u00e1lise da evolu\u00e7\u00e3o no per\u00edodo 2013\/2023\">Cr\u00e9dito rural para a suinocultura em Santa Catarina: an\u00e1lise da evolu\u00e7\u00e3o no per\u00edodo 2013\/2023<\/a><\/h1><\/header><div class=\"eael-entry-content\">\n                                <div class=\"eael-grid-post-excerpt\"><p>O cr\u00e9dito rural \u00e9 um importante instrumento de desenvolvimento da agropecu\u00e1ria brasileira. Contudo,...<\/p><a href=\"https:\/\/cepa.epagri.sc.gov.br\/index.php\/anais-do-3o-workshop-de-ciencia-e-inovacao-em-pecuaria\/\" class=\"eael-post-elements-readmore-btn\">Leia mais<\/a><\/div>\n                            <\/div><div class=\"eael-entry-header-after style-two\"><div class=\"eael-entry-meta\"><span class=\"eael-meta-posted-on\"><i class=\"far fa-clock\"><\/i><time datetime=\"19 de dezembro de 2024\">19 de dezembro de 2024<\/time><\/span><\/div><\/div><\/div><\/div>\n    <\/div>\n<\/article><article class=\"eael-grid-post  eael-post-grid-column eael-pg-post-13864 category-artigos tags-novilho-precoce-idade-de-abate-pecuaria-de-corte-bovinocultura-carne-bovina\" data-id=\"13864\">\n    <div class=\"eael-grid-post-holder\">\n        <div class=\"eael-grid-post-holder-inner\"><div class=\"eael-entry-wrapper\"><header class=\"eael-entry-header\"><h1 class=\"eael-entry-title\"><a class=\"eael-grid-post-link\" href=\"https:\/\/cepa.epagri.sc.gov.br\/index.php\/evolucao-da-idade-de-abate-de-bovinos-em-santa-catarina-uma-analise-preliminar\/\" title=\"Evolu\u00e7\u00e3o da idade de abate de bovinos em Santa Catarina: Uma an\u00e1lise preliminar\">Evolu\u00e7\u00e3o da idade de abate de bovinos em Santa Catarina: Uma an\u00e1lise preliminar<\/a><\/h1><\/header><div class=\"eael-entry-content\">\n                                <div class=\"eael-grid-post-excerpt\"><p>A melhoria dos \u00edndices zoot\u00e9cnicos do rebanho bovino, como a idade de abate,...<\/p><a href=\"https:\/\/cepa.epagri.sc.gov.br\/index.php\/evolucao-da-idade-de-abate-de-bovinos-em-santa-catarina-uma-analise-preliminar\/\" class=\"eael-post-elements-readmore-btn\">Leia mais<\/a><\/div>\n                            <\/div><div class=\"eael-entry-header-after style-two\"><div class=\"eael-entry-meta\"><span class=\"eael-meta-posted-on\"><i class=\"far fa-clock\"><\/i><time datetime=\"7 de outubro de 2024\">7 de outubro de 2024<\/time><\/span><\/div><\/div><\/div><\/div>\n    <\/div>\n<\/article><article class=\"eael-grid-post  eael-post-grid-column eael-pg-post-13827 category-artigos tags-dinamica-produtiva-economia-agricola-fruticultura-producao-agricola-socioeconomia\" data-id=\"13827\">\n    <div class=\"eael-grid-post-holder\">\n        <div class=\"eael-grid-post-holder-inner\"><div class=\"eael-entry-wrapper\"><header class=\"eael-entry-header\"><h1 class=\"eael-entry-title\"><a class=\"eael-grid-post-link\" href=\"https:\/\/cepa.epagri.sc.gov.br\/index.php\/dinamica-da-producao-de-frutas-de-clima-subtropical-no-estado-catarinense-2018-2022\/\" title=\"Din\u00e2mica da produ\u00e7\u00e3o de frutas de clima (sub)tropical no estado catarinense (2018-2022)\">Din\u00e2mica da produ\u00e7\u00e3o de frutas de clima (sub)tropical no estado catarinense (2018-2022)<\/a><\/h1><\/header><div class=\"eael-entry-content\">\n                                <div class=\"eael-grid-post-excerpt\"><p>No mercado nacional de frutas, Santa Catarina se destaca na produ\u00e7\u00e3o de frutas...<\/p><a href=\"https:\/\/cepa.epagri.sc.gov.br\/index.php\/dinamica-da-producao-de-frutas-de-clima-subtropical-no-estado-catarinense-2018-2022\/\" class=\"eael-post-elements-readmore-btn\">Leia mais<\/a><\/div>\n                            <\/div><div class=\"eael-entry-header-after style-two\"><div class=\"eael-entry-meta\"><span class=\"eael-meta-posted-on\"><i class=\"far fa-clock\"><\/i><time datetime=\"19 de agosto de 2024\">19 de agosto de 2024<\/time><\/span><\/div><\/div><\/div><\/div>\n    <\/div>\n<\/article><article class=\"eael-grid-post  eael-post-grid-column eael-pg-post-13818 category-artigos tags-economia-agricola-producao-agricola-custo-de-producao-fruticultura-socioeconomia\" data-id=\"13818\">\n    <div class=\"eael-grid-post-holder\">\n        <div class=\"eael-grid-post-holder-inner\"><div class=\"eael-entry-wrapper\"><header class=\"eael-entry-header\"><h1 class=\"eael-entry-title\"><a class=\"eael-grid-post-link\" href=\"https:\/\/cepa.epagri.sc.gov.br\/index.php\/analise-de-custos-de-producao-de-maca-em-santa-catarina-entre-2015-e-2024\/\" title=\"An\u00e1lise de custos de produ\u00e7\u00e3o de ma\u00e7\u00e3 em Santa Catarina entre 2015 e 2024\">An\u00e1lise de custos de produ\u00e7\u00e3o de ma\u00e7\u00e3 em Santa Catarina entre 2015 e 2024<\/a><\/h1><\/header><div class=\"eael-entry-content\">\n                                <div class=\"eael-grid-post-excerpt\"><p>A maleicultura catarinense conta com m\u00e9dia de 2,7 mil produtores e \u00e1rea de...<\/p><a href=\"https:\/\/cepa.epagri.sc.gov.br\/index.php\/analise-de-custos-de-producao-de-maca-em-santa-catarina-entre-2015-e-2024\/\" class=\"eael-post-elements-readmore-btn\">Leia mais<\/a><\/div>\n                            <\/div><div class=\"eael-entry-header-after style-two\"><div class=\"eael-entry-meta\"><span class=\"eael-meta-posted-on\"><i class=\"far fa-clock\"><\/i><time datetime=\"19 de agosto de 2024\">19 de agosto de 2024<\/time><\/span><\/div><\/div><\/div><\/div>\n    <\/div>\n<\/article><article class=\"eael-grid-post  eael-post-grid-column eael-pg-post-13800 category-artigos tags-economia-agricola-producao-agricola-valor-bruto-da-producao-fruticultura-socioeconomia\" data-id=\"13800\">\n    <div class=\"eael-grid-post-holder\">\n        <div class=\"eael-grid-post-holder-inner\"><div class=\"eael-entry-wrapper\"><header class=\"eael-entry-header\"><h1 class=\"eael-entry-title\"><a class=\"eael-grid-post-link\" href=\"https:\/\/cepa.epagri.sc.gov.br\/index.php\/elementor-13800\/\" title=\"Fruticultura catarinense: evolu\u00e7\u00e3o recente das principais frutas entre 2015 e 2021(22)\">Fruticultura catarinense: evolu\u00e7\u00e3o recente das principais frutas entre 2015 e 2021(22)<\/a><\/h1><\/header><div class=\"eael-entry-content\">\n                                <div class=\"eael-grid-post-excerpt\"><p>Em Santa Catarina as principais lavouras permanentes de frutas representam em m\u00e9dia 53...<\/p><a href=\"https:\/\/cepa.epagri.sc.gov.br\/index.php\/elementor-13800\/\" class=\"eael-post-elements-readmore-btn\">Leia mais<\/a><\/div>\n                            <\/div><div class=\"eael-entry-header-after style-two\"><div class=\"eael-entry-meta\"><span class=\"eael-meta-posted-on\"><i class=\"far fa-clock\"><\/i><time datetime=\"19 de agosto de 2024\">19 de agosto de 2024<\/time><\/span><\/div><\/div><\/div><\/div>\n    <\/div>\n<\/article><article class=\"eael-grid-post  eael-post-grid-column eael-pg-post-13437 category-artigos tags-bovinocultura-leite-a-base-de-pasto-pecuaria\" data-id=\"13437\">\n    <div class=\"eael-grid-post-holder\">\n        <div class=\"eael-grid-post-holder-inner\"><div class=\"eael-entry-wrapper\"><header class=\"eael-entry-header\"><h1 class=\"eael-entry-title\"><a class=\"eael-grid-post-link\" href=\"https:\/\/cepa.epagri.sc.gov.br\/index.php\/simposio-brasil-sul-de-bovinocultura-de-leite-12o-e-simposio-catarinense-de-pecuaria-de-leite-a-base-de-pasto-1o\/\" title=\"Mudan\u00e7as na din\u00e2mica e na distribui\u00e7\u00e3o geogr\u00e1fica da bovinocultura catarinense (1990\/2022)\">Mudan\u00e7as na din\u00e2mica e na distribui\u00e7\u00e3o geogr\u00e1fica da bovinocultura catarinense (1990\/2022)<\/a><\/h1><\/header><div class=\"eael-entry-content\">\n                                <div class=\"eael-grid-post-excerpt\"><p>O presente trabalho analisa as mudan\u00e7as geogr\u00e1ficas na distribui\u00e7\u00e3o do rebanho bovino, da...<\/p><a href=\"https:\/\/cepa.epagri.sc.gov.br\/index.php\/simposio-brasil-sul-de-bovinocultura-de-leite-12o-e-simposio-catarinense-de-pecuaria-de-leite-a-base-de-pasto-1o\/\" class=\"eael-post-elements-readmore-btn\">Leia mais<\/a><\/div>\n                            <\/div><div class=\"eael-entry-header-after style-two\"><div class=\"eael-entry-meta\"><span class=\"eael-meta-posted-on\"><i class=\"far fa-clock\"><\/i><time datetime=\"6 de dezembro de 2023\">6 de dezembro de 2023<\/time><\/span><\/div><\/div><\/div><\/div>\n    <\/div>\n<\/article><article class=\"eael-grid-post  eael-post-grid-column eael-pg-post-13282 category-artigos tags-economia-agricola-fruticultura-pitaya-producao-agricola-santa-catarina-2\" data-id=\"13282\">\n    <div class=\"eael-grid-post-holder\">\n        <div class=\"eael-grid-post-holder-inner\"><div class=\"eael-entry-wrapper\"><header class=\"eael-entry-header\"><h1 class=\"eael-entry-title\"><a class=\"eael-grid-post-link\" href=\"https:\/\/cepa.epagri.sc.gov.br\/index.php\/caracterizacao-da-cultura-da-pitaya-producao-e-comercializacao-no-sul-catarinense\/\" title=\"Caracteriza\u00e7\u00e3o da cultura da pitaya: produ\u00e7\u00e3o e comercializa\u00e7\u00e3o no Sul Catarinense\">Caracteriza\u00e7\u00e3o da cultura da pitaya: produ\u00e7\u00e3o e comercializa\u00e7\u00e3o no Sul Catarinense<\/a><\/h1><\/header><div class=\"eael-entry-content\">\n                                <div class=\"eael-grid-post-excerpt\"><p>A cultura da pitaya vem aumentando a sua participa\u00e7\u00e3o no com\u00e9rcio mundial de...<\/p><a href=\"https:\/\/cepa.epagri.sc.gov.br\/index.php\/caracterizacao-da-cultura-da-pitaya-producao-e-comercializacao-no-sul-catarinense\/\" class=\"eael-post-elements-readmore-btn\">Leia mais<\/a><\/div>\n                            <\/div><div class=\"eael-entry-header-after style-two\"><div class=\"eael-entry-meta\"><span class=\"eael-meta-posted-on\"><i class=\"far fa-clock\"><\/i><time datetime=\"23 de agosto de 2023\">23 de agosto de 2023<\/time><\/span><\/div><\/div><\/div><\/div>\n    <\/div>\n<\/article><article class=\"eael-grid-post  eael-post-grid-column eael-pg-post-13273 category-artigos tags-dinamica-economica-economia-agricola-fruticultura-indice-de-herfindahl-hirschman-santa-catarina\" data-id=\"13273\">\n    <div class=\"eael-grid-post-holder\">\n        <div class=\"eael-grid-post-holder-inner\"><div class=\"eael-entry-wrapper\"><header class=\"eael-entry-header\"><h1 class=\"eael-entry-title\"><a class=\"eael-grid-post-link\" href=\"https:\/\/cepa.epagri.sc.gov.br\/index.php\/analise-de-indicadores-da-dinamica-da-estrutura-produtiva-e-economica-na-fruticultura-catarinense-2002-2019\/\" title=\"An\u00e1lise de indicadores da din\u00e2mica da estrutura produtiva e econ\u00f4mica na fruticultura catarinense (2002-2019)\">An\u00e1lise de indicadores da din\u00e2mica da estrutura produtiva e econ\u00f4mica na fruticultura catarinense (2002-2019)<\/a><\/h1><\/header><div class=\"eael-entry-content\">\n                                <div class=\"eael-grid-post-excerpt\"><p>Na an\u00e1lise da din\u00e2mica produtiva e econ\u00f4mica da fruticultura catarinense \u00e9 importante observar...<\/p><a href=\"https:\/\/cepa.epagri.sc.gov.br\/index.php\/analise-de-indicadores-da-dinamica-da-estrutura-produtiva-e-economica-na-fruticultura-catarinense-2002-2019\/\" class=\"eael-post-elements-readmore-btn\">Leia mais<\/a><\/div>\n                            <\/div><div class=\"eael-entry-header-after style-two\"><div class=\"eael-entry-meta\"><span class=\"eael-meta-posted-on\"><i class=\"far fa-clock\"><\/i><time datetime=\"23 de agosto de 2023\">23 de agosto de 2023<\/time><\/span><\/div><\/div><\/div><\/div>\n    <\/div>\n<\/article><article class=\"eael-grid-post  eael-post-grid-column eael-pg-post-13052 category-artigos tags-abates-bovinocultura-pecuaria-leiteira\" data-id=\"13052\">\n    <div class=\"eael-grid-post-holder\">\n        <div class=\"eael-grid-post-holder-inner\"><div class=\"eael-entry-wrapper\"><header class=\"eael-entry-header\"><h1 class=\"eael-entry-title\"><a class=\"eael-grid-post-link\" href=\"https:\/\/cepa.epagri.sc.gov.br\/index.php\/participacao-dos-produtores-de-leite-na-producao-de-carne-bovina-em-santa-catarina\/\" title=\"Participa\u00e7\u00e3o dos produtores de leite na produ\u00e7\u00e3o de carne bovina em Santa Catarina\">Participa\u00e7\u00e3o dos produtores de leite na produ\u00e7\u00e3o de carne bovina em Santa Catarina<\/a><\/h1><\/header><div class=\"eael-entry-content\">\n                                <div class=\"eael-grid-post-excerpt\"><p>Al\u00e9m do leite, a pecu\u00e1ria leiteira contribui com a produ\u00e7\u00e3o de carne, podendo...<\/p><a href=\"https:\/\/cepa.epagri.sc.gov.br\/index.php\/participacao-dos-produtores-de-leite-na-producao-de-carne-bovina-em-santa-catarina\/\" class=\"eael-post-elements-readmore-btn\">Leia mais<\/a><\/div>\n                            <\/div><div class=\"eael-entry-header-after style-two\"><div class=\"eael-entry-meta\"><span class=\"eael-meta-posted-on\"><i class=\"far fa-clock\"><\/i><time datetime=\"18 de abril de 2023\">18 de abril de 2023<\/time><\/span><\/div><\/div><\/div><\/div>\n    <\/div>\n<\/article><article class=\"eael-grid-post  eael-post-grid-column eael-pg-post-13036 category-artigos tags-bovinocultura-carne-bovina-pecuaria-preco-boi-gordo\" data-id=\"13036\">\n    <div class=\"eael-grid-post-holder\">\n        <div class=\"eael-grid-post-holder-inner\"><div class=\"eael-entry-wrapper\"><header class=\"eael-entry-header\"><h1 class=\"eael-entry-title\"><a class=\"eael-grid-post-link\" href=\"https:\/\/cepa.epagri.sc.gov.br\/index.php\/participacao-de-femeas-no-total-de-bovinos-abatidos-no-brasil-e-em-santa-catarina-2013-2021\/\" title=\"Participa\u00e7\u00e3o de f\u00eameas no total de bovinos abatidos no Brasil e em Santa Catarina (2013\/2021)\">Participa\u00e7\u00e3o de f\u00eameas no total de bovinos abatidos no Brasil e em Santa Catarina (2013\/2021)<\/a><\/h1><\/header><div class=\"eael-entry-content\">\n                                <div class=\"eael-grid-post-excerpt\"><p>Este trabalho analisou a participa\u00e7\u00e3o de f\u00eameas no abate de bovinos no Brasil...<\/p><a href=\"https:\/\/cepa.epagri.sc.gov.br\/index.php\/participacao-de-femeas-no-total-de-bovinos-abatidos-no-brasil-e-em-santa-catarina-2013-2021\/\" class=\"eael-post-elements-readmore-btn\">Leia mais<\/a><\/div>\n                            <\/div><div class=\"eael-entry-header-after style-two\"><div class=\"eael-entry-meta\"><span class=\"eael-meta-posted-on\"><i class=\"far fa-clock\"><\/i><time datetime=\"12 de abril de 2023\">12 de abril de 2023<\/time><\/span><\/div><\/div><\/div><\/div>\n    <\/div>\n<\/article><article class=\"eael-grid-post  eael-post-grid-column eael-pg-post-12622 category-artigos tags-carne-suina-exportacao-febre-aftosa-status-sanitario\" data-id=\"12622\">\n    <div class=\"eael-grid-post-holder\">\n        <div class=\"eael-grid-post-holder-inner\"><div class=\"eael-entry-wrapper\"><header class=\"eael-entry-header\"><h1 class=\"eael-entry-title\"><a class=\"eael-grid-post-link\" href=\"https:\/\/cepa.epagri.sc.gov.br\/index.php\/status-sanitario-da-pecuaria-de-santa-catarina-e-seu-efeito-sobre-as-exportacoes-de-carne-suina\/\" title=\"Status sanit\u00e1rio da pecu\u00e1ria de Santa Catarina e seu efeito sobre as exporta\u00e7\u00f5es de carne su\u00edna\">Status sanit\u00e1rio da pecu\u00e1ria de Santa Catarina e seu efeito sobre as exporta\u00e7\u00f5es de carne su\u00edna<\/a><\/h1><\/header><div class=\"eael-entry-content\">\n                                <div class=\"eael-grid-post-excerpt\"><p>A suinocultura \u00e9 a principal atividade agropecu\u00e1ria de Santa Catarina, respondendo por 23,1%...<\/p><a href=\"https:\/\/cepa.epagri.sc.gov.br\/index.php\/status-sanitario-da-pecuaria-de-santa-catarina-e-seu-efeito-sobre-as-exportacoes-de-carne-suina\/\" class=\"eael-post-elements-readmore-btn\">Leia mais<\/a><\/div>\n                            <\/div><div class=\"eael-entry-header-after style-two\"><div class=\"eael-entry-meta\"><span class=\"eael-meta-posted-on\"><i class=\"far fa-clock\"><\/i><time datetime=\"13 de outubro de 2022\">13 de outubro de 2022<\/time><\/span><\/div><\/div><\/div><\/div>\n    <\/div>\n<\/article><article class=\"eael-grid-post  eael-post-grid-column eael-pg-post-12533 category-artigos tags-pecuaria-leiteira-bezerros-recem-nascidos-manejo-leiteiro-sacrificio\" data-id=\"12533\">\n    <div class=\"eael-grid-post-holder\">\n        <div class=\"eael-grid-post-holder-inner\"><div class=\"eael-entry-wrapper\"><header class=\"eael-entry-header\"><h1 class=\"eael-entry-title\"><a class=\"eael-grid-post-link\" href=\"https:\/\/cepa.epagri.sc.gov.br\/index.php\/proporcao-de-bezerros-machos-e-femeas-nascidos-em-santa-catarina-dimensionamento-e-efeitos-de-praticas-de-manejo-da-pecuaria-leiteira-sobre-os-resultados\/\" title=\"Propor\u00e7\u00e3o de bezerros machos e f\u00eameas nascidos em Santa Catarina: dimensionamento e efeitos de pr\u00e1ticas de manejo da pecu\u00e1ria leiteira sobre os resultados\">Propor\u00e7\u00e3o de bezerros machos e f\u00eameas nascidos em Santa Catarina: dimensionamento e efeitos de pr\u00e1ticas de manejo da pecu\u00e1ria leiteira sobre os resultados<\/a><\/h1><\/header><div class=\"eael-entry-content\">\n                                <div class=\"eael-grid-post-excerpt\"><p>A pecu\u00e1ria leiteira \u00e9 a quarta principal atividade agropecu\u00e1ria desenvolvida em Santa Catarina,...<\/p><a href=\"https:\/\/cepa.epagri.sc.gov.br\/index.php\/proporcao-de-bezerros-machos-e-femeas-nascidos-em-santa-catarina-dimensionamento-e-efeitos-de-praticas-de-manejo-da-pecuaria-leiteira-sobre-os-resultados\/\" class=\"eael-post-elements-readmore-btn\">Leia mais<\/a><\/div>\n                            <\/div><div class=\"eael-entry-header-after style-two\"><div class=\"eael-entry-meta\"><span class=\"eael-meta-posted-on\"><i class=\"far fa-clock\"><\/i><time datetime=\"31 de agosto de 2022\">31 de agosto de 2022<\/time><\/span><\/div><\/div><\/div><\/div>\n    <\/div>\n<\/article><article class=\"eael-grid-post  eael-post-grid-column eael-pg-post-12528 category-artigos tags-santa-catarina-semente-de-soja-soja\" data-id=\"12528\">\n    <div class=\"eael-grid-post-holder\">\n        <div class=\"eael-grid-post-holder-inner\"><div class=\"eael-entry-wrapper\"><header class=\"eael-entry-header\"><h1 class=\"eael-entry-title\"><a class=\"eael-grid-post-link\" href=\"https:\/\/cepa.epagri.sc.gov.br\/index.php\/analise-do-setor-de-sementes-de-soja-em-santa-catarina\/\" title=\"An\u00e1lise do setor de sementes de soja em Santa Catarina\">An\u00e1lise do setor de sementes de soja em Santa Catarina<\/a><\/h1><\/header><div class=\"eael-entry-content\">\n                                <div class=\"eael-grid-post-excerpt\"><p>A semente \u00e9 o insumo b\u00e1sico e vital em qualquer sistema de produ\u00e7\u00e3o...<\/p><a href=\"https:\/\/cepa.epagri.sc.gov.br\/index.php\/analise-do-setor-de-sementes-de-soja-em-santa-catarina\/\" class=\"eael-post-elements-readmore-btn\">Leia mais<\/a><\/div>\n                            <\/div><div class=\"eael-entry-header-after style-two\"><div class=\"eael-entry-meta\"><span class=\"eael-meta-posted-on\"><i class=\"far fa-clock\"><\/i><time datetime=\"29 de agosto de 2022\">29 de agosto de 2022<\/time><\/span><\/div><\/div><\/div><\/div>\n    <\/div>\n<\/article><article class=\"eael-grid-post  eael-post-grid-column eael-pg-post-12331 category-artigos tags-preco-do-leite-bovinos-de-leite-abate-de-bovinos-descarte\" data-id=\"12331\">\n    <div class=\"eael-grid-post-holder\">\n        <div class=\"eael-grid-post-holder-inner\"><div class=\"eael-entry-wrapper\"><header class=\"eael-entry-header\"><h1 class=\"eael-entry-title\"><a class=\"eael-grid-post-link\" href=\"https:\/\/cepa.epagri.sc.gov.br\/index.php\/relacao-entre-preco-do-leite-e-abate-de-vacas-leiteiras-em-santa-catarina\/\" title=\"Rela\u00e7\u00e3o entre pre\u00e7o do leite e abate de vacas leiteiras em Santa Catarina\">Rela\u00e7\u00e3o entre pre\u00e7o do leite e abate de vacas leiteiras em Santa Catarina<\/a><\/h1><\/header><div class=\"eael-entry-content\">\n                                <div class=\"eael-grid-post-excerpt\"><p>A pecu\u00e1ria leiteira \u00e9 uma das principais atividades produtivas da agropecu\u00e1ria catarinense, com...<\/p><a href=\"https:\/\/cepa.epagri.sc.gov.br\/index.php\/relacao-entre-preco-do-leite-e-abate-de-vacas-leiteiras-em-santa-catarina\/\" class=\"eael-post-elements-readmore-btn\">Leia mais<\/a><\/div>\n                            <\/div><div class=\"eael-entry-header-after style-two\"><div class=\"eael-entry-meta\"><span class=\"eael-meta-posted-on\"><i class=\"far fa-clock\"><\/i><time datetime=\"9 de maio de 2022\">9 de maio de 2022<\/time><\/span><\/div><\/div><\/div><\/div>\n    <\/div>\n<\/article><article class=\"eael-grid-post  eael-post-grid-column eael-pg-post-12323 category-artigos tags-agroindustria-avicultura-frangos-santa-catarina\" data-id=\"12323\">\n    <div class=\"eael-grid-post-holder\">\n        <div class=\"eael-grid-post-holder-inner\"><div class=\"eael-entry-wrapper\"><header class=\"eael-entry-header\"><h1 class=\"eael-entry-title\"><a class=\"eael-grid-post-link\" href=\"https:\/\/cepa.epagri.sc.gov.br\/index.php\/caracterizacao-e-dinamica-do-abate-de-frangos-em-santa-catarina\/\" title=\"Caracteriza\u00e7\u00e3o e din\u00e2mica do abate de frangos em Santa Catarina\">Caracteriza\u00e7\u00e3o e din\u00e2mica do abate de frangos em Santa Catarina<\/a><\/h1><\/header><div class=\"eael-entry-content\">\n                                <div class=\"eael-grid-post-excerpt\"><p>A avicultura \u00e9 uma das principais atividades agropecu\u00e1rias de Santa Catarina, respons\u00e1vel por...<\/p><a href=\"https:\/\/cepa.epagri.sc.gov.br\/index.php\/caracterizacao-e-dinamica-do-abate-de-frangos-em-santa-catarina\/\" class=\"eael-post-elements-readmore-btn\">Leia mais<\/a><\/div>\n                            <\/div><div class=\"eael-entry-header-after style-two\"><div class=\"eael-entry-meta\"><span class=\"eael-meta-posted-on\"><i class=\"far fa-clock\"><\/i><time datetime=\"9 de maio de 2022\">9 de maio de 2022<\/time><\/span><\/div><\/div><\/div><\/div>\n    <\/div>\n<\/article><article class=\"eael-grid-post  eael-post-grid-column eael-pg-post-11146 category-artigos tags-arroz-feijao-insumos-milho-milho-oferta-demanda-balanco-producao-animal-produtos-agricolas-relacao-de-troca-soja-trigo\" data-id=\"11146\">\n    <div class=\"eael-grid-post-holder\">\n        <div class=\"eael-grid-post-holder-inner\"><div class=\"eael-entry-wrapper\"><header class=\"eael-entry-header\"><h1 class=\"eael-entry-title\"><a class=\"eael-grid-post-link\" href=\"https:\/\/cepa.epagri.sc.gov.br\/index.php\/custo-de-producao-safra-2021-22-relacao-de-troca-entre-produtos-agricolas-e-insumos\/\" title=\"Custo de Produ\u00e7\u00e3o Safra 2021\/22 &#8211; Rela\u00e7\u00e3o de troca entre produtos agr\u00edcolas e insumos\">Custo de Produ\u00e7\u00e3o Safra 2021\/22 &#8211; Rela\u00e7\u00e3o de troca entre produtos agr\u00edcolas e insumos<\/a><\/h1><\/header><div class=\"eael-entry-content\">\n                                <div class=\"eael-grid-post-excerpt\"><p>Em 2021, Santa Catarina produziu uma safra menor de gr\u00e3os, foram 5,80 milh\u00f5es...<\/p><a href=\"https:\/\/cepa.epagri.sc.gov.br\/index.php\/custo-de-producao-safra-2021-22-relacao-de-troca-entre-produtos-agricolas-e-insumos\/\" class=\"eael-post-elements-readmore-btn\">Leia mais<\/a><\/div>\n                            <\/div><div class=\"eael-entry-header-after style-two\"><div class=\"eael-entry-meta\"><span class=\"eael-meta-posted-on\"><i class=\"far fa-clock\"><\/i><time datetime=\"31 de maio de 2021\">31 de maio de 2021<\/time><\/span><\/div><\/div><\/div><\/div>\n    <\/div>\n<\/article><article class=\"eael-grid-post  eael-post-grid-column eael-pg-post-10959 category-artigos tags-agricultura-familiar-artigos-bovinos-carne-bovina-santa-catarina-seguranca-alimentar\" data-id=\"10959\">\n    <div class=\"eael-grid-post-holder\">\n        <div class=\"eael-grid-post-holder-inner\"><div class=\"eael-entry-wrapper\"><header class=\"eael-entry-header\"><h1 class=\"eael-entry-title\"><a class=\"eael-grid-post-link\" href=\"https:\/\/cepa.epagri.sc.gov.br\/index.php\/dinamica-e-caracteristicas-da-producao-de-bovinos-para-autoconsumo-em-santa-catarina\/\" title=\"Din\u00e2mica e caracter\u00edsticas da produ\u00e7\u00e3o de bovinos para autoconsumo em Santa Catarina\">Din\u00e2mica e caracter\u00edsticas da produ\u00e7\u00e3o de bovinos para autoconsumo em Santa Catarina<\/a><\/h1><\/header><div class=\"eael-entry-content\">\n                                <div class=\"eael-grid-post-excerpt\"><p>A produ\u00e7\u00e3o de bovinos para autoconsumo representa importante fonte de alimentos e de...<\/p><a href=\"https:\/\/cepa.epagri.sc.gov.br\/index.php\/dinamica-e-caracteristicas-da-producao-de-bovinos-para-autoconsumo-em-santa-catarina\/\" class=\"eael-post-elements-readmore-btn\">Leia mais<\/a><\/div>\n                            <\/div><div class=\"eael-entry-header-after style-two\"><div class=\"eael-entry-meta\"><span class=\"eael-meta-posted-on\"><i class=\"far fa-clock\"><\/i><time datetime=\"11 de maio de 2021\">11 de maio de 2021<\/time><\/span><\/div><\/div><\/div><\/div>\n    <\/div>\n<\/article><article class=\"eael-grid-post  eael-post-grid-column eael-pg-post-10207 category-artigos tags-rebanho-efetivo-pecuaria-de-corte-carne-bovina-abate\" data-id=\"10207\">\n    <div class=\"eael-grid-post-holder\">\n        <div class=\"eael-grid-post-holder-inner\"><div class=\"eael-entry-wrapper\"><header class=\"eael-entry-header\"><h1 class=\"eael-entry-title\"><a class=\"eael-grid-post-link\" href=\"https:\/\/cepa.epagri.sc.gov.br\/index.php\/transformacoes-na-distribuicao-do-rebanho-e-producao-de-bovinos-em-santa-catarina\/\" title=\"Transforma\u00e7\u00f5es na distribui\u00e7\u00e3o do rebanho e produ\u00e7\u00e3o de bovinos em Santa Catarina\">Transforma\u00e7\u00f5es na distribui\u00e7\u00e3o do rebanho e produ\u00e7\u00e3o de bovinos em Santa Catarina<\/a><\/h1><\/header><div class=\"eael-entry-content\">\n                                <div class=\"eael-grid-post-excerpt\"><p>Embora a pecu\u00e1ria em Santa Catarina tenha tido origem na regi\u00e3o Serrana, ao...<\/p><a href=\"https:\/\/cepa.epagri.sc.gov.br\/index.php\/transformacoes-na-distribuicao-do-rebanho-e-producao-de-bovinos-em-santa-catarina\/\" class=\"eael-post-elements-readmore-btn\">Leia mais<\/a><\/div>\n                            <\/div><div class=\"eael-entry-header-after style-two\"><div class=\"eael-entry-meta\"><span class=\"eael-meta-posted-on\"><i class=\"far fa-clock\"><\/i><time datetime=\"17 de dezembro de 2020\">17 de dezembro de 2020<\/time><\/span><\/div><\/div><\/div><\/div>\n    <\/div>\n<\/article><article class=\"eael-grid-post  eael-post-grid-column eael-pg-post-10121 category-artigos tags-avicultura-agroindustria-abate-regionalizacao-santa-catarina\" data-id=\"10121\">\n    <div class=\"eael-grid-post-holder\">\n        <div class=\"eael-grid-post-holder-inner\"><div class=\"eael-entry-wrapper\"><header class=\"eael-entry-header\"><h1 class=\"eael-entry-title\"><a class=\"eael-grid-post-link\" href=\"https:\/\/cepa.epagri.sc.gov.br\/index.php\/producao-de-frangos-em-santa-catarina-uma-analise-da-regionalizacao-dos-abates-2\/\" title=\"Produ\u00e7\u00e3o de frangos em Santa Catarina: uma an\u00e1lise da regionaliza\u00e7\u00e3o dos abates\">Produ\u00e7\u00e3o de frangos em Santa Catarina: uma an\u00e1lise da regionaliza\u00e7\u00e3o dos abates<\/a><\/h1><\/header><div class=\"eael-entry-content\">\n                                <div class=\"eael-grid-post-excerpt\"><p>&nbsp;A produ\u00e7\u00e3o de frangos \u00e9 a principal atividade agropecu\u00e1ria de Santa Catarina, com...<\/p><a href=\"https:\/\/cepa.epagri.sc.gov.br\/index.php\/producao-de-frangos-em-santa-catarina-uma-analise-da-regionalizacao-dos-abates-2\/\" class=\"eael-post-elements-readmore-btn\">Leia mais<\/a><\/div>\n                            <\/div><div class=\"eael-entry-header-after style-two\"><div class=\"eael-entry-meta\"><span class=\"eael-meta-posted-on\"><i class=\"far fa-clock\"><\/i><time datetime=\"7 de dezembro de 2020\">7 de dezembro de 2020<\/time><\/span><\/div><\/div><\/div><\/div>\n    <\/div>\n<\/article><article class=\"eael-grid-post  eael-post-grid-column eael-pg-post-10086 category-artigos tags-bovinos-autoconsumo-agricultura-familiar-carne-bovina-seguranca-alimentar-santa-catarina\" data-id=\"10086\">\n    <div class=\"eael-grid-post-holder\">\n        <div class=\"eael-grid-post-holder-inner\"><div class=\"eael-entry-wrapper\"><header class=\"eael-entry-header\"><h1 class=\"eael-entry-title\"><a class=\"eael-grid-post-link\" href=\"https:\/\/cepa.epagri.sc.gov.br\/index.php\/producao-de-bovinos-para-autoconsumo-em-santa-catarina-relevancia-caracteristicas-e-dinamica\/\" title=\"Produ\u00e7\u00e3o de bovinos para autoconsumo em Santa Catarina: relev\u00e2ncia, caracter\u00edsticas e din\u00e2mica\">Produ\u00e7\u00e3o de bovinos para autoconsumo em Santa Catarina: relev\u00e2ncia, caracter\u00edsticas e din\u00e2mica<\/a><\/h1><\/header><div class=\"eael-entry-content\">\n                                <div class=\"eael-grid-post-excerpt\"><p>A produ\u00e7\u00e3o de bovinos para autoconsumo representa uma importante fonte de prote\u00edna animal...<\/p><a href=\"https:\/\/cepa.epagri.sc.gov.br\/index.php\/producao-de-bovinos-para-autoconsumo-em-santa-catarina-relevancia-caracteristicas-e-dinamica\/\" class=\"eael-post-elements-readmore-btn\">Leia mais<\/a><\/div>\n                            <\/div><div class=\"eael-entry-header-after style-two\"><div class=\"eael-entry-meta\"><span class=\"eael-meta-posted-on\"><i class=\"far fa-clock\"><\/i><time datetime=\"2 de dezembro de 2020\">2 de dezembro de 2020<\/time><\/span><\/div><\/div><\/div><\/div>\n    <\/div>\n<\/article><article class=\"eael-grid-post  eael-post-grid-column eael-pg-post-9974 category-artigos tags-economia-agricola-indicacao-geografica-santa-catarina-vinhos-de-altitude-vitivinicultura\" data-id=\"9974\">\n    <div class=\"eael-grid-post-holder\">\n        <div class=\"eael-grid-post-holder-inner\"><div class=\"eael-entry-wrapper\"><header class=\"eael-entry-header\"><h1 class=\"eael-entry-title\"><a class=\"eael-grid-post-link\" href=\"https:\/\/cepa.epagri.sc.gov.br\/index.php\/a-regiao-dos-vinhos-de-altitude-de-santa-catarina-em-busca-de-uma-indicacao-de-procedencia\/\" title=\"A regi\u00e3o dos vinhos de altitude de Santa Catarina: em busca de uma indica\u00e7\u00e3o de proced\u00eancia\">A regi\u00e3o dos vinhos de altitude de Santa Catarina: em busca de uma indica\u00e7\u00e3o de proced\u00eancia<\/a><\/h1><\/header><div class=\"eael-entry-content\">\n                                <div class=\"eael-grid-post-excerpt\"><p>Na regi\u00e3o dos vinhos de altitude catarinense existem algumas caracter\u00edsticas regionais especiais da...<\/p><a href=\"https:\/\/cepa.epagri.sc.gov.br\/index.php\/a-regiao-dos-vinhos-de-altitude-de-santa-catarina-em-busca-de-uma-indicacao-de-procedencia\/\" class=\"eael-post-elements-readmore-btn\">Leia mais<\/a><\/div>\n                            <\/div><div class=\"eael-entry-header-after style-two\"><div class=\"eael-entry-meta\"><span class=\"eael-meta-posted-on\"><i class=\"far fa-clock\"><\/i><time datetime=\"13 de novembro de 2020\">13 de novembro de 2020<\/time><\/span><\/div><\/div><\/div><\/div>\n    <\/div>\n<\/article><article class=\"eael-grid-post  eael-post-grid-column eael-pg-post-9969 category-artigos tags-economia-agricola-estudos-socioeconomicos-indicacao-geografica-maca-fuji-sao-joaquim\" data-id=\"9969\">\n    <div class=\"eael-grid-post-holder\">\n        <div class=\"eael-grid-post-holder-inner\"><div class=\"eael-entry-wrapper\"><header class=\"eael-entry-header\"><h1 class=\"eael-entry-title\"><a class=\"eael-grid-post-link\" href=\"https:\/\/cepa.epagri.sc.gov.br\/index.php\/aspectos-socioeconomicos-da-regiao-de-sao-joaquim-sc-perspectivas-para-indicacao-geografica-da-maca-fuji\/\" title=\"Aspectos socioecon\u00f4micos da regi\u00e3o de S\u00e3o Joaquim (SC): Perspectivas para indica\u00e7\u00e3o geogr\u00e1fica da ma\u00e7\u00e3 Fuji\">Aspectos socioecon\u00f4micos da regi\u00e3o de S\u00e3o Joaquim (SC): Perspectivas para indica\u00e7\u00e3o geogr\u00e1fica da ma\u00e7\u00e3 Fuji<\/a><\/h1><\/header><div class=\"eael-entry-content\">\n                                <div class=\"eael-grid-post-excerpt\"><p>A Lei brasileira 9.279\/1996, que regula os direitos e obriga\u00e7\u00f5es da propriedade industrial,...<\/p><a href=\"https:\/\/cepa.epagri.sc.gov.br\/index.php\/aspectos-socioeconomicos-da-regiao-de-sao-joaquim-sc-perspectivas-para-indicacao-geografica-da-maca-fuji\/\" class=\"eael-post-elements-readmore-btn\">Leia mais<\/a><\/div>\n                            <\/div><div class=\"eael-entry-header-after style-two\"><div class=\"eael-entry-meta\"><span class=\"eael-meta-posted-on\"><i class=\"far fa-clock\"><\/i><time datetime=\"13 de novembro de 2020\">13 de novembro de 2020<\/time><\/span><\/div><\/div><\/div><\/div>\n    <\/div>\n<\/article><article class=\"eael-grid-post  eael-post-grid-column eael-pg-post-9853 category-artigos tags-abates-agroindustria-suinocultura-suinos\" data-id=\"9853\">\n    <div class=\"eael-grid-post-holder\">\n        <div class=\"eael-grid-post-holder-inner\"><div class=\"eael-entry-wrapper\"><header class=\"eael-entry-header\"><h1 class=\"eael-entry-title\"><a class=\"eael-grid-post-link\" href=\"https:\/\/cepa.epagri.sc.gov.br\/index.php\/evolucao-do-abate-de-suinos-em-santa-catarina-2013-2018-entre-a-consolidacao-e-concentracao-agroindustrial\/\" title=\"Evolu\u00e7\u00e3o do abate de su\u00ednos em Santa Catarina (2013\/2018): Entre a consolida\u00e7\u00e3o e concentra\u00e7\u00e3o agroindustrial\">Evolu\u00e7\u00e3o do abate de su\u00ednos em Santa Catarina (2013\/2018): Entre a consolida\u00e7\u00e3o e concentra\u00e7\u00e3o agroindustrial<\/a><\/h1><\/header><div class=\"eael-entry-content\">\n                                <div class=\"eael-grid-post-excerpt\"><p>A suinocultura \u00e9 uma das principais atividades agropecu\u00e1rias de Santa Catarina. Contudo,&nbsp;nas \u00faltimas...<\/p><a href=\"https:\/\/cepa.epagri.sc.gov.br\/index.php\/evolucao-do-abate-de-suinos-em-santa-catarina-2013-2018-entre-a-consolidacao-e-concentracao-agroindustrial\/\" class=\"eael-post-elements-readmore-btn\">Leia mais<\/a><\/div>\n                            <\/div><div class=\"eael-entry-header-after style-two\"><div class=\"eael-entry-meta\"><span class=\"eael-meta-posted-on\"><i class=\"far fa-clock\"><\/i><time datetime=\"14 de outubro de 2020\">14 de outubro de 2020<\/time><\/span><\/div><\/div><\/div><\/div>\n    <\/div>\n<\/article><article class=\"eael-grid-post  eael-post-grid-column eael-pg-post-9842 category-artigos tags-capacidades-de-trabalho-recursos-renda\" data-id=\"9842\">\n    <div class=\"eael-grid-post-holder\">\n        <div class=\"eael-grid-post-holder-inner\"><div class=\"eael-entry-wrapper\"><header class=\"eael-entry-header\"><h1 class=\"eael-entry-title\"><a class=\"eael-grid-post-link\" href=\"https:\/\/cepa.epagri.sc.gov.br\/index.php\/recursos-e-capacidades-de-trabalho-associados-a-renda-de-estabelecimentos-agropecuarios-de-produtores-de-tabaco-do-sul-do-brasil\/\" title=\"Recursos e capacidades de trabalho associados \u00e0 renda de estabelecimentos agropecu\u00e1rios de produtores de tabaco do Sul do Brasil\">Recursos e capacidades de trabalho associados \u00e0 renda de estabelecimentos agropecu\u00e1rios de produtores de tabaco do Sul do Brasil<\/a><\/h1><\/header><div class=\"eael-entry-content\">\n                                <div class=\"eael-grid-post-excerpt\"><p>O&nbsp; artigo&nbsp; tem&nbsp; como&nbsp; objetivo&nbsp; compreender como os agricultores avaliam o&nbsp;trabalho em estabelecimentos...<\/p><a href=\"https:\/\/cepa.epagri.sc.gov.br\/index.php\/recursos-e-capacidades-de-trabalho-associados-a-renda-de-estabelecimentos-agropecuarios-de-produtores-de-tabaco-do-sul-do-brasil\/\" class=\"eael-post-elements-readmore-btn\">Leia mais<\/a><\/div>\n                            <\/div><div class=\"eael-entry-header-after style-two\"><div class=\"eael-entry-meta\"><span class=\"eael-meta-posted-on\"><i class=\"far fa-clock\"><\/i><time datetime=\"13 de outubro de 2020\">13 de outubro de 2020<\/time><\/span><\/div><\/div><\/div><\/div>\n    <\/div>\n<\/article><article class=\"eael-grid-post  eael-post-grid-column eael-pg-post-9781 category-artigos tags-economia-agricola-fruticultura-maca-precos-agricolas-santa-catarina\" data-id=\"9781\">\n    <div class=\"eael-grid-post-holder\">\n        <div class=\"eael-grid-post-holder-inner\"><div class=\"eael-entry-wrapper\"><header class=\"eael-entry-header\"><h1 class=\"eael-entry-title\"><a class=\"eael-grid-post-link\" href=\"https:\/\/cepa.epagri.sc.gov.br\/index.php\/evolucao-da-producao-de-maca-no-estado-de-santa-catarina-2014-2017\/\" title=\"Evolu\u00e7\u00e3o da produ\u00e7\u00e3o de ma\u00e7\u00e3 no estado de Santa catarina (2014-2017)\">Evolu\u00e7\u00e3o da produ\u00e7\u00e3o de ma\u00e7\u00e3 no estado de Santa catarina (2014-2017)<\/a><\/h1><\/header><div class=\"eael-entry-content\">\n                                <div class=\"eael-grid-post-excerpt\"><p>Para as institui\u00e7\u00f5es p\u00fablicas respons\u00e1veis pela promo\u00e7\u00e3o do desenvolvimento agr\u00edcola e rural sustent\u00e1vel,...<\/p><a href=\"https:\/\/cepa.epagri.sc.gov.br\/index.php\/evolucao-da-producao-de-maca-no-estado-de-santa-catarina-2014-2017\/\" class=\"eael-post-elements-readmore-btn\">Leia mais<\/a><\/div>\n                            <\/div><div class=\"eael-entry-header-after style-two\"><div class=\"eael-entry-meta\"><span class=\"eael-meta-posted-on\"><i class=\"far fa-clock\"><\/i><time datetime=\"14 de setembro de 2020\">14 de setembro de 2020<\/time><\/span><\/div><\/div><\/div><\/div>\n    <\/div>\n<\/article><article class=\"eael-grid-post  eael-post-grid-column eael-pg-post-9776 category-artigos tags-economia-agricola-indicacao-geografica-producao-agricola-santa-catarina-vitivinicultura\" data-id=\"9776\">\n    <div class=\"eael-grid-post-holder\">\n        <div class=\"eael-grid-post-holder-inner\"><div class=\"eael-entry-wrapper\"><header class=\"eael-entry-header\"><h1 class=\"eael-entry-title\"><a class=\"eael-grid-post-link\" href=\"https:\/\/cepa.epagri.sc.gov.br\/index.php\/caracterizacao-socioeconomica-da-producao-de-uvas-e-vinhos-de-altitude-de-santa-catarina\/\" title=\"Caracteriza\u00e7\u00e3o socioecon\u00f4mica da produ\u00e7\u00e3o de uvas e vinhos de altitude de Santa Catarina\">Caracteriza\u00e7\u00e3o socioecon\u00f4mica da produ\u00e7\u00e3o de uvas e vinhos de altitude de Santa Catarina<\/a><\/h1><\/header><div class=\"eael-entry-content\">\n                                <div class=\"eael-grid-post-excerpt\"><p>No Brasil, uma indica\u00e7\u00e3o geogr\u00e1fica pode ser registrada, garantindo direito exclusivo relacionado \u00e0...<\/p><a href=\"https:\/\/cepa.epagri.sc.gov.br\/index.php\/caracterizacao-socioeconomica-da-producao-de-uvas-e-vinhos-de-altitude-de-santa-catarina\/\" class=\"eael-post-elements-readmore-btn\">Leia mais<\/a><\/div>\n                            <\/div><div class=\"eael-entry-header-after style-two\"><div class=\"eael-entry-meta\"><span class=\"eael-meta-posted-on\"><i class=\"far fa-clock\"><\/i><time datetime=\"14 de setembro de 2020\">14 de setembro de 2020<\/time><\/span><\/div><\/div><\/div><\/div>\n    <\/div>\n<\/article><article class=\"eael-grid-post  eael-post-grid-column eael-pg-post-9768 category-artigos tags-bananicultura-brasil-economia-agricola-producao-agricola\" data-id=\"9768\">\n    <div class=\"eael-grid-post-holder\">\n        <div class=\"eael-grid-post-holder-inner\"><div class=\"eael-entry-wrapper\"><header class=\"eael-entry-header\"><h1 class=\"eael-entry-title\"><a class=\"eael-grid-post-link\" href=\"https:\/\/cepa.epagri.sc.gov.br\/index.php\/bananicultura-producao-e-exportacoes-brasileiras-2014-2018\/\" title=\"Bananicultura: Produ\u00e7\u00e3o e exporta\u00e7\u00f5es brasileiras (2014-2018)\">Bananicultura: Produ\u00e7\u00e3o e exporta\u00e7\u00f5es brasileiras (2014-2018)<\/a><\/h1><\/header><div class=\"eael-entry-content\">\n                                <div class=\"eael-grid-post-excerpt\"><p>Resumo O Brasil se destaca como um dos maiores produtores mundiais de frutas...<\/p><a href=\"https:\/\/cepa.epagri.sc.gov.br\/index.php\/bananicultura-producao-e-exportacoes-brasileiras-2014-2018\/\" class=\"eael-post-elements-readmore-btn\">Leia mais<\/a><\/div>\n                            <\/div><div class=\"eael-entry-header-after style-two\"><div class=\"eael-entry-meta\"><span class=\"eael-meta-posted-on\"><i class=\"far fa-clock\"><\/i><time datetime=\"14 de setembro de 2020\">14 de setembro de 2020<\/time><\/span><\/div><\/div><\/div><\/div>\n    <\/div>\n<\/article><article class=\"eael-grid-post  eael-post-grid-column eael-pg-post-5743 category-artigos tags-urbanizacao-envelhecimento-da-populacao-agricultura-familiar\" data-id=\"5743\">\n    <div class=\"eael-grid-post-holder\">\n        <div class=\"eael-grid-post-holder-inner\"><div class=\"eael-entry-wrapper\"><header class=\"eael-entry-header\"><h1 class=\"eael-entry-title\"><a class=\"eael-grid-post-link\" href=\"https:\/\/cepa.epagri.sc.gov.br\/index.php\/urbanizacao-e-envelhecimento-da-populacao\/\" title=\"Urbaniza\u00e7\u00e3o e envelhecimento da popula\u00e7\u00e3o na perspectiva de agricultores familiares do Sul do Brasil\">Urbaniza\u00e7\u00e3o e envelhecimento da popula\u00e7\u00e3o na perspectiva de agricultores familiares do Sul do Brasil<\/a><\/h1><\/header><div class=\"eael-entry-content\">\n                                <div class=\"eael-grid-post-excerpt\"><p>O artigo apresenta a perspectiva de agricultores familiares do Sul do Brasil sobre...<\/p><a href=\"https:\/\/cepa.epagri.sc.gov.br\/index.php\/urbanizacao-e-envelhecimento-da-populacao\/\" class=\"eael-post-elements-readmore-btn\">Leia mais<\/a><\/div>\n                            <\/div><div class=\"eael-entry-header-after style-two\"><div class=\"eael-entry-meta\"><span class=\"eael-meta-posted-on\"><i class=\"far fa-clock\"><\/i><time datetime=\"9 de setembro de 2019\">9 de setembro de 2019<\/time><\/span><\/div><\/div><\/div><\/div>\n    <\/div>\n<\/article><article class=\"eael-grid-post  eael-post-grid-column eael-pg-post-7785 category-artigos tags-lucratividade-gestao-visao-baseada-em-recursos-regressao-linear-multipla\" data-id=\"7785\">\n    <div class=\"eael-grid-post-holder\">\n        <div class=\"eael-grid-post-holder-inner\"><div class=\"eael-entry-wrapper\"><header class=\"eael-entry-header\"><h1 class=\"eael-entry-title\"><a class=\"eael-grid-post-link\" href=\"https:\/\/cepa.epagri.sc.gov.br\/index.php\/efeito-de-determinantes-da-lucratividade-de-estabelecimentos-agropecuarios-familiares-do-sul-do-brasil-a-visao-baseada-em-recursos-vbr\/\" title=\"Efeito de determinantes da lucratividade de estabelecimentos agropecu\u00e1rios familiares do Sul do Brasil &#8211; a vis\u00e3o baseada em recursos (VBR) &#8211;\">Efeito de determinantes da lucratividade de estabelecimentos agropecu\u00e1rios familiares do Sul do Brasil &#8211; a vis\u00e3o baseada em recursos (VBR) &#8211;<\/a><\/h1><\/header><div class=\"eael-entry-content\">\n                                <div class=\"eael-grid-post-excerpt\"><p>H\u00e1 intensa preocupa\u00e7\u00e3o entre os agricultores a respeito de como usar os recursos...<\/p><a href=\"https:\/\/cepa.epagri.sc.gov.br\/index.php\/efeito-de-determinantes-da-lucratividade-de-estabelecimentos-agropecuarios-familiares-do-sul-do-brasil-a-visao-baseada-em-recursos-vbr\/\" class=\"eael-post-elements-readmore-btn\">Leia mais<\/a><\/div>\n                            <\/div><div class=\"eael-entry-header-after style-two\"><div class=\"eael-entry-meta\"><span class=\"eael-meta-posted-on\"><i class=\"far fa-clock\"><\/i><time datetime=\"9 de setembro de 2019\">9 de setembro de 2019<\/time><\/span><\/div><\/div><\/div><\/div>\n    <\/div>\n<\/article><article class=\"eael-grid-post  eael-post-grid-column eael-pg-post-7715 category-artigos tags-milho-oferta-demanda-balanco-producao-animal\" data-id=\"7715\">\n    <div class=\"eael-grid-post-holder\">\n        <div class=\"eael-grid-post-holder-inner\"><div class=\"eael-entry-wrapper\"><header class=\"eael-entry-header\"><h1 class=\"eael-entry-title\"><a class=\"eael-grid-post-link\" href=\"https:\/\/cepa.epagri.sc.gov.br\/index.php\/oferta-e-demanda-de-milho-e-o-desenvolvimento-das-cadeias-produtivas-de-carnes-no-estado-de-santa-catarina\/\" title=\"Oferta e demanda de milho e o desenvolvimento das cadeias produtivas de carnes no estado de Santa Catarina\">Oferta e demanda de milho e o desenvolvimento das cadeias produtivas de carnes no estado de Santa Catarina<\/a><\/h1><\/header><div class=\"eael-entry-content\">\n                                <div class=\"eael-grid-post-excerpt\"><p>O milho, cereal mais produzido e consumido no mundo, tem como principais produtores...<\/p><a href=\"https:\/\/cepa.epagri.sc.gov.br\/index.php\/oferta-e-demanda-de-milho-e-o-desenvolvimento-das-cadeias-produtivas-de-carnes-no-estado-de-santa-catarina\/\" class=\"eael-post-elements-readmore-btn\">Leia mais<\/a><\/div>\n                            <\/div><div class=\"eael-entry-header-after style-two\"><div class=\"eael-entry-meta\"><span class=\"eael-meta-posted-on\"><i class=\"far fa-clock\"><\/i><time datetime=\"19 de agosto de 2019\">19 de agosto de 2019<\/time><\/span><\/div><\/div><\/div><\/div>\n    <\/div>\n<\/article><article class=\"eael-grid-post  eael-post-grid-column eael-pg-post-7712 category-artigos tags-agricultura-analise-de-componentes-principais-santa-catarina-transformacoes-na-agricultura\" data-id=\"7712\">\n    <div class=\"eael-grid-post-holder\">\n        <div class=\"eael-grid-post-holder-inner\"><div class=\"eael-entry-wrapper\"><header class=\"eael-entry-header\"><h1 class=\"eael-entry-title\"><a class=\"eael-grid-post-link\" href=\"https:\/\/cepa.epagri.sc.gov.br\/index.php\/as-transformacoes-da-agricultura-catarinense-entre-1996-e-2017-evidencias-a-partir-da-analise-de-componentes-principais\/\" title=\"As transforma\u00e7\u00f5es da agricultura catarinense entre 1996 e 2017: evid\u00eancias a partir da an\u00e1lise de componentes principais\">As transforma\u00e7\u00f5es da agricultura catarinense entre 1996 e 2017: evid\u00eancias a partir da an\u00e1lise de componentes principais<\/a><\/h1><\/header><div class=\"eael-entry-content\">\n                                <div class=\"eael-grid-post-excerpt\"><p>A agricultura de Santa Catarina apresenta mudan\u00e7as importantes nas \u00faltimas duas d\u00e9cadas. As...<\/p><a href=\"https:\/\/cepa.epagri.sc.gov.br\/index.php\/as-transformacoes-da-agricultura-catarinense-entre-1996-e-2017-evidencias-a-partir-da-analise-de-componentes-principais\/\" class=\"eael-post-elements-readmore-btn\">Leia mais<\/a><\/div>\n                            <\/div><div class=\"eael-entry-header-after style-two\"><div class=\"eael-entry-meta\"><span class=\"eael-meta-posted-on\"><i class=\"far fa-clock\"><\/i><time datetime=\"19 de agosto de 2019\">19 de agosto de 2019<\/time><\/span><\/div><\/div><\/div><\/div>\n    <\/div>\n<\/article><article class=\"eael-grid-post  eael-post-grid-column eael-pg-post-7709 category-artigos tags-cooperativa-competitividade-cadeias-de-valor\" data-id=\"7709\">\n    <div class=\"eael-grid-post-holder\">\n        <div class=\"eael-grid-post-holder-inner\"><div class=\"eael-entry-wrapper\"><header class=\"eael-entry-header\"><h1 class=\"eael-entry-title\"><a class=\"eael-grid-post-link\" href=\"https:\/\/cepa.epagri.sc.gov.br\/index.php\/intercooperacao-na-cadeia-de-suprimentos-do-complexo-carnes-no-estado-de-santa-catarina\/\" title=\"Intercoopera\u00e7\u00e3o na cadeia de suprimentos do complexo carnes no estado de Santa Catarina\">Intercoopera\u00e7\u00e3o na cadeia de suprimentos do complexo carnes no estado de Santa Catarina<\/a><\/h1><\/header><div class=\"eael-entry-content\">\n                                <div class=\"eael-grid-post-excerpt\"><p>O presente trabalho tem por objetivo analisar a intercoopera\u00e7\u00e3o, a gest\u00e3o e a...<\/p><a href=\"https:\/\/cepa.epagri.sc.gov.br\/index.php\/intercooperacao-na-cadeia-de-suprimentos-do-complexo-carnes-no-estado-de-santa-catarina\/\" class=\"eael-post-elements-readmore-btn\">Leia mais<\/a><\/div>\n                            <\/div><div class=\"eael-entry-header-after style-two\"><div class=\"eael-entry-meta\"><span class=\"eael-meta-posted-on\"><i class=\"far fa-clock\"><\/i><time datetime=\"16 de agosto de 2019\">16 de agosto de 2019<\/time><\/span><\/div><\/div><\/div><\/div>\n    <\/div>\n<\/article><article class=\"eael-grid-post  eael-post-grid-column eael-pg-post-7705 category-artigos tags-suinos-agroindustria-abate\" data-id=\"7705\">\n    <div class=\"eael-grid-post-holder\">\n        <div class=\"eael-grid-post-holder-inner\"><div class=\"eael-entry-wrapper\"><header class=\"eael-entry-header\"><h1 class=\"eael-entry-title\"><a class=\"eael-grid-post-link\" href=\"https:\/\/cepa.epagri.sc.gov.br\/index.php\/producao-de-suinos-em-santa-catarina-uma-analise-da-regionalizacao-dos-abates-2013-2018\/\" title=\"Produ\u00e7\u00e3o de su\u00ednos em Santa Catarina: Uma an\u00e1lise da regionaliza\u00e7\u00e3o dos abates (2013-2018)\">Produ\u00e7\u00e3o de su\u00ednos em Santa Catarina: Uma an\u00e1lise da regionaliza\u00e7\u00e3o dos abates (2013-2018)<\/a><\/h1><\/header><div class=\"eael-entry-content\">\n                                <div class=\"eael-grid-post-excerpt\"><p>A produ\u00e7\u00e3o de su\u00ednos \u00e9 uma das mais importantes atividades agropecu\u00e1rias de Santa...<\/p><a href=\"https:\/\/cepa.epagri.sc.gov.br\/index.php\/producao-de-suinos-em-santa-catarina-uma-analise-da-regionalizacao-dos-abates-2013-2018\/\" class=\"eael-post-elements-readmore-btn\">Leia mais<\/a><\/div>\n                            <\/div><div class=\"eael-entry-header-after style-two\"><div class=\"eael-entry-meta\"><span class=\"eael-meta-posted-on\"><i class=\"far fa-clock\"><\/i><time datetime=\"16 de agosto de 2019\">16 de agosto de 2019<\/time><\/span><\/div><\/div><\/div><\/div>\n    <\/div>\n<\/article><article class=\"eael-grid-post  eael-post-grid-column eael-pg-post-7702 category-artigos tags-agricultura-familiar-carnes-peru-pato-marreco\" data-id=\"7702\">\n    <div class=\"eael-grid-post-holder\">\n        <div class=\"eael-grid-post-holder-inner\"><div class=\"eael-entry-wrapper\"><header class=\"eael-entry-header\"><h1 class=\"eael-entry-title\"><a class=\"eael-grid-post-link\" href=\"https:\/\/cepa.epagri.sc.gov.br\/index.php\/participacao-da-agricultura-familiar-na-producao-de-perus-patos-e-marrecos-em-santa-catarina\/\" title=\"Participa\u00e7\u00e3o da agricultura familiar na produ\u00e7\u00e3o de perus, patos e marrecos em Santa Catarina\">Participa\u00e7\u00e3o da agricultura familiar na produ\u00e7\u00e3o de perus, patos e marrecos em Santa Catarina<\/a><\/h1><\/header><div class=\"eael-entry-content\">\n                                <div class=\"eael-grid-post-excerpt\"><p>Santa Catarina destaca-se nacionalmente na produ\u00e7\u00e3o de prote\u00ednas de origem animal, dentre as...<\/p><a href=\"https:\/\/cepa.epagri.sc.gov.br\/index.php\/participacao-da-agricultura-familiar-na-producao-de-perus-patos-e-marrecos-em-santa-catarina\/\" class=\"eael-post-elements-readmore-btn\">Leia mais<\/a><\/div>\n                            <\/div><div class=\"eael-entry-header-after style-two\"><div class=\"eael-entry-meta\"><span class=\"eael-meta-posted-on\"><i class=\"far fa-clock\"><\/i><time datetime=\"16 de agosto de 2019\">16 de agosto de 2019<\/time><\/span><\/div><\/div><\/div><\/div>\n    <\/div>\n<\/article><article class=\"eael-grid-post  eael-post-grid-column eael-pg-post-7700 category-artigos tags-agricultura-familiar-carnes-avicultura-suinocultura\" data-id=\"7700\">\n    <div class=\"eael-grid-post-holder\">\n        <div class=\"eael-grid-post-holder-inner\"><div class=\"eael-entry-wrapper\"><header class=\"eael-entry-header\"><h1 class=\"eael-entry-title\"><a class=\"eael-grid-post-link\" href=\"https:\/\/cepa.epagri.sc.gov.br\/index.php\/participacao-da-agricultura-familiar-na-producao-de-suinos-e-frangos-em-santa-catarina\/\" title=\"Participa\u00e7\u00e3o da agricultura familiar na produ\u00e7\u00e3o de su\u00ednos e frangos em Santa Catarina\">Participa\u00e7\u00e3o da agricultura familiar na produ\u00e7\u00e3o de su\u00ednos e frangos em Santa Catarina<\/a><\/h1><\/header><div class=\"eael-entry-content\">\n                                <div class=\"eael-grid-post-excerpt\"><p>Santa Catarina destaca-se na produ\u00e7\u00e3o de su\u00ednos e frangos, ocupando a primeira e...<\/p><a href=\"https:\/\/cepa.epagri.sc.gov.br\/index.php\/participacao-da-agricultura-familiar-na-producao-de-suinos-e-frangos-em-santa-catarina\/\" class=\"eael-post-elements-readmore-btn\">Leia mais<\/a><\/div>\n                            <\/div><div class=\"eael-entry-header-after style-two\"><div class=\"eael-entry-meta\"><span class=\"eael-meta-posted-on\"><i class=\"far fa-clock\"><\/i><time datetime=\"16 de agosto de 2019\">16 de agosto de 2019<\/time><\/span><\/div><\/div><\/div><\/div>\n    <\/div>\n<\/article><article class=\"eael-grid-post  eael-post-grid-column eael-pg-post-7696 category-artigos tags-suinos-agroindustria-abate-agricultura-familiar\" data-id=\"7696\">\n    <div class=\"eael-grid-post-holder\">\n        <div class=\"eael-grid-post-holder-inner\"><div class=\"eael-entry-wrapper\"><header class=\"eael-entry-header\"><h1 class=\"eael-entry-title\"><a class=\"eael-grid-post-link\" href=\"https:\/\/cepa.epagri.sc.gov.br\/index.php\/evolucao-do-abate-de-suinos-em-santa-catarina-2013-2018-entre-a-consolidacao-e-a-concentracao-agroindustrial\/\" title=\"Evolu\u00e7\u00e3o do abate de su\u00ednos em Santa Catarina (2013\/2018): Entre a consolida\u00e7\u00e3o e a concentra\u00e7\u00e3o agroindustrial\">Evolu\u00e7\u00e3o do abate de su\u00ednos em Santa Catarina (2013\/2018): Entre a consolida\u00e7\u00e3o e a concentra\u00e7\u00e3o agroindustrial<\/a><\/h1><\/header><div class=\"eael-entry-content\">\n                                <div class=\"eael-grid-post-excerpt\"><p>A suinocultura \u00e9 uma das principais atividades agropecu\u00e1rias desenvolvidas em Santa Catarina, sendo...<\/p><a href=\"https:\/\/cepa.epagri.sc.gov.br\/index.php\/evolucao-do-abate-de-suinos-em-santa-catarina-2013-2018-entre-a-consolidacao-e-a-concentracao-agroindustrial\/\" class=\"eael-post-elements-readmore-btn\">Leia mais<\/a><\/div>\n                            <\/div><div class=\"eael-entry-header-after style-two\"><div class=\"eael-entry-meta\"><span class=\"eael-meta-posted-on\"><i class=\"far fa-clock\"><\/i><time datetime=\"16 de agosto de 2019\">16 de agosto de 2019<\/time><\/span><\/div><\/div><\/div><\/div>\n    <\/div>\n<\/article><article class=\"eael-grid-post  eael-post-grid-column eael-pg-post-7610 category-artigos tags-bovinos-abate-carne-bovina-frigorificos-regionalizacao\" data-id=\"7610\">\n    <div class=\"eael-grid-post-holder\">\n        <div class=\"eael-grid-post-holder-inner\"><div class=\"eael-entry-wrapper\"><header class=\"eael-entry-header\"><h1 class=\"eael-entry-title\"><a class=\"eael-grid-post-link\" href=\"https:\/\/cepa.epagri.sc.gov.br\/index.php\/producao-de-bovinos-em-santa-catarina-uma-analise-da-regionalizacao-dos-abates-2013-2018\/\" title=\"Produ\u00e7\u00e3o de bovinos em Santa Catarina: Uma an\u00e1lise da regionaliza\u00e7\u00e3o dos abates (2013-2018)\">Produ\u00e7\u00e3o de bovinos em Santa Catarina: Uma an\u00e1lise da regionaliza\u00e7\u00e3o dos abates (2013-2018)<\/a><\/h1><\/header><div class=\"eael-entry-content\">\n                                <div class=\"eael-grid-post-excerpt\"><p>A produ\u00e7\u00e3o de carne bovina responde por 4,6% do VBP da agropecu\u00e1ria catarinense....<\/p><a href=\"https:\/\/cepa.epagri.sc.gov.br\/index.php\/producao-de-bovinos-em-santa-catarina-uma-analise-da-regionalizacao-dos-abates-2013-2018\/\" class=\"eael-post-elements-readmore-btn\">Leia mais<\/a><\/div>\n                            <\/div><div class=\"eael-entry-header-after style-two\"><div class=\"eael-entry-meta\"><span class=\"eael-meta-posted-on\"><i class=\"far fa-clock\"><\/i><time datetime=\"5 de agosto de 2019\">5 de agosto de 2019<\/time><\/span><\/div><\/div><\/div><\/div>\n    <\/div>\n<\/article><article class=\"eael-grid-post  eael-post-grid-column eael-pg-post-7605 category-artigos tags-bovinos-abate-carne-bovina-frigorificos\" data-id=\"7605\">\n    <div class=\"eael-grid-post-holder\">\n        <div class=\"eael-grid-post-holder-inner\"><div class=\"eael-entry-wrapper\"><header class=\"eael-entry-header\"><h1 class=\"eael-entry-title\"><a class=\"eael-grid-post-link\" href=\"https:\/\/cepa.epagri.sc.gov.br\/index.php\/caracterizacao-e-dinamica-do-abate-de-bovinos-em-santa-catarina\/\" title=\"Caracteriza\u00e7\u00e3o e din\u00e2mica do abate de bovinos em Santa Catarina\">Caracteriza\u00e7\u00e3o e din\u00e2mica do abate de bovinos em Santa Catarina<\/a><\/h1><\/header><div class=\"eael-entry-content\">\n                                <div class=\"eael-grid-post-excerpt\"><p>A produ\u00e7\u00e3o de carne bovina \u00e9 uma das principais atividades agropecu\u00e1rias de Santa...<\/p><a href=\"https:\/\/cepa.epagri.sc.gov.br\/index.php\/caracterizacao-e-dinamica-do-abate-de-bovinos-em-santa-catarina\/\" class=\"eael-post-elements-readmore-btn\">Leia mais<\/a><\/div>\n                            <\/div><div class=\"eael-entry-header-after style-two\"><div class=\"eael-entry-meta\"><span class=\"eael-meta-posted-on\"><i class=\"far fa-clock\"><\/i><time datetime=\"5 de agosto de 2019\">5 de agosto de 2019<\/time><\/span><\/div><\/div><\/div><\/div>\n    <\/div>\n<\/article><article class=\"eael-grid-post  eael-post-grid-column eael-pg-post-6857 category-artigos tags-ambiente-externo-ambiente-interno-agricultura-familiar-percepcao-economia-do-agronegocio\" data-id=\"6857\">\n    <div class=\"eael-grid-post-holder\">\n        <div class=\"eael-grid-post-holder-inner\"><div class=\"eael-entry-wrapper\"><header class=\"eael-entry-header\"><h1 class=\"eael-entry-title\"><a class=\"eael-grid-post-link\" href=\"https:\/\/cepa.epagri.sc.gov.br\/index.php\/ambiente-externo-e-interno-de-estabelecimentos-agropecuarios-na-perspectiva-de-agricultores-familiares-do-rio-grande-do-sul\/\" title=\"Ambiente externo e interno de estabelecimentos agropecu\u00e1rios na perspectiva de agricultores familiares do Rio Grande do Sul\">Ambiente externo e interno de estabelecimentos agropecu\u00e1rios na perspectiva de agricultores familiares do Rio Grande do Sul<\/a><\/h1><\/header><div class=\"eael-entry-content\">\n                                <div class=\"eael-grid-post-excerpt\"><p>Os agricultores buscam construir o seu futuro a partir da pr\u00e1tica de gest\u00e3o...<\/p><a href=\"https:\/\/cepa.epagri.sc.gov.br\/index.php\/ambiente-externo-e-interno-de-estabelecimentos-agropecuarios-na-perspectiva-de-agricultores-familiares-do-rio-grande-do-sul\/\" class=\"eael-post-elements-readmore-btn\">Leia mais<\/a><\/div>\n                            <\/div><div class=\"eael-entry-header-after style-two\"><div class=\"eael-entry-meta\"><span class=\"eael-meta-posted-on\"><i class=\"far fa-clock\"><\/i><time datetime=\"18 de dezembro de 2018\">18 de dezembro de 2018<\/time><\/span><\/div><\/div><\/div><\/div>\n    <\/div>\n<\/article><article class=\"eael-grid-post  eael-post-grid-column eael-pg-post-6854 category-artigos tags-capacidade-informacao-da-agricultura-informacao-renda-agricultura-visao-baseada-em-recursos-vbr\" data-id=\"6854\">\n    <div class=\"eael-grid-post-holder\">\n        <div class=\"eael-grid-post-holder-inner\"><div class=\"eael-entry-wrapper\"><header class=\"eael-entry-header\"><h1 class=\"eael-entry-title\"><a class=\"eael-grid-post-link\" href=\"https:\/\/cepa.epagri.sc.gov.br\/index.php\/capacidade-de-usar-a-informacao-e-renda-de-agricultores-do-sul-do-brasil-uma-visao-baseada-em-recursos-vbr\/\" title=\"Capacidade de usar a informa\u00e7\u00e3o e renda de agricultores do sul do Brasil: uma vis\u00e3o baseada em recursos (VBR)\">Capacidade de usar a informa\u00e7\u00e3o e renda de agricultores do sul do Brasil: uma vis\u00e3o baseada em recursos (VBR)<\/a><\/h1><\/header><div class=\"eael-entry-content\">\n                                <div class=\"eael-grid-post-excerpt\"><p>A prosperidade dos estabelecimentos agropecu\u00e1rios depende de como os agricultores usam a informa\u00e7\u00e3o...<\/p><a href=\"https:\/\/cepa.epagri.sc.gov.br\/index.php\/capacidade-de-usar-a-informacao-e-renda-de-agricultores-do-sul-do-brasil-uma-visao-baseada-em-recursos-vbr\/\" class=\"eael-post-elements-readmore-btn\">Leia mais<\/a><\/div>\n                            <\/div><div class=\"eael-entry-header-after style-two\"><div class=\"eael-entry-meta\"><span class=\"eael-meta-posted-on\"><i class=\"far fa-clock\"><\/i><time datetime=\"18 de dezembro de 2018\">18 de dezembro de 2018<\/time><\/span><\/div><\/div><\/div><\/div>\n    <\/div>\n<\/article><article class=\"eael-grid-post  eael-post-grid-column eael-pg-post-5745 category-artigos tags-padrao-de-consumo-alimentar-agricultura-familiar-grupo-focal-informacao-da-agricultura\" data-id=\"5745\">\n    <div class=\"eael-grid-post-holder\">\n        <div class=\"eael-grid-post-holder-inner\"><div class=\"eael-entry-wrapper\"><header class=\"eael-entry-header\"><h1 class=\"eael-entry-title\"><a class=\"eael-grid-post-link\" href=\"https:\/\/cepa.epagri.sc.gov.br\/index.php\/mudancas-no-padrao-de-consumo-alimentar\/\" title=\"Mudan\u00e7as no padr\u00e3o de consumo alimentar na perspectiva de agricultores familiares do Sul do Brasil\">Mudan\u00e7as no padr\u00e3o de consumo alimentar na perspectiva de agricultores familiares do Sul do Brasil<\/a><\/h1><\/header><div class=\"eael-entry-content\">\n                                <div class=\"eael-grid-post-excerpt\"><p>As mudan\u00e7as nos padr\u00f5es alimentares das pessoas est\u00e3o ocorrendo em todo o mundo,...<\/p><a href=\"https:\/\/cepa.epagri.sc.gov.br\/index.php\/mudancas-no-padrao-de-consumo-alimentar\/\" class=\"eael-post-elements-readmore-btn\">Leia mais<\/a><\/div>\n                            <\/div><div class=\"eael-entry-header-after style-two\"><div class=\"eael-entry-meta\"><span class=\"eael-meta-posted-on\"><i class=\"far fa-clock\"><\/i><time datetime=\"27 de junho de 2018\">27 de junho de 2018<\/time><\/span><\/div><\/div><\/div><\/div>\n    <\/div>\n<\/article><article class=\"eael-grid-post  eael-post-grid-column eael-pg-post-5734 category-artigos tags-agricultura-familiar-carnes-pecuaria\" data-id=\"5734\">\n    <div class=\"eael-grid-post-holder\">\n        <div class=\"eael-grid-post-holder-inner\"><div class=\"eael-entry-wrapper\"><header class=\"eael-entry-header\"><h1 class=\"eael-entry-title\"><a class=\"eael-grid-post-link\" href=\"https:\/\/cepa.epagri.sc.gov.br\/index.php\/participacao-da-agricultura-familiar-nas-principais-cadeias-produtivas-de-carnes-em-santa-catarina\/\" title=\"Participa\u00e7\u00e3o da agricultura familiar nas principais cadeias produtivas de carnes em Santa Catarina\">Participa\u00e7\u00e3o da agricultura familiar nas principais cadeias produtivas de carnes em Santa Catarina<\/a><\/h1><\/header><div class=\"eael-entry-content\">\n                                <div class=\"eael-grid-post-excerpt\"><p>A produ\u00e7\u00e3o de su\u00ednos e frangos s\u00e3o as duas principais atividades agropecu\u00e1rias catarinenses,...<\/p><a href=\"https:\/\/cepa.epagri.sc.gov.br\/index.php\/participacao-da-agricultura-familiar-nas-principais-cadeias-produtivas-de-carnes-em-santa-catarina\/\" class=\"eael-post-elements-readmore-btn\">Leia mais<\/a><\/div>\n                            <\/div><div class=\"eael-entry-header-after style-two\"><div class=\"eael-entry-meta\"><span class=\"eael-meta-posted-on\"><i class=\"far fa-clock\"><\/i><time datetime=\"11 de maio de 2018\">11 de maio de 2018<\/time><\/span><\/div><\/div><\/div><\/div>\n    <\/div>\n<\/article><article class=\"eael-grid-post  eael-post-grid-column eael-pg-post-5751 category-artigos tags-visao-baseada-em-recursos-agricultura-familiar-heterogeneidade-capacidades-gestao\" data-id=\"5751\">\n    <div class=\"eael-grid-post-holder\">\n        <div class=\"eael-grid-post-holder-inner\"><div class=\"eael-entry-wrapper\"><header class=\"eael-entry-header\"><h1 class=\"eael-entry-title\"><a class=\"eael-grid-post-link\" href=\"https:\/\/cepa.epagri.sc.gov.br\/index.php\/capacidades-percebidas-de-gestao-e-a-renda-de-agricultores-do-sul-do-brasil\/\" title=\"Capacidades percebidas de gest\u00e3o e a renda de agricultores do Sul do Brasil\">Capacidades percebidas de gest\u00e3o e a renda de agricultores do Sul do Brasil<\/a><\/h1><\/header><div class=\"eael-entry-content\">\n                                <div class=\"eael-grid-post-excerpt\"><p>Como compreender as diferen\u00e7as de desempenho entre estabelecimentos agropecu\u00e1rios familiares do Sul do...<\/p><a href=\"https:\/\/cepa.epagri.sc.gov.br\/index.php\/capacidades-percebidas-de-gestao-e-a-renda-de-agricultores-do-sul-do-brasil\/\" class=\"eael-post-elements-readmore-btn\">Leia mais<\/a><\/div>\n                            <\/div><div class=\"eael-entry-header-after style-two\"><div class=\"eael-entry-meta\"><span class=\"eael-meta-posted-on\"><i class=\"far fa-clock\"><\/i><time datetime=\"11 de setembro de 2017\">11 de setembro de 2017<\/time><\/span><\/div><\/div><\/div><\/div>\n    <\/div>\n<\/article><article class=\"eael-grid-post  eael-post-grid-column eael-pg-post-5759 category-artigos tags-economia-agricola-fruticultura-maracuja-santa-catarina\" data-id=\"5759\">\n    <div class=\"eael-grid-post-holder\">\n        <div class=\"eael-grid-post-holder-inner\"><div class=\"eael-entry-wrapper\"><header class=\"eael-entry-header\"><h1 class=\"eael-entry-title\"><a class=\"eael-grid-post-link\" href=\"https:\/\/cepa.epagri.sc.gov.br\/index.php\/caracterizacao-da-producao-e-comercializacao-do-maracuja-estudo-na-mesorregiao-do-sul-catarinense\/\" title=\"Caracteriza\u00e7\u00e3o da produ\u00e7\u00e3o e comercializa\u00e7\u00e3o do maracuj\u00e1: estudo na mesorregi\u00e3o do Sul Catarinense\">Caracteriza\u00e7\u00e3o da produ\u00e7\u00e3o e comercializa\u00e7\u00e3o do maracuj\u00e1: estudo na mesorregi\u00e3o do Sul Catarinense<\/a><\/h1><\/header><div class=\"eael-entry-content\">\n                                <div class=\"eael-grid-post-excerpt\"><p>O estado de Santa Catarina tem seu espa\u00e7o rural ocupado, em grande parte,...<\/p><a href=\"https:\/\/cepa.epagri.sc.gov.br\/index.php\/caracterizacao-da-producao-e-comercializacao-do-maracuja-estudo-na-mesorregiao-do-sul-catarinense\/\" class=\"eael-post-elements-readmore-btn\">Leia mais<\/a><\/div>\n                            <\/div><div class=\"eael-entry-header-after style-two\"><div class=\"eael-entry-meta\"><span class=\"eael-meta-posted-on\"><i class=\"far fa-clock\"><\/i><time datetime=\"30 de julho de 2017\">30 de julho de 2017<\/time><\/span><\/div><\/div><\/div><\/div>\n    <\/div>\n<\/article><article class=\"eael-grid-post  eael-post-grid-column eael-pg-post-5755 category-artigos tags-gestao-agricultura-familiar-analise-swot\" data-id=\"5755\">\n    <div class=\"eael-grid-post-holder\">\n        <div class=\"eael-grid-post-holder-inner\"><div class=\"eael-entry-wrapper\"><header class=\"eael-entry-header\"><h1 class=\"eael-entry-title\"><a class=\"eael-grid-post-link\" href=\"https:\/\/cepa.epagri.sc.gov.br\/index.php\/percepcoes-sobre-o-ambiente-externo-e-interno-de-propriedades-rurais-do-alto-vale-do-itajai\/\" title=\"Percep\u00e7\u00f5es sobre o ambiente externo e interno de propriedades rurais do Alto Vale do Itaja\u00ed\">Percep\u00e7\u00f5es sobre o ambiente externo e interno de propriedades rurais do Alto Vale do Itaja\u00ed<\/a><\/h1><\/header><div class=\"eael-entry-content\">\n                                <div class=\"eael-grid-post-excerpt\"><p>A gest\u00e3o \u00e9 uma tecnologia social que permite aos mais de 168 mil...<\/p><a href=\"https:\/\/cepa.epagri.sc.gov.br\/index.php\/percepcoes-sobre-o-ambiente-externo-e-interno-de-propriedades-rurais-do-alto-vale-do-itajai\/\" class=\"eael-post-elements-readmore-btn\">Leia mais<\/a><\/div>\n                            <\/div><div class=\"eael-entry-header-after style-two\"><div class=\"eael-entry-meta\"><span class=\"eael-meta-posted-on\"><i class=\"far fa-clock\"><\/i><time datetime=\"1 de julho de 2017\">1 de julho de 2017<\/time><\/span><\/div><\/div><\/div><\/div>\n    <\/div>\n<\/article><article class=\"eael-grid-post  eael-post-grid-column eael-pg-post-5801 category-artigos tags-economia-agricola-fruticultura-maracuja-santa-catarina\" data-id=\"5801\">\n    <div class=\"eael-grid-post-holder\">\n        <div class=\"eael-grid-post-holder-inner\"><div class=\"eael-entry-wrapper\"><header class=\"eael-entry-header\"><h1 class=\"eael-entry-title\"><a class=\"eael-grid-post-link\" href=\"https:\/\/cepa.epagri.sc.gov.br\/index.php\/caracterizacao-da-producao-e-mercado-do-maracuja-no-sul-catarinense\/\" title=\"Caracteriza\u00e7\u00e3o da produ\u00e7\u00e3o e mercado do maracuj\u00e1 no sul Catarinense\">Caracteriza\u00e7\u00e3o da produ\u00e7\u00e3o e mercado do maracuj\u00e1 no sul Catarinense<\/a><\/h1><\/header><div class=\"eael-entry-content\">\n                                <div class=\"eael-grid-post-excerpt\"><p>A produ\u00e7\u00e3o catarinense de maracuj\u00e1 tem reconhecimento nacional principalmente em rela\u00e7\u00e3o \u00e0 qualidade...<\/p><a href=\"https:\/\/cepa.epagri.sc.gov.br\/index.php\/caracterizacao-da-producao-e-mercado-do-maracuja-no-sul-catarinense\/\" class=\"eael-post-elements-readmore-btn\">Leia mais<\/a><\/div>\n                            <\/div><div class=\"eael-entry-header-after style-two\"><div class=\"eael-entry-meta\"><span class=\"eael-meta-posted-on\"><i class=\"far fa-clock\"><\/i><time datetime=\"11 de maio de 2017\">11 de maio de 2017<\/time><\/span><\/div><\/div><\/div><\/div>\n    <\/div>\n<\/article><article class=\"eael-grid-post  eael-post-grid-column eael-pg-post-5740 category-artigos tags-inovacao-agricultura-familiar-roca-de-toco-sustentabilidade\" data-id=\"5740\">\n    <div class=\"eael-grid-post-holder\">\n        <div class=\"eael-grid-post-holder-inner\"><div class=\"eael-entry-wrapper\"><header class=\"eael-entry-header\"><h1 class=\"eael-entry-title\"><a class=\"eael-grid-post-link\" href=\"https:\/\/cepa.epagri.sc.gov.br\/index.php\/estrategias-de-valorizacao-dos-produtos-da-agricultura-tradicional-em-biguacu-sc-perspectivas-de-mercado-e-conservacao-ambiental\/\" title=\"Estrat\u00e9gias de valoriza\u00e7\u00e3o dos produtos da agricultura tradicional em Bigua\u00e7u, SC: Perspectivas de mercado e conserva\u00e7\u00e3o ambiental\">Estrat\u00e9gias de valoriza\u00e7\u00e3o dos produtos da agricultura tradicional em Bigua\u00e7u, SC: Perspectivas de mercado e conserva\u00e7\u00e3o ambiental<\/a><\/h1><\/header><div class=\"eael-entry-content\">\n                                <div class=\"eael-grid-post-excerpt\"><p>A agricultura brasileira se desenvolve entre extremos: de um lado, sistemas retratados como...<\/p><a href=\"https:\/\/cepa.epagri.sc.gov.br\/index.php\/estrategias-de-valorizacao-dos-produtos-da-agricultura-tradicional-em-biguacu-sc-perspectivas-de-mercado-e-conservacao-ambiental\/\" class=\"eael-post-elements-readmore-btn\">Leia mais<\/a><\/div>\n                            <\/div><div class=\"eael-entry-header-after style-two\"><div class=\"eael-entry-meta\"><span class=\"eael-meta-posted-on\"><i class=\"far fa-clock\"><\/i><time datetime=\"2 de abril de 2017\">2 de abril de 2017<\/time><\/span><\/div><\/div><\/div><\/div>\n    <\/div>\n<\/article><article class=\"eael-grid-post  eael-post-grid-column eael-pg-post-5763 category-artigos tags-economia-agricola-fruticultura-santa-catarina-socioeconomia\" data-id=\"5763\">\n    <div class=\"eael-grid-post-holder\">\n        <div class=\"eael-grid-post-holder-inner\"><div class=\"eael-entry-wrapper\"><header class=\"eael-entry-header\"><h1 class=\"eael-entry-title\"><a class=\"eael-grid-post-link\" href=\"https:\/\/cepa.epagri.sc.gov.br\/index.php\/panorama-da-fruticultura-catarinense-levantamento-de-dados-para-a-safra-2014-15\/\" title=\"Panorama da fruticultura catarinense: levantamento de dados para a safra 2014-15\">Panorama da fruticultura catarinense: levantamento de dados para a safra 2014-15<\/a><\/h1><\/header><div class=\"eael-entry-content\">\n                                <div class=\"eael-grid-post-excerpt\"><p>O Estado de Santa Catarina \u00e9 um importante produtor de frutas, especialmente ma\u00e7\u00e3,...<\/p><a href=\"https:\/\/cepa.epagri.sc.gov.br\/index.php\/panorama-da-fruticultura-catarinense-levantamento-de-dados-para-a-safra-2014-15\/\" class=\"eael-post-elements-readmore-btn\">Leia mais<\/a><\/div>\n                            <\/div><div class=\"eael-entry-header-after style-two\"><div class=\"eael-entry-meta\"><span class=\"eael-meta-posted-on\"><i class=\"far fa-clock\"><\/i><time datetime=\"12 de maio de 2016\">12 de maio de 2016<\/time><\/span><\/div><\/div><\/div><\/div>\n    <\/div>\n<\/article><\/div>\n            <div class=\"clearfix\"><\/div>\n        <\/div>\t\t\t\t<\/div>\n\t\t\t\t<\/div>\n\t\t\t\t<div class=\"elementor-element elementor-element-5ba34d3 elementor-widget elementor-widget-menu-anchor\" data-id=\"5ba34d3\" data-element_type=\"widget\" data-e-type=\"widget\" data-widget_type=\"menu-anchor.default\">\n\t\t\t\t<div class=\"elementor-widget-container\">\n\t\t\t\t\t\t\t<div class=\"elementor-menu-anchor\" id=\"BoletimTecnico\"><\/div>\n\t\t\t\t\t\t<\/div>\n\t\t\t\t<\/div>\n\t\t\t\t<div class=\"elementor-element elementor-element-96da1f6 elementor-widget elementor-widget-spacer\" data-id=\"96da1f6\" data-element_type=\"widget\" data-e-type=\"widget\" data-widget_type=\"spacer.default\">\n\t\t\t\t<div class=\"elementor-widget-container\">\n\t\t\t\t\t\t\t<div class=\"elementor-spacer\">\n\t\t\t<div class=\"elementor-spacer-inner\"><\/div>\n\t\t<\/div>\n\t\t\t\t\t\t<\/div>\n\t\t\t\t<\/div>\n\t\t\t\t\t<\/div>\n\t\t<\/div>\n\t\t\t\t\t<\/div>\n\t\t<\/section>\n\t\t\t\t<section class=\"elementor-section elementor-top-section elementor-element elementor-element-13890c00 elementor-section-stretched elementor-section-boxed elementor-section-height-default elementor-section-height-default wpr-particle-no wpr-jarallax-no wpr-parallax-no wpr-sticky-section-no wpr-equal-height-no\" data-id=\"13890c00\" data-element_type=\"section\" data-e-type=\"section\" data-settings=\"{&quot;stretch_section&quot;:&quot;section-stretched&quot;,&quot;background_background&quot;:&quot;classic&quot;}\">\n\t\t\t\t\t\t<div class=\"elementor-container elementor-column-gap-no\">\n\t\t\t\t\t<div class=\"elementor-column elementor-col-100 elementor-top-column elementor-element elementor-element-3ca83be8\" data-id=\"3ca83be8\" data-element_type=\"column\" data-e-type=\"column\">\n\t\t\t<div class=\"elementor-widget-wrap elementor-element-populated\">\n\t\t\t\t\t\t<div class=\"elementor-element elementor-element-775ae99e elementor-widget elementor-widget-shortcode\" data-id=\"775ae99e\" data-element_type=\"widget\" data-e-type=\"widget\" data-widget_type=\"shortcode.default\">\n\t\t\t\t<div class=\"elementor-widget-container\">\n\t\t\t\t\t\t\t<div class=\"elementor-shortcode\">\t\t<div data-elementor-type=\"wp-post\" data-elementor-id=\"14163\" class=\"elementor elementor-14163\">\n\t\t\t\t\t\t<section class=\"elementor-section elementor-top-section elementor-element elementor-element-304ab064 elementor-section-stretched elementor-hidden-desktop elementor-hidden-tablet elementor-section-boxed elementor-section-height-default elementor-section-height-default wpr-particle-no wpr-jarallax-no wpr-parallax-no wpr-sticky-section-no wpr-equal-height-no\" data-id=\"304ab064\" data-element_type=\"section\" data-e-type=\"section\" data-settings=\"{&quot;stretch_section&quot;:&quot;section-stretched&quot;,&quot;background_background&quot;:&quot;classic&quot;}\">\n\t\t\t\t\t\t<div class=\"elementor-container elementor-column-gap-no\">\n\t\t\t\t\t<div class=\"elementor-column elementor-col-100 elementor-top-column elementor-element elementor-element-12e9d6b0\" data-id=\"12e9d6b0\" data-element_type=\"column\" data-e-type=\"column\">\n\t\t\t<div class=\"elementor-widget-wrap elementor-element-populated\">\n\t\t\t\t\t\t<div class=\"elementor-element elementor-element-65db49a7 elementor-widget elementor-widget-spacer\" data-id=\"65db49a7\" data-element_type=\"widget\" data-e-type=\"widget\" data-widget_type=\"spacer.default\">\n\t\t\t\t<div class=\"elementor-widget-container\">\n\t\t\t\t\t\t\t<div class=\"elementor-spacer\">\n\t\t\t<div class=\"elementor-spacer-inner\"><\/div>\n\t\t<\/div>\n\t\t\t\t\t\t<\/div>\n\t\t\t\t<\/div>\n\t\t\t\t<section class=\"elementor-section elementor-inner-section elementor-element elementor-element-46f6c11e elementor-section-full_width elementor-section-content-middle elementor-section-height-min-height elementor-section-height-default wpr-particle-no wpr-jarallax-no wpr-parallax-no wpr-sticky-section-no wpr-equal-height-no\" data-id=\"46f6c11e\" data-element_type=\"section\" data-e-type=\"section\">\n\t\t\t\t\t\t<div class=\"elementor-container elementor-column-gap-default\">\n\t\t\t\t\t<div class=\"elementor-column elementor-col-50 elementor-inner-column elementor-element elementor-element-1999826b\" data-id=\"1999826b\" data-element_type=\"column\" data-e-type=\"column\">\n\t\t\t<div class=\"elementor-widget-wrap elementor-element-populated\">\n\t\t\t\t\t\t<div class=\"elementor-element elementor-element-36b8532d elementor-widget elementor-widget-image\" data-id=\"36b8532d\" data-element_type=\"widget\" data-e-type=\"widget\" data-widget_type=\"image.default\">\n\t\t\t\t<div class=\"elementor-widget-container\">\n\t\t\t\t\t\t\t\t\t\t\t\t\t\t\t<img fetchpriority=\"high\" decoding=\"async\" width=\"1024\" height=\"483\" src=\"https:\/\/cepa.epagri.sc.gov.br\/wp-content\/uploads\/2025\/06\/Nova-logo-Cepa-esc-1024x483.png\" class=\"attachment-large size-large wp-image-16783\" alt=\"\" srcset=\"https:\/\/cepa.epagri.sc.gov.br\/wp-content\/uploads\/2025\/06\/Nova-logo-Cepa-esc-1024x483.png 1024w, https:\/\/cepa.epagri.sc.gov.br\/wp-content\/uploads\/2025\/06\/Nova-logo-Cepa-esc-300x142.png 300w, https:\/\/cepa.epagri.sc.gov.br\/wp-content\/uploads\/2025\/06\/Nova-logo-Cepa-esc-768x363.png 768w, https:\/\/cepa.epagri.sc.gov.br\/wp-content\/uploads\/2025\/06\/Nova-logo-Cepa-esc-1536x725.png 1536w, https:\/\/cepa.epagri.sc.gov.br\/wp-content\/uploads\/2025\/06\/Nova-logo-Cepa-esc-200x94.png 200w, https:\/\/cepa.epagri.sc.gov.br\/wp-content\/uploads\/2025\/06\/Nova-logo-Cepa-esc.png 1902w\" sizes=\"(max-width: 1024px) 100vw, 1024px\" \/>\t\t\t\t\t\t\t\t\t\t\t\t\t\t\t<\/div>\n\t\t\t\t<\/div>\n\t\t\t\t<div class=\"elementor-element elementor-element-5a829318 elementor-widget-divider--view-line elementor-widget elementor-widget-divider\" data-id=\"5a829318\" data-element_type=\"widget\" data-e-type=\"widget\" data-widget_type=\"divider.default\">\n\t\t\t\t<div class=\"elementor-widget-container\">\n\t\t\t\t\t\t\t<div class=\"elementor-divider\">\n\t\t\t<span class=\"elementor-divider-separator\">\n\t\t\t\t\t\t<\/span>\n\t\t<\/div>\n\t\t\t\t\t\t<\/div>\n\t\t\t\t<\/div>\n\t\t\t\t<div class=\"elementor-element elementor-element-68adc2ab elementor-widget elementor-widget-heading\" data-id=\"68adc2ab\" data-element_type=\"widget\" data-e-type=\"widget\" data-widget_type=\"heading.default\">\n\t\t\t\t<div class=\"elementor-widget-container\">\n\t\t\t\t\t<h4 class=\"elementor-heading-title elementor-size-default\">SEDE DA EPAGRI\/CEPA<\/h4>\t\t\t\t<\/div>\n\t\t\t\t<\/div>\n\t\t\t\t<div class=\"elementor-element elementor-element-7e3f34e7 elementor-widget elementor-widget-heading\" data-id=\"7e3f34e7\" data-element_type=\"widget\" data-e-type=\"widget\" data-widget_type=\"heading.default\">\n\t\t\t\t<div class=\"elementor-widget-container\">\n\t\t\t\t\t<h5 class=\"elementor-heading-title elementor-size-default\">Rodovia Admar Gonzaga, 1486 \u2013 Itacorubi<\/h5>\t\t\t\t<\/div>\n\t\t\t\t<\/div>\n\t\t\t\t<div class=\"elementor-element elementor-element-508adf67 elementor-widget elementor-widget-heading\" data-id=\"508adf67\" data-element_type=\"widget\" data-e-type=\"widget\" data-widget_type=\"heading.default\">\n\t\t\t\t<div class=\"elementor-widget-container\">\n\t\t\t\t\t<h5 class=\"elementor-heading-title elementor-size-default\">Florianopolis, SC \u2013 Brasil \u2013 CEP 88034-001<\/h5>\t\t\t\t<\/div>\n\t\t\t\t<\/div>\n\t\t\t\t<div class=\"elementor-element elementor-element-34a069ce elementor-widget elementor-widget-heading\" data-id=\"34a069ce\" data-element_type=\"widget\" data-e-type=\"widget\" data-widget_type=\"heading.default\">\n\t\t\t\t<div class=\"elementor-widget-container\">\n\t\t\t\t\t<h5 class=\"elementor-heading-title elementor-size-default\">Fone: (48) 3665-5078 | cepa@epagri.sc.gov.br<\/h5>\t\t\t\t<\/div>\n\t\t\t\t<\/div>\n\t\t\t\t<div class=\"elementor-element elementor-element-45646425 elementor-widget elementor-widget-spacer\" data-id=\"45646425\" data-element_type=\"widget\" data-e-type=\"widget\" data-widget_type=\"spacer.default\">\n\t\t\t\t<div class=\"elementor-widget-container\">\n\t\t\t\t\t\t\t<div class=\"elementor-spacer\">\n\t\t\t<div class=\"elementor-spacer-inner\"><\/div>\n\t\t<\/div>\n\t\t\t\t\t\t<\/div>\n\t\t\t\t<\/div>\n\t\t\t\t\t<\/div>\n\t\t<\/div>\n\t\t\t\t<div class=\"elementor-column elementor-col-50 elementor-inner-column elementor-element elementor-element-35134e2e\" data-id=\"35134e2e\" data-element_type=\"column\" data-e-type=\"column\">\n\t\t\t<div class=\"elementor-widget-wrap elementor-element-populated\">\n\t\t\t\t\t\t<div class=\"elementor-element elementor-element-140944ac elementor-widget elementor-widget-spacer\" data-id=\"140944ac\" data-element_type=\"widget\" data-e-type=\"widget\" data-widget_type=\"spacer.default\">\n\t\t\t\t<div class=\"elementor-widget-container\">\n\t\t\t\t\t\t\t<div class=\"elementor-spacer\">\n\t\t\t<div class=\"elementor-spacer-inner\"><\/div>\n\t\t<\/div>\n\t\t\t\t\t\t<\/div>\n\t\t\t\t<\/div>\n\t\t\t\t<div class=\"elementor-element elementor-element-30f2d5e1 elementor-widget-divider--view-line elementor-widget elementor-widget-divider\" data-id=\"30f2d5e1\" data-element_type=\"widget\" data-e-type=\"widget\" data-widget_type=\"divider.default\">\n\t\t\t\t<div class=\"elementor-widget-container\">\n\t\t\t\t\t\t\t<div class=\"elementor-divider\">\n\t\t\t<span class=\"elementor-divider-separator\">\n\t\t\t\t\t\t<\/span>\n\t\t<\/div>\n\t\t\t\t\t\t<\/div>\n\t\t\t\t<\/div>\n\t\t\t\t<div class=\"elementor-element elementor-element-57b50b36 elementor-widget elementor-widget-heading\" data-id=\"57b50b36\" data-element_type=\"widget\" data-e-type=\"widget\" data-widget_type=\"heading.default\">\n\t\t\t\t<div class=\"elementor-widget-container\">\n\t\t\t\t\t<h4 class=\"elementor-heading-title elementor-size-default\"><a href=\"https:\/\/spm.infoagro.sc.gov.br\/login.aspx\" target=\"_blank\">Sistema de Produ\u00e7\u00f5es e Mercado (SPM)<\/a><\/h4>\t\t\t\t<\/div>\n\t\t\t\t<\/div>\n\t\t\t\t<div class=\"elementor-element elementor-element-1e0eb8c5 elementor-widget-divider--view-line elementor-widget elementor-widget-divider\" data-id=\"1e0eb8c5\" data-element_type=\"widget\" data-e-type=\"widget\" data-widget_type=\"divider.default\">\n\t\t\t\t<div class=\"elementor-widget-container\">\n\t\t\t\t\t\t\t<div class=\"elementor-divider\">\n\t\t\t<span class=\"elementor-divider-separator\">\n\t\t\t\t\t\t<\/span>\n\t\t<\/div>\n\t\t\t\t\t\t<\/div>\n\t\t\t\t<\/div>\n\t\t\t\t<div class=\"elementor-element elementor-element-65cf6edd elementor-widget elementor-widget-heading\" data-id=\"65cf6edd\" data-element_type=\"widget\" data-e-type=\"widget\" data-widget_type=\"heading.default\">\n\t\t\t\t<div class=\"elementor-widget-container\">\n\t\t\t\t\t<h5 class=\"elementor-heading-title elementor-size-default\"><a href=\"http:\/\/intranet.epagri.sc.gov.br\/\" target=\"_blank\">EpagriNet<\/a><\/h5>\t\t\t\t<\/div>\n\t\t\t\t<\/div>\n\t\t\t\t\t<\/div>\n\t\t<\/div>\n\t\t\t\t\t<\/div>\n\t\t<\/section>\n\t\t\t\t<div class=\"elementor-element elementor-element-76a1ae9a elementor-widget-divider--view-line elementor-widget elementor-widget-divider\" data-id=\"76a1ae9a\" data-element_type=\"widget\" data-e-type=\"widget\" data-widget_type=\"divider.default\">\n\t\t\t\t<div class=\"elementor-widget-container\">\n\t\t\t\t\t\t\t<div class=\"elementor-divider\">\n\t\t\t<span class=\"elementor-divider-separator\">\n\t\t\t\t\t\t<\/span>\n\t\t<\/div>\n\t\t\t\t\t\t<\/div>\n\t\t\t\t<\/div>\n\t\t\t\t<section class=\"elementor-section elementor-inner-section elementor-element elementor-element-63dfcdb elementor-section-content-top elementor-section-boxed elementor-section-height-default elementor-section-height-default wpr-particle-no wpr-jarallax-no wpr-parallax-no wpr-sticky-section-no wpr-equal-height-no\" data-id=\"63dfcdb\" data-element_type=\"section\" data-e-type=\"section\">\n\t\t\t\t\t\t<div class=\"elementor-container elementor-column-gap-default\">\n\t\t\t\t\t<div class=\"elementor-column elementor-col-33 elementor-inner-column elementor-element elementor-element-ef26f7d\" data-id=\"ef26f7d\" data-element_type=\"column\" data-e-type=\"column\">\n\t\t\t<div class=\"elementor-widget-wrap\">\n\t\t\t\t\t\t\t<\/div>\n\t\t<\/div>\n\t\t\t\t<div class=\"elementor-column elementor-col-33 elementor-inner-column elementor-element elementor-element-57c6766f\" data-id=\"57c6766f\" data-element_type=\"column\" data-e-type=\"column\">\n\t\t\t<div class=\"elementor-widget-wrap elementor-element-populated\">\n\t\t\t\t\t\t<div class=\"elementor-element elementor-element-48fb4f2a elementor-widget elementor-widget-copyright\" data-id=\"48fb4f2a\" data-element_type=\"widget\" data-e-type=\"widget\" data-settings=\"{&quot;align&quot;:&quot;center&quot;}\" data-widget_type=\"copyright.default\">\n\t\t\t\t<div class=\"elementor-widget-container\">\n\t\t\t\t\t\t\t<div class=\"hfe-copyright-wrapper\">\n\t\t\t\t\t\t\t<span>\u00a9 2026 Epagri\/Cepa<\/span>\n\t\t\t\t\t<\/div>\n\t\t\t\t\t\t<\/div>\n\t\t\t\t<\/div>\n\t\t\t\t\t<\/div>\n\t\t<\/div>\n\t\t\t\t<div class=\"elementor-column elementor-col-33 elementor-inner-column elementor-element elementor-element-1e677f27\" data-id=\"1e677f27\" data-element_type=\"column\" data-e-type=\"column\">\n\t\t\t<div class=\"elementor-widget-wrap\">\n\t\t\t\t\t\t\t<\/div>\n\t\t<\/div>\n\t\t\t\t\t<\/div>\n\t\t<\/section>\n\t\t\t\t\t<\/div>\n\t\t<\/div>\n\t\t\t\t\t<\/div>\n\t\t<\/section>\n\t\t\t\t<section class=\"elementor-section elementor-top-section elementor-element elementor-element-b81e77e elementor-section-boxed elementor-section-height-default elementor-section-height-default wpr-particle-no wpr-jarallax-no wpr-parallax-no wpr-sticky-section-no wpr-equal-height-no\" data-id=\"b81e77e\" data-element_type=\"section\" data-e-type=\"section\">\n\t\t\t\t\t\t<div class=\"elementor-container elementor-column-gap-default\">\n\t\t\t\t\t<div class=\"elementor-column elementor-col-100 elementor-top-column elementor-element elementor-element-bd4c80e\" data-id=\"bd4c80e\" data-element_type=\"column\" data-e-type=\"column\">\n\t\t\t<div class=\"elementor-widget-wrap elementor-element-populated\">\n\t\t\t\t\t\t<div class=\"elementor-element elementor-element-eaae273 elementor-widget elementor-widget-ucaddon_ue_scroll_to_top\" data-id=\"eaae273\" data-element_type=\"widget\" data-e-type=\"widget\" data-widget_type=\"ucaddon_ue_scroll_to_top.default\">\n\t\t\t\t<div class=\"elementor-widget-container\">\n\t\t\t\t\t\n<!-- start Scroll To Top -->\n\t\t<link id='font-awesome-css' href='https:\/\/cepa.epagri.sc.gov.br\/wp-content\/plugins\/unlimited-elements-for-elementor\/assets_libraries\/font-awesome6\/fontawesome-all.min.css' type='text\/css' rel='stylesheet' >\n\t\t<link id='font-awesome-4-shim-css' href='https:\/\/cepa.epagri.sc.gov.br\/wp-content\/plugins\/unlimited-elements-for-elementor\/assets_libraries\/font-awesome6\/fontawesome-v4-shims.min.css' type='text\/css' rel='stylesheet' >\n\n<style>\/* widget: Scroll To Top *\/\n\n#uc_ue_scroll_to_top_elementor_eaae273.ue-scroll-to {\n    display:none;\n   z-index: 9999;\n  \n}\n#uc_ue_scroll_to_top_elementor_eaae273 .ue-scroll-to-cta {\n  cursor: pointer;\n  display: flex;\n  position: relative;\n  transition: all 400ms ease-in-out;\n  align-content:center;\n  justify-content:center;\n  flex-direction:column;\n  text-align:center;\n}\n#uc_ue_scroll_to_top_elementor_eaae273 .ue-scroll-to-cta .ue-scroll-to-icon {\n  line-height:1em;\n  margin:0 auto;\n}\n\n#uc_ue_scroll_to_top_elementor_eaae273 .ue-scroll-to-cta .ue-scroll-to-icon svg {\n  height:1em; \n  width:1em; \n}\n\n.ue-scroll-to-cta \n#uc_ue_scroll_to_top_elementor_eaae273 .ue-scroll-to-icon {\n  position: relative;\n}\n\n#uc_ue_scroll_to_top_elementor_eaae273 .ue-scroll-to-icon:hover {\n  cursor: pointer;\n}\n.ue-snap-v-middle{\n  top:50%;\n}\n.ue-scroll-to-text\n{\n  font-size:10px;\n}\n\n\t\n\t\t\n\t\n\t\n\t      #uc_ue_scroll_to_top_elementor_eaae273 .ue-scroll-to-cta {\n          animation: ue-bounce 5s infinite cubic-bezier(.84, -.54, .31, 1.19);\n      }\n\n      @keyframes ue-bounce {\n          0% {\n              transform: none;\n          }\n\n          10% {\n              transform: translateY(-1em);\n          }\n\n          100%,\n          20% {\n              transform: none;\n          }\n      }\n\t\n\t\n\t\n\t\n\n<\/style>\n\n<div id=\"uc_ue_scroll_to_top_elementor_eaae273\" class=\"ue-scroll-to ue-snap-v-bottom ue-snap-h-right\">\n      <div class=\"ue-scroll-to-cta ue-bounce\">\n          <div class=\"ue-scroll-to-icon\"><i class='fas fa-arrow-up'><\/i><\/div>\n          \t\n      <\/div>\n<\/div>\n<!-- end Scroll To Top -->\t\t\t\t<\/div>\n\t\t\t\t<\/div>\n\t\t\t\t\t<\/div>\n\t\t<\/div>\n\t\t\t\t\t<\/div>\n\t\t<\/section>\n\t\t\t\t<section class=\"elementor-section elementor-top-section elementor-element elementor-element-f0bbaa4 elementor-section-stretched elementor-hidden-phone elementor-section-boxed elementor-section-height-default elementor-section-height-default wpr-particle-no wpr-jarallax-no wpr-parallax-no wpr-sticky-section-no wpr-equal-height-no\" data-id=\"f0bbaa4\" data-element_type=\"section\" data-e-type=\"section\" data-settings=\"{&quot;stretch_section&quot;:&quot;section-stretched&quot;,&quot;background_background&quot;:&quot;classic&quot;}\">\n\t\t\t\t\t\t<div class=\"elementor-container elementor-column-gap-no\">\n\t\t\t\t\t<div class=\"elementor-column elementor-col-100 elementor-top-column elementor-element elementor-element-3ceaa7ec\" data-id=\"3ceaa7ec\" data-element_type=\"column\" data-e-type=\"column\">\n\t\t\t<div class=\"elementor-widget-wrap elementor-element-populated\">\n\t\t\t\t\t\t<div class=\"elementor-element elementor-element-b985c66 elementor-widget elementor-widget-spacer\" data-id=\"b985c66\" data-element_type=\"widget\" data-e-type=\"widget\" data-widget_type=\"spacer.default\">\n\t\t\t\t<div class=\"elementor-widget-container\">\n\t\t\t\t\t\t\t<div class=\"elementor-spacer\">\n\t\t\t<div class=\"elementor-spacer-inner\"><\/div>\n\t\t<\/div>\n\t\t\t\t\t\t<\/div>\n\t\t\t\t<\/div>\n\t\t\t\t<section class=\"elementor-section elementor-inner-section elementor-element elementor-element-4a3cef02 elementor-section-full_width elementor-section-content-middle elementor-section-height-min-height elementor-hidden-mobile elementor-section-height-default wpr-particle-no wpr-jarallax-no wpr-parallax-no wpr-sticky-section-no wpr-equal-height-no\" data-id=\"4a3cef02\" data-element_type=\"section\" data-e-type=\"section\">\n\t\t\t\t\t\t<div class=\"elementor-container elementor-column-gap-default\">\n\t\t\t\t\t<div class=\"elementor-column elementor-col-25 elementor-inner-column elementor-element elementor-element-bc9430d\" data-id=\"bc9430d\" data-element_type=\"column\" data-e-type=\"column\">\n\t\t\t<div class=\"elementor-widget-wrap elementor-element-populated\">\n\t\t\t\t\t\t<div class=\"elementor-element elementor-element-60fa04a7 elementor-widget elementor-widget-image\" data-id=\"60fa04a7\" data-element_type=\"widget\" data-e-type=\"widget\" data-widget_type=\"image.default\">\n\t\t\t\t<div class=\"elementor-widget-container\">\n\t\t\t\t\t\t\t\t\t\t\t\t\t\t\t<img fetchpriority=\"high\" decoding=\"async\" width=\"1024\" height=\"483\" src=\"https:\/\/cepa.epagri.sc.gov.br\/wp-content\/uploads\/2025\/06\/Nova-logo-Cepa-esc-1024x483.png\" class=\"attachment-large size-large wp-image-16783\" alt=\"\" srcset=\"https:\/\/cepa.epagri.sc.gov.br\/wp-content\/uploads\/2025\/06\/Nova-logo-Cepa-esc-1024x483.png 1024w, https:\/\/cepa.epagri.sc.gov.br\/wp-content\/uploads\/2025\/06\/Nova-logo-Cepa-esc-300x142.png 300w, https:\/\/cepa.epagri.sc.gov.br\/wp-content\/uploads\/2025\/06\/Nova-logo-Cepa-esc-768x363.png 768w, https:\/\/cepa.epagri.sc.gov.br\/wp-content\/uploads\/2025\/06\/Nova-logo-Cepa-esc-1536x725.png 1536w, https:\/\/cepa.epagri.sc.gov.br\/wp-content\/uploads\/2025\/06\/Nova-logo-Cepa-esc-200x94.png 200w, https:\/\/cepa.epagri.sc.gov.br\/wp-content\/uploads\/2025\/06\/Nova-logo-Cepa-esc.png 1902w\" sizes=\"(max-width: 1024px) 100vw, 1024px\" \/>\t\t\t\t\t\t\t\t\t\t\t\t\t\t\t<\/div>\n\t\t\t\t<\/div>\n\t\t\t\t<div class=\"elementor-element elementor-element-2dc7d25b elementor-widget elementor-widget-heading\" data-id=\"2dc7d25b\" data-element_type=\"widget\" data-e-type=\"widget\" data-widget_type=\"heading.default\">\n\t\t\t\t<div class=\"elementor-widget-container\">\n\t\t\t\t\t<h5 class=\"elementor-heading-title elementor-size-default\">Rodovia Admar Gonzaga, 1486 \u2013 Itacorubi<\/h5>\t\t\t\t<\/div>\n\t\t\t\t<\/div>\n\t\t\t\t<div class=\"elementor-element elementor-element-460d6018 elementor-widget elementor-widget-heading\" data-id=\"460d6018\" data-element_type=\"widget\" data-e-type=\"widget\" data-widget_type=\"heading.default\">\n\t\t\t\t<div class=\"elementor-widget-container\">\n\t\t\t\t\t<h5 class=\"elementor-heading-title elementor-size-default\">Florian\u00f3polis, SC \u2013 Brasil \u2013 CEP 88034-001<\/h5>\t\t\t\t<\/div>\n\t\t\t\t<\/div>\n\t\t\t\t<div class=\"elementor-element elementor-element-4f31ff4e elementor-widget elementor-widget-heading\" data-id=\"4f31ff4e\" data-element_type=\"widget\" data-e-type=\"widget\" data-widget_type=\"heading.default\">\n\t\t\t\t<div class=\"elementor-widget-container\">\n\t\t\t\t\t<h5 class=\"elementor-heading-title elementor-size-default\">Fone: (48) 3665-5078 | cepa@epagri.sc.gov.br<\/h5>\t\t\t\t<\/div>\n\t\t\t\t<\/div>\n\t\t\t\t<div class=\"elementor-element elementor-element-bb849e1 elementor-widget elementor-widget-spacer\" data-id=\"bb849e1\" data-element_type=\"widget\" data-e-type=\"widget\" data-widget_type=\"spacer.default\">\n\t\t\t\t<div class=\"elementor-widget-container\">\n\t\t\t\t\t\t\t<div class=\"elementor-spacer\">\n\t\t\t<div class=\"elementor-spacer-inner\"><\/div>\n\t\t<\/div>\n\t\t\t\t\t\t<\/div>\n\t\t\t\t<\/div>\n\t\t\t\t<div class=\"elementor-element elementor-element-4c5dc747 elementor-widget elementor-widget-spacer\" data-id=\"4c5dc747\" data-element_type=\"widget\" data-e-type=\"widget\" data-widget_type=\"spacer.default\">\n\t\t\t\t<div class=\"elementor-widget-container\">\n\t\t\t\t\t\t\t<div class=\"elementor-spacer\">\n\t\t\t<div class=\"elementor-spacer-inner\"><\/div>\n\t\t<\/div>\n\t\t\t\t\t\t<\/div>\n\t\t\t\t<\/div>\n\t\t\t\t<div class=\"elementor-element elementor-element-4e10017 elementor-widget elementor-widget-heading\" data-id=\"4e10017\" data-element_type=\"widget\" data-e-type=\"widget\" data-widget_type=\"heading.default\">\n\t\t\t\t<div class=\"elementor-widget-container\">\n\t\t\t\t\t<h5 class=\"elementor-heading-title elementor-size-default\"><a href=\"https:\/\/www.epagri.sc.gov.br\/index.php\/politica-de-privacidade\/\" target=\"_blank\">Politicas de Privacidade<\/a><\/h5>\t\t\t\t<\/div>\n\t\t\t\t<\/div>\n\t\t\t\t\t<\/div>\n\t\t<\/div>\n\t\t\t\t<div class=\"elementor-column elementor-col-25 elementor-inner-column elementor-element elementor-element-192950da\" data-id=\"192950da\" data-element_type=\"column\" data-e-type=\"column\">\n\t\t\t<div class=\"elementor-widget-wrap elementor-element-populated\">\n\t\t\t\t\t\t<div class=\"elementor-element elementor-element-37cd8988 elementor-widget elementor-widget-spacer\" data-id=\"37cd8988\" data-element_type=\"widget\" data-e-type=\"widget\" data-widget_type=\"spacer.default\">\n\t\t\t\t<div class=\"elementor-widget-container\">\n\t\t\t\t\t\t\t<div class=\"elementor-spacer\">\n\t\t\t<div class=\"elementor-spacer-inner\"><\/div>\n\t\t<\/div>\n\t\t\t\t\t\t<\/div>\n\t\t\t\t<\/div>\n\t\t\t\t<div class=\"elementor-element elementor-element-7eb0e492 elementor-widget elementor-widget-heading\" data-id=\"7eb0e492\" data-element_type=\"widget\" data-e-type=\"widget\" data-widget_type=\"heading.default\">\n\t\t\t\t<div class=\"elementor-widget-container\">\n\t\t\t\t\t<h4 class=\"elementor-heading-title elementor-size-default\"><a href=\"https:\/\/cepa.epagri.sc.gov.br\/index.php\/2025-quem-somos\/\">QUEM SOMOS<\/a><\/h4>\t\t\t\t<\/div>\n\t\t\t\t<\/div>\n\t\t\t\t<div class=\"elementor-element elementor-element-9b64804 elementor-widget-divider--view-line elementor-widget elementor-widget-divider\" data-id=\"9b64804\" data-element_type=\"widget\" data-e-type=\"widget\" data-widget_type=\"divider.default\">\n\t\t\t\t<div class=\"elementor-widget-container\">\n\t\t\t\t\t\t\t<div class=\"elementor-divider\">\n\t\t\t<span class=\"elementor-divider-separator\">\n\t\t\t\t\t\t<\/span>\n\t\t<\/div>\n\t\t\t\t\t\t<\/div>\n\t\t\t\t<\/div>\n\t\t\t\t<div class=\"elementor-element elementor-element-1f0bb70 elementor-widget elementor-widget-heading\" data-id=\"1f0bb70\" data-element_type=\"widget\" data-e-type=\"widget\" data-widget_type=\"heading.default\">\n\t\t\t\t<div class=\"elementor-widget-container\">\n\t\t\t\t\t<h4 class=\"elementor-heading-title elementor-size-default\"><b>PORTF\u00d3LIO<\/b><\/h4>\t\t\t\t<\/div>\n\t\t\t\t<\/div>\n\t\t\t\t<div class=\"elementor-element elementor-element-691ffbb elementor-widget elementor-widget-heading\" data-id=\"691ffbb\" data-element_type=\"widget\" data-e-type=\"widget\" data-widget_type=\"heading.default\">\n\t\t\t\t<div class=\"elementor-widget-container\">\n\t\t\t\t\t<h4 class=\"elementor-heading-title elementor-size-default\"><a href=\"https:\/\/cepa.epagri.sc.gov.br\/index.php\/tecnologias\/\"><b>TECNOLOGIAS<\/b><\/a><\/h4>\t\t\t\t<\/div>\n\t\t\t\t<\/div>\n\t\t\t\t<div class=\"elementor-element elementor-element-adfcc90 elementor-widget elementor-widget-heading\" data-id=\"adfcc90\" data-element_type=\"widget\" data-e-type=\"widget\" data-widget_type=\"heading.default\">\n\t\t\t\t<div class=\"elementor-widget-container\">\n\t\t\t\t\t<h5 class=\"elementor-heading-title elementor-size-default\"><b>PUBLICA\u00c7\u00d5ES<\/b><\/h5>\t\t\t\t<\/div>\n\t\t\t\t<\/div>\n\t\t\t\t<div class=\"elementor-element elementor-element-555f35d elementor-widget elementor-widget-heading\" data-id=\"555f35d\" data-element_type=\"widget\" data-e-type=\"widget\" data-widget_type=\"heading.default\">\n\t\t\t\t<div class=\"elementor-widget-container\">\n\t\t\t\t\t<h5 class=\"elementor-heading-title elementor-size-default\"><a href=\"https:\/\/cepa.epagri.sc.gov.br\/index.php\/boletim-agropecuario\/\">Boletim Agropecu\u00e1rio<\/a><\/h5>\t\t\t\t<\/div>\n\t\t\t\t<\/div>\n\t\t\t\t<div class=\"elementor-element elementor-element-a6bdd85 elementor-widget elementor-widget-heading\" data-id=\"a6bdd85\" data-element_type=\"widget\" data-e-type=\"widget\" data-widget_type=\"heading.default\">\n\t\t\t\t<div class=\"elementor-widget-container\">\n\t\t\t\t\t<h5 class=\"elementor-heading-title elementor-size-default\"><a href=\"https:\/\/cepa.epagri.sc.gov.br\/index.php\/desempenho-da-agropecuaria-e-do-agronegocio-de-santa-catarina\/\">      Desempenho da Agropecu\u00e1ria e do Agroneg\u00f3cio de Santa Catarina\n<\/a><\/h5>\t\t\t\t<\/div>\n\t\t\t\t<\/div>\n\t\t\t\t<div class=\"elementor-element elementor-element-4339ef3b elementor-widget elementor-widget-heading\" data-id=\"4339ef3b\" data-element_type=\"widget\" data-e-type=\"widget\" data-widget_type=\"heading.default\">\n\t\t\t\t<div class=\"elementor-widget-container\">\n\t\t\t\t\t<h5 class=\"elementor-heading-title elementor-size-default\"><a href=\"https:\/\/cepa.epagri.sc.gov.br\/index.php\/sintese-anual-da-agricultura\/\">S\u00edntese anual da agricultura de Santa Catarina\n<\/a><\/h5>\t\t\t\t<\/div>\n\t\t\t\t<\/div>\n\t\t\t\t<div class=\"elementor-element elementor-element-1417651d elementor-widget elementor-widget-heading\" data-id=\"1417651d\" data-element_type=\"widget\" data-e-type=\"widget\" data-widget_type=\"heading.default\">\n\t\t\t\t<div class=\"elementor-widget-container\">\n\t\t\t\t\t<h5 class=\"elementor-heading-title elementor-size-default\"><a href=\"https:\/\/cepa.epagri.sc.gov.br\/index.php\/artigos-cientificos\/\">Artigos Cient\u00edficos<\/a><\/h5>\t\t\t\t<\/div>\n\t\t\t\t<\/div>\n\t\t\t\t<div class=\"elementor-element elementor-element-4bb5185 elementor-widget elementor-widget-heading\" data-id=\"4bb5185\" data-element_type=\"widget\" data-e-type=\"widget\" data-widget_type=\"heading.default\">\n\t\t\t\t<div class=\"elementor-widget-container\">\n\t\t\t\t\t<h5 class=\"elementor-heading-title elementor-size-default\"><a href=\"https:\/\/cepa.epagri.sc.gov.br\/index.php\/relatorios-tecnicos\/\">Relat\u00f3rios T\u00e9cnicos<\/a><\/h5>\t\t\t\t<\/div>\n\t\t\t\t<\/div>\n\t\t\t\t\t<\/div>\n\t\t<\/div>\n\t\t\t\t<div class=\"elementor-column elementor-col-25 elementor-inner-column elementor-element elementor-element-3a79a4dc\" data-id=\"3a79a4dc\" data-element_type=\"column\" data-e-type=\"column\">\n\t\t\t<div class=\"elementor-widget-wrap elementor-element-populated\">\n\t\t\t\t\t\t<div class=\"elementor-element elementor-element-42ca90d4 elementor-widget elementor-widget-spacer\" data-id=\"42ca90d4\" data-element_type=\"widget\" data-e-type=\"widget\" data-widget_type=\"spacer.default\">\n\t\t\t\t<div class=\"elementor-widget-container\">\n\t\t\t\t\t\t\t<div class=\"elementor-spacer\">\n\t\t\t<div class=\"elementor-spacer-inner\"><\/div>\n\t\t<\/div>\n\t\t\t\t\t\t<\/div>\n\t\t\t\t<\/div>\n\t\t\t\t<div class=\"elementor-element elementor-element-61cdbdc elementor-widget elementor-widget-heading\" data-id=\"61cdbdc\" data-element_type=\"widget\" data-e-type=\"widget\" data-widget_type=\"heading.default\">\n\t\t\t\t<div class=\"elementor-widget-container\">\n\t\t\t\t\t<h5 class=\"elementor-heading-title elementor-size-default\"><b>PAIN\u00c9IS<\/b><\/h5>\t\t\t\t<\/div>\n\t\t\t\t<\/div>\n\t\t\t\t<div class=\"elementor-element elementor-element-1ab30e2 elementor-widget elementor-widget-heading\" data-id=\"1ab30e2\" data-element_type=\"widget\" data-e-type=\"widget\" data-widget_type=\"heading.default\">\n\t\t\t\t<div class=\"elementor-widget-container\">\n\t\t\t\t\t<h5 class=\"elementor-heading-title elementor-size-default\"><a href=\"https:\/\/cepa.epagri.sc.gov.br\/index.php\/precos-agricola\/\">Pre\u00e7os Agr\u00edcolas<\/a><\/h5>\t\t\t\t<\/div>\n\t\t\t\t<\/div>\n\t\t\t\t<div class=\"elementor-element elementor-element-d6f6d4b elementor-widget elementor-widget-heading\" data-id=\"d6f6d4b\" data-element_type=\"widget\" data-e-type=\"widget\" data-widget_type=\"heading.default\">\n\t\t\t\t<div class=\"elementor-widget-container\">\n\t\t\t\t\t<h5 class=\"elementor-heading-title elementor-size-default\"><a href=\"https:\/\/cepa.epagri.sc.gov.br\/index.php\/fruticultura\/\">Fruticultura<\/a><\/h5>\t\t\t\t<\/div>\n\t\t\t\t<\/div>\n\t\t\t\t<div class=\"elementor-element elementor-element-822320e elementor-widget elementor-widget-heading\" data-id=\"822320e\" data-element_type=\"widget\" data-e-type=\"widget\" data-widget_type=\"heading.default\">\n\t\t\t\t<div class=\"elementor-widget-container\">\n\t\t\t\t\t<h5 class=\"elementor-heading-title elementor-size-default\"><a href=\"https:\/\/cepa.epagri.sc.gov.br\/index.php\/diagnosticos\/\">Agroind\u00fastria, Turismo e Artesanato<\/a><\/h5>\t\t\t\t<\/div>\n\t\t\t\t<\/div>\n\t\t\t\t<div class=\"elementor-element elementor-element-0dbf479 elementor-widget elementor-widget-heading\" data-id=\"0dbf479\" data-element_type=\"widget\" data-e-type=\"widget\" data-widget_type=\"heading.default\">\n\t\t\t\t<div class=\"elementor-widget-container\">\n\t\t\t\t\t<h5 class=\"elementor-heading-title elementor-size-default\"><a href=\"https:\/\/cepa.epagri.sc.gov.br\/index.php\/olericultura-grande-florianopolis\/\">Levantamento da Olericultura<\/a><\/h5>\t\t\t\t<\/div>\n\t\t\t\t<\/div>\n\t\t\t\t<div class=\"elementor-element elementor-element-36ebcc0 elementor-widget elementor-widget-heading\" data-id=\"36ebcc0\" data-element_type=\"widget\" data-e-type=\"widget\" data-widget_type=\"heading.default\">\n\t\t\t\t<div class=\"elementor-widget-container\">\n\t\t\t\t\t<h5 class=\"elementor-heading-title elementor-size-default\"><b>DADOS ABERTOS<\/b><\/h5>\t\t\t\t<\/div>\n\t\t\t\t<\/div>\n\t\t\t\t<div class=\"elementor-element elementor-element-8d126c3 elementor-widget elementor-widget-heading\" data-id=\"8d126c3\" data-element_type=\"widget\" data-e-type=\"widget\" data-widget_type=\"heading.default\">\n\t\t\t\t<div class=\"elementor-widget-container\">\n\t\t\t\t\t<h5 class=\"elementor-heading-title elementor-size-default\"><a href=\"https:\/\/cepa.epagri.sc.gov.br\/index.php\/custos-de-producao\/\">Custos de produ\u00e7\u00e3o <\/a><\/h5>\t\t\t\t<\/div>\n\t\t\t\t<\/div>\n\t\t\t\t<div class=\"elementor-element elementor-element-6ff557e elementor-widget elementor-widget-heading\" data-id=\"6ff557e\" data-element_type=\"widget\" data-e-type=\"widget\" data-widget_type=\"heading.default\">\n\t\t\t\t<div class=\"elementor-widget-container\">\n\t\t\t\t\t<h5 class=\"elementor-heading-title elementor-size-default\"><a href=\"https:\/\/cepa.epagri.sc.gov.br\/index.php\/mercado-agricola\/\">Pre\u00e7os Agr\u00edcolas<\/a><\/h5>\t\t\t\t<\/div>\n\t\t\t\t<\/div>\n\t\t\t\t\t<\/div>\n\t\t<\/div>\n\t\t\t\t<div class=\"elementor-column elementor-col-25 elementor-inner-column elementor-element elementor-element-2543051\" data-id=\"2543051\" data-element_type=\"column\" data-e-type=\"column\">\n\t\t\t<div class=\"elementor-widget-wrap elementor-element-populated\">\n\t\t\t\t\t\t<div class=\"elementor-element elementor-element-12206cc elementor-widget elementor-widget-spacer\" data-id=\"12206cc\" data-element_type=\"widget\" data-e-type=\"widget\" data-widget_type=\"spacer.default\">\n\t\t\t\t<div class=\"elementor-widget-container\">\n\t\t\t\t\t\t\t<div class=\"elementor-spacer\">\n\t\t\t<div class=\"elementor-spacer-inner\"><\/div>\n\t\t<\/div>\n\t\t\t\t\t\t<\/div>\n\t\t\t\t<\/div>\n\t\t\t\t<div class=\"elementor-element elementor-element-2ba71268 elementor-widget elementor-widget-heading\" data-id=\"2ba71268\" data-element_type=\"widget\" data-e-type=\"widget\" data-widget_type=\"heading.default\">\n\t\t\t\t<div class=\"elementor-widget-container\">\n\t\t\t\t\t<h4 class=\"elementor-heading-title elementor-size-default\"><b>PROJETOS<\/b><\/h4>\t\t\t\t<\/div>\n\t\t\t\t<\/div>\n\t\t\t\t<div class=\"elementor-element elementor-element-982d23f elementor-widget elementor-widget-heading\" data-id=\"982d23f\" data-element_type=\"widget\" data-e-type=\"widget\" data-widget_type=\"heading.default\">\n\t\t\t\t<div class=\"elementor-widget-container\">\n\t\t\t\t\t<h5 class=\"elementor-heading-title elementor-size-default\"><a href=\"https:\/\/cepa.epagri.sc.gov.br\/index.php\/projetos-em-andamento\/\">Projetos em andamento<\/a><\/h5>\t\t\t\t<\/div>\n\t\t\t\t<\/div>\n\t\t\t\t<div class=\"elementor-element elementor-element-ae9336f elementor-widget elementor-widget-heading\" data-id=\"ae9336f\" data-element_type=\"widget\" data-e-type=\"widget\" data-widget_type=\"heading.default\">\n\t\t\t\t<div class=\"elementor-widget-container\">\n\t\t\t\t\t<h5 class=\"elementor-heading-title elementor-size-default\"><a href=\"https:\/\/cepa.epagri.sc.gov.br\/index.php\/projetos-concluidos\/\">Projetos conclu\u00eddos<\/a><\/h5>\t\t\t\t<\/div>\n\t\t\t\t<\/div>\n\t\t\t\t<div class=\"elementor-element elementor-element-b1cf408 elementor-widget-divider--view-line elementor-widget elementor-widget-divider\" data-id=\"b1cf408\" data-element_type=\"widget\" data-e-type=\"widget\" data-widget_type=\"divider.default\">\n\t\t\t\t<div class=\"elementor-widget-container\">\n\t\t\t\t\t\t\t<div class=\"elementor-divider\">\n\t\t\t<span class=\"elementor-divider-separator\">\n\t\t\t\t\t\t<\/span>\n\t\t<\/div>\n\t\t\t\t\t\t<\/div>\n\t\t\t\t<\/div>\n\t\t\t\t<div class=\"elementor-element elementor-element-cdf862b elementor-widget elementor-widget-heading\" data-id=\"cdf862b\" data-element_type=\"widget\" data-e-type=\"widget\" data-widget_type=\"heading.default\">\n\t\t\t\t<div class=\"elementor-widget-container\">\n\t\t\t\t\t<h4 class=\"elementor-heading-title elementor-size-default\"><a href=\"https:\/\/cepa.epagri.sc.gov.br\/index.php\/noticias\/\"><b>NOT\u00cdCIAS<\/b><\/a><\/h4>\t\t\t\t<\/div>\n\t\t\t\t<\/div>\n\t\t\t\t\t<\/div>\n\t\t<\/div>\n\t\t\t\t\t<\/div>\n\t\t<\/section>\n\t\t\t\t<div class=\"elementor-element elementor-element-7ca67492 elementor-widget-divider--view-line elementor-widget elementor-widget-divider\" data-id=\"7ca67492\" data-element_type=\"widget\" data-e-type=\"widget\" data-widget_type=\"divider.default\">\n\t\t\t\t<div class=\"elementor-widget-container\">\n\t\t\t\t\t\t\t<div class=\"elementor-divider\">\n\t\t\t<span class=\"elementor-divider-separator\">\n\t\t\t\t\t\t<\/span>\n\t\t<\/div>\n\t\t\t\t\t\t<\/div>\n\t\t\t\t<\/div>\n\t\t\t\t<section class=\"elementor-section elementor-inner-section elementor-element elementor-element-314bf3a5 elementor-section-content-top elementor-hidden-tablet elementor-hidden-mobile elementor-section-boxed elementor-section-height-default elementor-section-height-default wpr-particle-no wpr-jarallax-no wpr-parallax-no wpr-sticky-section-no wpr-equal-height-no\" data-id=\"314bf3a5\" data-element_type=\"section\" data-e-type=\"section\">\n\t\t\t\t\t\t<div class=\"elementor-container elementor-column-gap-default\">\n\t\t\t\t\t<div class=\"elementor-column elementor-col-25 elementor-inner-column elementor-element elementor-element-abb1a7b\" data-id=\"abb1a7b\" data-element_type=\"column\" data-e-type=\"column\">\n\t\t\t<div class=\"elementor-widget-wrap elementor-element-populated\">\n\t\t\t\t\t\t<div class=\"elementor-element elementor-element-9cf6252 elementor-widget elementor-widget-heading\" data-id=\"9cf6252\" data-element_type=\"widget\" data-e-type=\"widget\" data-widget_type=\"heading.default\">\n\t\t\t\t<div class=\"elementor-widget-container\">\n\t\t\t\t\t<h5 class=\"elementor-heading-title elementor-size-default\"><a href=\"https:\/\/spm.infoagro.sc.gov.br\/login.aspx\" target=\"_blank\">Sistema de Produ\u00e7\u00f5es e Mercado (SPM)<\/a><\/h5>\t\t\t\t<\/div>\n\t\t\t\t<\/div>\n\t\t\t\t\t<\/div>\n\t\t<\/div>\n\t\t\t\t<div class=\"elementor-column elementor-col-25 elementor-inner-column elementor-element elementor-element-63211970\" data-id=\"63211970\" data-element_type=\"column\" data-e-type=\"column\">\n\t\t\t<div class=\"elementor-widget-wrap\">\n\t\t\t\t\t\t\t<\/div>\n\t\t<\/div>\n\t\t\t\t<div class=\"elementor-column elementor-col-25 elementor-inner-column elementor-element elementor-element-1be368d4\" data-id=\"1be368d4\" data-element_type=\"column\" data-e-type=\"column\">\n\t\t\t<div class=\"elementor-widget-wrap elementor-element-populated\">\n\t\t\t\t\t\t<div class=\"elementor-element elementor-element-46e6ddc elementor-widget elementor-widget-heading\" data-id=\"46e6ddc\" data-element_type=\"widget\" data-e-type=\"widget\" data-widget_type=\"heading.default\">\n\t\t\t\t<div class=\"elementor-widget-container\">\n\t\t\t\t\t<h5 class=\"elementor-heading-title elementor-size-default\"><a href=\"http:\/\/webmail.epagri.sc.gov.br\/\" target=\"_blank\">Webmail<\/a><\/h5>\t\t\t\t<\/div>\n\t\t\t\t<\/div>\n\t\t\t\t\t<\/div>\n\t\t<\/div>\n\t\t\t\t<div class=\"elementor-column elementor-col-25 elementor-inner-column elementor-element elementor-element-7d3d4b1c\" data-id=\"7d3d4b1c\" data-element_type=\"column\" data-e-type=\"column\">\n\t\t\t<div class=\"elementor-widget-wrap elementor-element-populated\">\n\t\t\t\t\t\t<div class=\"elementor-element elementor-element-3b0f37a elementor-widget elementor-widget-heading\" data-id=\"3b0f37a\" data-element_type=\"widget\" data-e-type=\"widget\" data-widget_type=\"heading.default\">\n\t\t\t\t<div class=\"elementor-widget-container\">\n\t\t\t\t\t<h5 class=\"elementor-heading-title elementor-size-default\"><a href=\"http:\/\/intranet.epagri.sc.gov.br\/\" target=\"_blank\">EpagriNet<\/a><\/h5>\t\t\t\t<\/div>\n\t\t\t\t<\/div>\n\t\t\t\t\t<\/div>\n\t\t<\/div>\n\t\t\t\t\t<\/div>\n\t\t<\/section>\n\t\t\t\t<section class=\"elementor-section elementor-inner-section elementor-element elementor-element-7895967f elementor-section-content-top elementor-hidden-tablet elementor-hidden-mobile elementor-section-boxed elementor-section-height-default elementor-section-height-default wpr-particle-no wpr-jarallax-no wpr-parallax-no wpr-sticky-section-no wpr-equal-height-no\" data-id=\"7895967f\" data-element_type=\"section\" data-e-type=\"section\">\n\t\t\t\t\t\t<div class=\"elementor-container elementor-column-gap-default\">\n\t\t\t\t\t<div class=\"elementor-column elementor-col-100 elementor-inner-column elementor-element elementor-element-776e4519\" data-id=\"776e4519\" data-element_type=\"column\" data-e-type=\"column\">\n\t\t\t<div class=\"elementor-widget-wrap elementor-element-populated\">\n\t\t\t\t\t\t<div class=\"elementor-element elementor-element-4c86a04d elementor-widget elementor-widget-copyright\" data-id=\"4c86a04d\" data-element_type=\"widget\" data-e-type=\"widget\" data-settings=\"{&quot;align&quot;:&quot;center&quot;}\" data-widget_type=\"copyright.default\">\n\t\t\t\t<div class=\"elementor-widget-container\">\n\t\t\t\t\t\t\t<div class=\"hfe-copyright-wrapper\">\n\t\t\t\t\t\t\t<span>\u00a9 2026 Epagri\/Cepa<\/span>\n\t\t\t\t\t<\/div>\n\t\t\t\t\t\t<\/div>\n\t\t\t\t<\/div>\n\t\t\t\t\t<\/div>\n\t\t<\/div>\n\t\t\t\t\t<\/div>\n\t\t<\/section>\n\t\t\t\t\t<\/div>\n\t\t<\/div>\n\t\t\t\t\t<\/div>\n\t\t<\/section>\n\t\t\t\t<\/div>\n\t\t<\/div>\n\t\t\t\t\t\t<\/div>\n\t\t\t\t<\/div>\n\t\t\t\t\t<\/div>\n\t\t<\/div>\n\t\t\t\t\t<\/div>\n\t\t<\/section>\n\t\t\t\t<\/div>\n\t\t","protected":false},"excerpt":{"rendered":"<p>Artigos Cient\u00edficos Idade de abate de bovinos em Santa Catarina: panorama estadual e mesorregional Em raz\u00e3o de sua reduzida \u00e1rea geogr\u00e1fica e da posi\u00e7\u00e3o intermedi\u00e1ria no ranking&#8230; Leia mais 11 de fevereiro de 2025 Cr\u00e9dito rural para a suinocultura em Santa Catarina: an\u00e1lise da evolu\u00e7\u00e3o no per\u00edodo 2013\/2023 O cr\u00e9dito rural \u00e9 um importante instrumento de desenvolvimento da agropecu\u00e1ria brasileira. Contudo,&#8230; Leia mais 19 de dezembro de 2024 Evolu\u00e7\u00e3o da idade de abate de bovinos em Santa Catarina: Uma an\u00e1lise preliminar A melhoria dos \u00edndices zoot\u00e9cnicos do rebanho bovino, como a idade de abate,&#8230; Leia mais 7 de outubro de 2024 Din\u00e2mica da produ\u00e7\u00e3o de frutas de clima (sub)tropical no estado catarinense (2018-2022) No mercado nacional de frutas, Santa Catarina se destaca na produ\u00e7\u00e3o de frutas&#8230; Leia mais 19 de agosto de 2024 An\u00e1lise de custos de produ\u00e7\u00e3o de ma\u00e7\u00e3 em Santa Catarina entre 2015 e 2024 A maleicultura catarinense conta com m\u00e9dia de 2,7 mil produtores e \u00e1rea de&#8230; Leia mais 19 de agosto de 2024 Fruticultura catarinense: evolu\u00e7\u00e3o recente das principais frutas entre 2015 e 2021(22) Em Santa Catarina as principais lavouras permanentes de frutas representam em m\u00e9dia 53&#8230; Leia mais 19 de agosto de 2024 Mudan\u00e7as na din\u00e2mica e na distribui\u00e7\u00e3o geogr\u00e1fica da bovinocultura catarinense (1990\/2022) O presente trabalho analisa as mudan\u00e7as geogr\u00e1ficas na distribui\u00e7\u00e3o do rebanho bovino, da&#8230; Leia mais 6 de dezembro de 2023 Caracteriza\u00e7\u00e3o da cultura da pitaya: produ\u00e7\u00e3o e comercializa\u00e7\u00e3o no Sul Catarinense A cultura da pitaya vem aumentando a sua participa\u00e7\u00e3o no com\u00e9rcio mundial de&#8230; Leia mais 23 de agosto de 2023 An\u00e1lise de indicadores da din\u00e2mica da estrutura produtiva e econ\u00f4mica na fruticultura catarinense (2002-2019) Na an\u00e1lise da din\u00e2mica produtiva e econ\u00f4mica da fruticultura catarinense \u00e9 importante observar&#8230; Leia mais 23 de agosto de 2023 Participa\u00e7\u00e3o dos produtores de leite na produ\u00e7\u00e3o de carne bovina em Santa Catarina Al\u00e9m do leite, a pecu\u00e1ria leiteira contribui com a produ\u00e7\u00e3o de carne, podendo&#8230; Leia mais 18 de abril de 2023 Participa\u00e7\u00e3o de f\u00eameas no total de bovinos abatidos no Brasil e em Santa Catarina (2013\/2021) Este trabalho analisou a participa\u00e7\u00e3o de f\u00eameas no abate de bovinos no Brasil&#8230; Leia mais 12 de abril de 2023 Status sanit\u00e1rio da pecu\u00e1ria de Santa Catarina e seu efeito sobre as exporta\u00e7\u00f5es de carne su\u00edna A suinocultura \u00e9 a principal atividade agropecu\u00e1ria de Santa Catarina, respondendo por 23,1%&#8230; Leia mais 13 de outubro de 2022 Propor\u00e7\u00e3o de bezerros machos e f\u00eameas nascidos em Santa Catarina: dimensionamento e efeitos de pr\u00e1ticas de manejo da pecu\u00e1ria leiteira sobre os resultados A pecu\u00e1ria leiteira \u00e9 a quarta principal atividade agropecu\u00e1ria desenvolvida em Santa Catarina,&#8230; Leia mais 31 de agosto de 2022 An\u00e1lise do setor de sementes de soja em Santa Catarina A semente \u00e9 o insumo b\u00e1sico e vital em qualquer sistema de produ\u00e7\u00e3o&#8230; Leia mais 29 de agosto de 2022 Rela\u00e7\u00e3o entre pre\u00e7o do leite e abate de vacas leiteiras em Santa Catarina A pecu\u00e1ria leiteira \u00e9 uma das principais atividades produtivas da agropecu\u00e1ria catarinense, com&#8230; Leia mais 9 de maio de 2022 Caracteriza\u00e7\u00e3o e din\u00e2mica do abate de frangos em Santa Catarina A avicultura \u00e9 uma das principais atividades agropecu\u00e1rias de Santa Catarina, respons\u00e1vel por&#8230; Leia mais 9 de maio de 2022 Custo de Produ\u00e7\u00e3o Safra 2021\/22 &#8211; Rela\u00e7\u00e3o de troca entre produtos agr\u00edcolas e insumos Em 2021, Santa Catarina produziu uma safra menor de gr\u00e3os, foram 5,80 milh\u00f5es&#8230; Leia mais 31 de maio de 2021 Din\u00e2mica e caracter\u00edsticas da produ\u00e7\u00e3o de bovinos para autoconsumo em Santa Catarina A produ\u00e7\u00e3o de bovinos para autoconsumo representa importante fonte de alimentos e de&#8230; Leia mais 11 de maio de 2021 Transforma\u00e7\u00f5es na distribui\u00e7\u00e3o do rebanho e produ\u00e7\u00e3o de bovinos em Santa Catarina Embora a pecu\u00e1ria em Santa Catarina tenha tido origem na regi\u00e3o Serrana, ao&#8230; Leia mais 17 de dezembro de 2020 Produ\u00e7\u00e3o de frangos em Santa Catarina: uma an\u00e1lise da regionaliza\u00e7\u00e3o dos abates &nbsp;A produ\u00e7\u00e3o de frangos \u00e9 a principal atividade agropecu\u00e1ria de Santa Catarina, com&#8230; Leia mais 7 de dezembro de 2020 Produ\u00e7\u00e3o de bovinos para autoconsumo em Santa Catarina: relev\u00e2ncia, caracter\u00edsticas e din\u00e2mica A produ\u00e7\u00e3o de bovinos para autoconsumo representa uma importante fonte de prote\u00edna animal&#8230; Leia mais 2 de dezembro de 2020 A regi\u00e3o dos vinhos de altitude de Santa Catarina: em busca de uma indica\u00e7\u00e3o de proced\u00eancia Na regi\u00e3o dos vinhos de altitude catarinense existem algumas caracter\u00edsticas regionais especiais da&#8230; Leia mais 13 de novembro de 2020 Aspectos socioecon\u00f4micos da regi\u00e3o de S\u00e3o Joaquim (SC): Perspectivas para indica\u00e7\u00e3o geogr\u00e1fica da ma\u00e7\u00e3 Fuji A Lei brasileira 9.279\/1996, que regula os direitos e obriga\u00e7\u00f5es da propriedade industrial,&#8230; Leia mais 13 de novembro de 2020 Evolu\u00e7\u00e3o do abate de su\u00ednos em Santa Catarina (2013\/2018): Entre a consolida\u00e7\u00e3o e concentra\u00e7\u00e3o agroindustrial A suinocultura \u00e9 uma das principais atividades agropecu\u00e1rias de Santa Catarina. Contudo,&nbsp;nas \u00faltimas&#8230; Leia mais 14 de outubro de 2020 Recursos e capacidades de trabalho associados \u00e0 renda de estabelecimentos agropecu\u00e1rios de produtores de tabaco do Sul do Brasil O&nbsp; artigo&nbsp; tem&nbsp; como&nbsp; objetivo&nbsp; compreender como os agricultores avaliam o&nbsp;trabalho em estabelecimentos&#8230; Leia mais 13 de outubro de 2020 Evolu\u00e7\u00e3o da produ\u00e7\u00e3o de ma\u00e7\u00e3 no estado de Santa catarina (2014-2017) Para as institui\u00e7\u00f5es p\u00fablicas respons\u00e1veis pela promo\u00e7\u00e3o do desenvolvimento agr\u00edcola e rural sustent\u00e1vel,&#8230; Leia mais 14 de setembro de 2020 Caracteriza\u00e7\u00e3o socioecon\u00f4mica da produ\u00e7\u00e3o de uvas e vinhos de altitude de Santa Catarina No Brasil, uma indica\u00e7\u00e3o geogr\u00e1fica pode ser registrada, garantindo direito exclusivo relacionado \u00e0&#8230; Leia mais 14 de setembro de 2020 Bananicultura: Produ\u00e7\u00e3o e exporta\u00e7\u00f5es brasileiras (2014-2018) Resumo O Brasil se destaca como um dos maiores produtores mundiais de frutas&#8230; Leia mais 14 de setembro de 2020 Urbaniza\u00e7\u00e3o e envelhecimento da popula\u00e7\u00e3o na perspectiva de agricultores familiares do Sul do Brasil O artigo apresenta a perspectiva de agricultores familiares do Sul do Brasil sobre&#8230; Leia mais 9 de setembro de 2019 Efeito de determinantes da lucratividade de estabelecimentos agropecu\u00e1rios familiares do Sul do Brasil &#8211; a vis\u00e3o baseada em recursos (VBR) &#8211; H\u00e1 intensa preocupa\u00e7\u00e3o entre os agricultores a respeito de como usar os recursos&#8230;<\/p>\n","protected":false},"author":7,"featured_media":0,"parent":0,"menu_order":0,"comment_status":"closed","ping_status":"closed","template":"elementor_canvas","meta":{"ocean_post_layout":"","ocean_both_sidebars_style":"","ocean_both_sidebars_content_width":0,"ocean_both_sidebars_sidebars_width":0,"ocean_sidebar":"","ocean_second_sidebar":"","ocean_disable_margins":"enable","ocean_add_body_class":"","ocean_shortcode_before_top_bar":"","ocean_shortcode_after_top_bar":"","ocean_shortcode_before_header":"","ocean_shortcode_after_header":"","ocean_has_shortcode":"","ocean_shortcode_after_title":"","ocean_shortcode_before_footer_widgets":"","ocean_shortcode_after_footer_widgets":"","ocean_shortcode_before_footer_bottom":"","ocean_shortcode_after_footer_bottom":"","ocean_display_top_bar":"default","ocean_display_header":"default","ocean_header_style":"","ocean_center_header_left_menu":"","ocean_custom_header_template":"","ocean_custom_logo":0,"ocean_custom_retina_logo":0,"ocean_custom_logo_max_width":0,"ocean_custom_logo_tablet_max_width":0,"ocean_custom_logo_mobile_max_width":0,"ocean_custom_logo_max_height":0,"ocean_custom_logo_tablet_max_height":0,"ocean_custom_logo_mobile_max_height":0,"ocean_header_custom_menu":"","ocean_menu_typo_font_family":"","ocean_menu_typo_font_subset":"","ocean_menu_typo_font_size":0,"ocean_menu_typo_font_size_tablet":0,"ocean_menu_typo_font_size_mobile":0,"ocean_menu_typo_font_size_unit":"px","ocean_menu_typo_font_weight":"","ocean_menu_typo_font_weight_tablet":"","ocean_menu_typo_font_weight_mobile":"","ocean_menu_typo_transform":"","ocean_menu_typo_transform_tablet":"","ocean_menu_typo_transform_mobile":"","ocean_menu_typo_line_height":0,"ocean_menu_typo_line_height_tablet":0,"ocean_menu_typo_line_height_mobile":0,"ocean_menu_typo_line_height_unit":"","ocean_menu_typo_spacing":0,"ocean_menu_typo_spacing_tablet":0,"ocean_menu_typo_spacing_mobile":0,"ocean_menu_typo_spacing_unit":"","ocean_menu_link_color":"","ocean_menu_link_color_hover":"","ocean_menu_link_color_active":"","ocean_menu_link_background":"","ocean_menu_link_hover_background":"","ocean_menu_link_active_background":"","ocean_menu_social_links_bg":"","ocean_menu_social_hover_links_bg":"","ocean_menu_social_links_color":"","ocean_menu_social_hover_links_color":"","ocean_disable_title":"default","ocean_disable_heading":"default","ocean_post_title":"","ocean_post_subheading":"","ocean_post_title_style":"","ocean_post_title_background_color":"","ocean_post_title_background":0,"ocean_post_title_bg_image_position":"","ocean_post_title_bg_image_attachment":"","ocean_post_title_bg_image_repeat":"","ocean_post_title_bg_image_size":"","ocean_post_title_height":0,"ocean_post_title_bg_overlay":0.5,"ocean_post_title_bg_overlay_color":"","ocean_disable_breadcrumbs":"default","ocean_breadcrumbs_color":"","ocean_breadcrumbs_separator_color":"","ocean_breadcrumbs_links_color":"","ocean_breadcrumbs_links_hover_color":"","ocean_display_footer_widgets":"default","ocean_display_footer_bottom":"default","ocean_custom_footer_template":"","footnotes":""},"class_list":["post-15448","page","type-page","status-publish","hentry","entry"],"_links":{"self":[{"href":"https:\/\/cepa.epagri.sc.gov.br\/index.php\/wp-json\/wp\/v2\/pages\/15448","targetHints":{"allow":["GET"]}}],"collection":[{"href":"https:\/\/cepa.epagri.sc.gov.br\/index.php\/wp-json\/wp\/v2\/pages"}],"about":[{"href":"https:\/\/cepa.epagri.sc.gov.br\/index.php\/wp-json\/wp\/v2\/types\/page"}],"author":[{"embeddable":true,"href":"https:\/\/cepa.epagri.sc.gov.br\/index.php\/wp-json\/wp\/v2\/users\/7"}],"replies":[{"embeddable":true,"href":"https:\/\/cepa.epagri.sc.gov.br\/index.php\/wp-json\/wp\/v2\/comments?post=15448"}],"version-history":[{"count":13,"href":"https:\/\/cepa.epagri.sc.gov.br\/index.php\/wp-json\/wp\/v2\/pages\/15448\/revisions"}],"predecessor-version":[{"id":15868,"href":"https:\/\/cepa.epagri.sc.gov.br\/index.php\/wp-json\/wp\/v2\/pages\/15448\/revisions\/15868"}],"wp:attachment":[{"href":"https:\/\/cepa.epagri.sc.gov.br\/index.php\/wp-json\/wp\/v2\/media?parent=15448"}],"curies":[{"name":"wp","href":"https:\/\/api.w.org\/{rel}","templated":true}]}}